{"id":7,"date":"2021-03-10T02:00:14","date_gmt":"2021-03-10T02:00:14","guid":{"rendered":"https:\/\/zonafrancabarranquilla.com\/blog\/"},"modified":"2025-10-16T08:54:18","modified_gmt":"2025-10-16T13:54:18","slug":"blog","status":"publish","type":"page","link":"https:\/\/zonafrancabarranquilla.com\/en\/blog\/","title":{"rendered":"Blog"},"content":{"rendered":"<div data-elementor-type=\"wp-page\" data-elementor-id=\"7\" class=\"elementor elementor-7\" data-elementor-post-type=\"page\">\n\t\t\t\t\t\t<section class=\"elementor-section elementor-top-section elementor-element elementor-element-b96faa9 elementor-section-height-min-height elementor-section-boxed elementor-section-height-default elementor-section-items-middle\" data-id=\"b96faa9\" data-element_type=\"section\" data-e-type=\"section\" data-settings=\"{&quot;background_background&quot;:&quot;classic&quot;}\">\n\t\t\t\t\t\t<div class=\"elementor-container elementor-column-gap-default\">\n\t\t\t\t\t<div class=\"elementor-column elementor-col-100 elementor-top-column elementor-element elementor-element-b4246ea\" data-id=\"b4246ea\" data-element_type=\"column\" data-e-type=\"column\">\n\t\t\t<div class=\"elementor-widget-wrap elementor-element-populated\">\n\t\t\t\t\t\t<div class=\"elementor-element elementor-element-676d24d elementor-widget elementor-widget-heading\" data-id=\"676d24d\" data-element_type=\"widget\" data-e-type=\"widget\" data-widget_type=\"heading.default\">\n\t\t\t\t<div class=\"elementor-widget-container\">\n\t\t\t\t\t<h2 class=\"elementor-heading-title elementor-size-default\">Blog<\/h2>\t\t\t\t<\/div>\n\t\t\t\t<\/div>\n\t\t\t\t\t<\/div>\n\t\t<\/div>\n\t\t\t\t\t<\/div>\n\t\t<\/section>\n\t\t\t\t<section class=\"elementor-section elementor-top-section elementor-element elementor-element-60de4db elementor-section-boxed elementor-section-height-default elementor-section-height-default\" data-id=\"60de4db\" data-element_type=\"section\" data-e-type=\"section\">\n\t\t\t\t\t\t<div class=\"elementor-container elementor-column-gap-default\">\n\t\t\t\t\t<div class=\"elementor-column elementor-col-100 elementor-top-column elementor-element elementor-element-99676c7\" data-id=\"99676c7\" data-element_type=\"column\" data-e-type=\"column\">\n\t\t\t<div class=\"elementor-widget-wrap elementor-element-populated\">\n\t\t\t\t\t\t<div class=\"elementor-element elementor-element-de55a19 elementor-grid-3 elementor-grid-tablet-2 elementor-grid-mobile-1 elementor-posts--thumbnail-top elementor-card-shadow-yes elementor-posts__hover-gradient elementor-widget elementor-widget-posts\" data-id=\"de55a19\" data-element_type=\"widget\" data-e-type=\"widget\" data-settings=\"{&quot;cards_columns&quot;:&quot;3&quot;,&quot;cards_columns_tablet&quot;:&quot;2&quot;,&quot;cards_columns_mobile&quot;:&quot;1&quot;,&quot;cards_row_gap&quot;:{&quot;unit&quot;:&quot;px&quot;,&quot;size&quot;:35,&quot;sizes&quot;:[]},&quot;cards_row_gap_tablet&quot;:{&quot;unit&quot;:&quot;px&quot;,&quot;size&quot;:&quot;&quot;,&quot;sizes&quot;:[]},&quot;cards_row_gap_mobile&quot;:{&quot;unit&quot;:&quot;px&quot;,&quot;size&quot;:&quot;&quot;,&quot;sizes&quot;:[]}}\" data-widget_type=\"posts.cards\">\n\t\t\t\t<div class=\"elementor-widget-container\">\n\t\t\t\t\t\t\t<div class=\"elementor-posts-container elementor-posts elementor-posts--skin-cards elementor-grid\" role=\"list\">\n\t\t\t\t<article class=\"elementor-post elementor-grid-item post-11288 post type-post status-publish format-standard has-post-thumbnail hentry category-blog tag-alianzas-estrategicas-comercio-exterior tag-competitividad-caribe-colombiano tag-internacionalizacion-zonas-francas tag-mision-empresarial-colombia\" role=\"listitem\">\n\t\t\t<div class=\"elementor-post__card\">\n\t\t\t\t<a class=\"elementor-post__thumbnail__link\" href=\"https:\/\/zonafrancabarranquilla.com\/en\/la-participacion-de-zona-franca-barranquilla-en-la-mision-cali-medellin-con-probarranquilla\/\" tabindex=\"-1\" ><div class=\"elementor-post__thumbnail\"><img fetchpriority=\"high\" decoding=\"async\" width=\"300\" height=\"209\" src=\"https:\/\/zonafrancabarranquilla.com\/wp-content\/uploads\/2021\/04\/porque-invertir-en-zofia-300x209.jpg\" class=\"attachment-medium size-medium wp-image-2484\" alt=\"\" srcset=\"https:\/\/zonafrancabarranquilla.com\/wp-content\/uploads\/2021\/04\/porque-invertir-en-zofia-300x209.jpg 300w, https:\/\/zonafrancabarranquilla.com\/wp-content\/uploads\/2021\/04\/porque-invertir-en-zofia-1024x713.jpg 1024w, https:\/\/zonafrancabarranquilla.com\/wp-content\/uploads\/2021\/04\/porque-invertir-en-zofia-768x535.jpg 768w, https:\/\/zonafrancabarranquilla.com\/wp-content\/uploads\/2021\/04\/porque-invertir-en-zofia-16x12.jpg 16w, https:\/\/zonafrancabarranquilla.com\/wp-content\/uploads\/2021\/04\/porque-invertir-en-zofia.jpg 1100w\" sizes=\"(max-width: 300px) 100vw, 300px\" \/><\/div><\/a>\n\t\t\t\t<div class=\"elementor-post__text\">\n\t\t\t\t<h3 class=\"elementor-post__title\">\n\t\t\t<a href=\"https:\/\/zonafrancabarranquilla.com\/en\/la-participacion-de-zona-franca-barranquilla-en-la-mision-cali-medellin-con-probarranquilla\/\" >\n\t\t\t\tLa participaci\u00f3n de Zona Franca Barranquilla en la Misi\u00f3n Cali-Medell\u00edn con ProBarranquilla\t\t\t<\/a>\n\t\t<\/h3>\n\t\t\t\t<div class=\"elementor-post__excerpt\">\n\t\t\t<p>El crecimiento econ\u00f3mico del Caribe colombiano se impulsa desde la cooperaci\u00f3n, la innovaci\u00f3n y la apertura de nuevos mercados. En ese contexto, la participaci\u00f3n de<\/p>\n\t\t<\/div>\n\t\t\n\t\t<a class=\"elementor-post__read-more\" href=\"https:\/\/zonafrancabarranquilla.com\/en\/la-participacion-de-zona-franca-barranquilla-en-la-mision-cali-medellin-con-probarranquilla\/\" aria-label=\"Read more about La participaci\u00f3n de Zona Franca Barranquilla en la Misi\u00f3n Cali-Medell\u00edn con ProBarranquilla\" tabindex=\"-1\" >\n\t\t\tRead more\t\t<\/a>\n\n\t\t\t\t<\/div>\n\t\t\t\t<div class=\"elementor-post__meta-data\">\n\t\t\t\t\t<span class=\"elementor-post-date\">\n\t\t\t16 de October de 2025\t\t<\/span>\n\t\t\t\t<\/div>\n\t\t\t\t\t<\/div>\n\t\t<\/article>\n\t\t\t\t<article class=\"elementor-post elementor-grid-item post-11280 post type-post status-publish format-standard has-post-thumbnail hentry category-blog\" role=\"listitem\">\n\t\t\t<div class=\"elementor-post__card\">\n\t\t\t\t<a class=\"elementor-post__thumbnail__link\" href=\"https:\/\/zonafrancabarranquilla.com\/en\/el-director-nacional-de-la-dian-y-autoridades-aduaneras-analizan-retos-y-oportunidades-de-las-zonas-francas-en-colombia\/\" tabindex=\"-1\" ><div class=\"elementor-post__thumbnail\"><img decoding=\"async\" width=\"300\" height=\"167\" src=\"https:\/\/zonafrancabarranquilla.com\/wp-content\/uploads\/2025\/10\/director-dian-300x167.jpg\" class=\"attachment-medium size-medium wp-image-11282\" alt=\"\" srcset=\"https:\/\/zonafrancabarranquilla.com\/wp-content\/uploads\/2025\/10\/director-dian-300x167.jpg 300w, https:\/\/zonafrancabarranquilla.com\/wp-content\/uploads\/2025\/10\/director-dian-768x426.jpg 768w, https:\/\/zonafrancabarranquilla.com\/wp-content\/uploads\/2025\/10\/director-dian-18x10.jpg 18w, https:\/\/zonafrancabarranquilla.com\/wp-content\/uploads\/2025\/10\/director-dian.jpg 931w\" sizes=\"(max-width: 300px) 100vw, 300px\" \/><\/div><\/a>\n\t\t\t\t<div class=\"elementor-post__text\">\n\t\t\t\t<h3 class=\"elementor-post__title\">\n\t\t\t<a href=\"https:\/\/zonafrancabarranquilla.com\/en\/el-director-nacional-de-la-dian-y-autoridades-aduaneras-analizan-retos-y-oportunidades-de-las-zonas-francas-en-colombia\/\" >\n\t\t\t\tEl director nacional de la DIAN y autoridades aduaneras analizan retos y oportunidades de las zonas francas en Colombia\t\t\t<\/a>\n\t\t<\/h3>\n\t\t\t\t<div class=\"elementor-post__excerpt\">\n\t\t\t<p>Un encuentro clave para la competitividad del pa\u00eds La Zona Franca Barranquilla fue escenario de una visita institucional de alto nivel encabezada por Luis Eduardo<\/p>\n\t\t<\/div>\n\t\t\n\t\t<a class=\"elementor-post__read-more\" href=\"https:\/\/zonafrancabarranquilla.com\/en\/el-director-nacional-de-la-dian-y-autoridades-aduaneras-analizan-retos-y-oportunidades-de-las-zonas-francas-en-colombia\/\" aria-label=\"Read more about El director nacional de la DIAN y autoridades aduaneras analizan retos y oportunidades de las zonas francas en Colombia\" tabindex=\"-1\" >\n\t\t\tRead more\t\t<\/a>\n\n\t\t\t\t<\/div>\n\t\t\t\t<div class=\"elementor-post__meta-data\">\n\t\t\t\t\t<span class=\"elementor-post-date\">\n\t\t\t16 de October de 2025\t\t<\/span>\n\t\t\t\t<\/div>\n\t\t\t\t\t<\/div>\n\t\t<\/article>\n\t\t\t\t<article class=\"elementor-post elementor-grid-item post-11275 post type-post status-publish format-standard has-post-thumbnail hentry category-blog tag-beneficios-zonas-francas tag-competitividad-industrial-barranquilla tag-industria-en-zonas-francas tag-zona-franca-colombia\" role=\"listitem\">\n\t\t\t<div class=\"elementor-post__card\">\n\t\t\t\t<a class=\"elementor-post__thumbnail__link\" href=\"https:\/\/zonafrancabarranquilla.com\/en\/hito-industrial-la-inauguracion-de-adama-andina-en-zona-franca-barranquilla-impulsa-la-competitividad-e-innovacion-en-colombia\/\" tabindex=\"-1\" ><div class=\"elementor-post__thumbnail\"><img decoding=\"async\" width=\"300\" height=\"208\" src=\"https:\/\/zonafrancabarranquilla.com\/wp-content\/uploads\/2021\/05\/fotos-de-nuestra-barranquilla4-300x208.jpg\" class=\"attachment-medium size-medium wp-image-4668\" alt=\"\" srcset=\"https:\/\/zonafrancabarranquilla.com\/wp-content\/uploads\/2021\/05\/fotos-de-nuestra-barranquilla4-300x208.jpg 300w, https:\/\/zonafrancabarranquilla.com\/wp-content\/uploads\/2021\/05\/fotos-de-nuestra-barranquilla4-16x12.jpg 16w, https:\/\/zonafrancabarranquilla.com\/wp-content\/uploads\/2021\/05\/fotos-de-nuestra-barranquilla4.jpg 500w\" sizes=\"(max-width: 300px) 100vw, 300px\" \/><\/div><\/a>\n\t\t\t\t<div class=\"elementor-post__text\">\n\t\t\t\t<h3 class=\"elementor-post__title\">\n\t\t\t<a href=\"https:\/\/zonafrancabarranquilla.com\/en\/hito-industrial-la-inauguracion-de-adama-andina-en-zona-franca-barranquilla-impulsa-la-competitividad-e-innovacion-en-colombia\/\" >\n\t\t\t\tHito industrial: la inauguraci\u00f3n de ADAMA Andina en Zona Franca Barranquilla impulsa la competitividad e innovaci\u00f3n en Colombia\t\t\t<\/a>\n\t\t<\/h3>\n\t\t\t\t<div class=\"elementor-post__excerpt\">\n\t\t\t<p>Un hito que marca el crecimiento industrial del Caribe La Zona Franca Barranquilla se consolida como un epicentro de crecimiento, innovaci\u00f3n y oportunidades para Colombia.<\/p>\n\t\t<\/div>\n\t\t\n\t\t<a class=\"elementor-post__read-more\" href=\"https:\/\/zonafrancabarranquilla.com\/en\/hito-industrial-la-inauguracion-de-adama-andina-en-zona-franca-barranquilla-impulsa-la-competitividad-e-innovacion-en-colombia\/\" aria-label=\"Read more about Hito industrial: la inauguraci\u00f3n de ADAMA Andina en Zona Franca Barranquilla impulsa la competitividad e innovaci\u00f3n en Colombia\" tabindex=\"-1\" >\n\t\t\tRead more\t\t<\/a>\n\n\t\t\t\t<\/div>\n\t\t\t\t<div class=\"elementor-post__meta-data\">\n\t\t\t\t\t<span class=\"elementor-post-date\">\n\t\t\t16 de October de 2025\t\t<\/span>\n\t\t\t\t<\/div>\n\t\t\t\t\t<\/div>\n\t\t<\/article>\n\t\t\t\t<article class=\"elementor-post elementor-grid-item post-6023 post type-post status-publish format-standard has-post-thumbnail hentry category-blog\" role=\"listitem\">\n\t\t\t<div class=\"elementor-post__card\">\n\t\t\t\t<a class=\"elementor-post__thumbnail__link\" href=\"https:\/\/zonafrancabarranquilla.com\/en\/exitosa-visita-comercial-de-empresarios-de-barranquilla-en-miami\/\" tabindex=\"-1\" ><div class=\"elementor-post__thumbnail\"><img loading=\"lazy\" decoding=\"async\" width=\"300\" height=\"149\" src=\"https:\/\/zonafrancabarranquilla.com\/wp-content\/uploads\/2023\/08\/EUWN0041-1110x550-1-300x149.jpg\" class=\"attachment-medium size-medium wp-image-6024\" alt=\"\" srcset=\"https:\/\/zonafrancabarranquilla.com\/wp-content\/uploads\/2023\/08\/EUWN0041-1110x550-1-300x149.jpg 300w, https:\/\/zonafrancabarranquilla.com\/wp-content\/uploads\/2023\/08\/EUWN0041-1110x550-1-1024x507.jpg 1024w, https:\/\/zonafrancabarranquilla.com\/wp-content\/uploads\/2023\/08\/EUWN0041-1110x550-1-768x381.jpg 768w, https:\/\/zonafrancabarranquilla.com\/wp-content\/uploads\/2023\/08\/EUWN0041-1110x550-1-18x9.jpg 18w, https:\/\/zonafrancabarranquilla.com\/wp-content\/uploads\/2023\/08\/EUWN0041-1110x550-1.jpg 1110w\" sizes=\"(max-width: 300px) 100vw, 300px\" \/><\/div><\/a>\n\t\t\t\t<div class=\"elementor-post__text\">\n\t\t\t\t<h3 class=\"elementor-post__title\">\n\t\t\t<a href=\"https:\/\/zonafrancabarranquilla.com\/en\/exitosa-visita-comercial-de-empresarios-de-barranquilla-en-miami\/\" >\n\t\t\t\tExitosa Visita Comercial de Empresarios de Barranquilla en Miami\t\t\t<\/a>\n\t\t<\/h3>\n\t\t\t\t<div class=\"elementor-post__excerpt\">\n\t\t\t<p>M\u00e1s de 15 empresarios exploraron oportunidades de negocio en Miami, en la exitosa visita comercial organizada por\u00a0AmCham Barranquilla y Atl\u00e1ntico. Con el objetivo de promover<\/p>\n\t\t<\/div>\n\t\t\n\t\t<a class=\"elementor-post__read-more\" href=\"https:\/\/zonafrancabarranquilla.com\/en\/exitosa-visita-comercial-de-empresarios-de-barranquilla-en-miami\/\" aria-label=\"Read more about Exitosa Visita Comercial de Empresarios de Barranquilla en Miami\" tabindex=\"-1\" >\n\t\t\tRead more\t\t<\/a>\n\n\t\t\t\t<\/div>\n\t\t\t\t<div class=\"elementor-post__meta-data\">\n\t\t\t\t\t<span class=\"elementor-post-date\">\n\t\t\t31 de August de 2023\t\t<\/span>\n\t\t\t\t<\/div>\n\t\t\t\t\t<\/div>\n\t\t<\/article>\n\t\t\t\t<article class=\"elementor-post elementor-grid-item post-6020 post type-post status-publish format-standard has-post-thumbnail hentry category-blog\" role=\"listitem\">\n\t\t\t<div class=\"elementor-post__card\">\n\t\t\t\t<a class=\"elementor-post__thumbnail__link\" href=\"https:\/\/zonafrancabarranquilla.com\/en\/impulsan-crecimiento-exportador-del-atlantico-en-mision-de-inversiones\/\" tabindex=\"-1\" ><div class=\"elementor-post__thumbnail\"><img loading=\"lazy\" decoding=\"async\" width=\"300\" height=\"162\" src=\"https:\/\/zonafrancabarranquilla.com\/wp-content\/uploads\/2023\/08\/img-1-Impulsan-crecimiento-300x162.jpg\" class=\"attachment-medium size-medium wp-image-6021\" alt=\"\" srcset=\"https:\/\/zonafrancabarranquilla.com\/wp-content\/uploads\/2023\/08\/img-1-Impulsan-crecimiento-300x162.jpg 300w, https:\/\/zonafrancabarranquilla.com\/wp-content\/uploads\/2023\/08\/img-1-Impulsan-crecimiento-768x415.jpg 768w, https:\/\/zonafrancabarranquilla.com\/wp-content\/uploads\/2023\/08\/img-1-Impulsan-crecimiento-18x10.jpg 18w, https:\/\/zonafrancabarranquilla.com\/wp-content\/uploads\/2023\/08\/img-1-Impulsan-crecimiento.jpg 780w\" sizes=\"(max-width: 300px) 100vw, 300px\" \/><\/div><\/a>\n\t\t\t\t<div class=\"elementor-post__text\">\n\t\t\t\t<h3 class=\"elementor-post__title\">\n\t\t\t<a href=\"https:\/\/zonafrancabarranquilla.com\/en\/impulsan-crecimiento-exportador-del-atlantico-en-mision-de-inversiones\/\" >\n\t\t\t\tImpulsan crecimiento exportador del Atl\u00e1ntico en misi\u00f3n de inversiones\t\t\t<\/a>\n\t\t<\/h3>\n\t\t\t\t<div class=\"elementor-post__excerpt\">\n\t\t\t<p>ProBarranquilla lider\u00f3 una gira de atracci\u00f3n de inversiones en Bogot\u00e1 y Medell\u00edn, enfocada en empresas con potencial de establecer o expandir su operaci\u00f3n en el<\/p>\n\t\t<\/div>\n\t\t\n\t\t<a class=\"elementor-post__read-more\" href=\"https:\/\/zonafrancabarranquilla.com\/en\/impulsan-crecimiento-exportador-del-atlantico-en-mision-de-inversiones\/\" aria-label=\"Read more about Impulsan crecimiento exportador del Atl\u00e1ntico en misi\u00f3n de inversiones\" tabindex=\"-1\" >\n\t\t\tRead more\t\t<\/a>\n\n\t\t\t\t<\/div>\n\t\t\t\t<div class=\"elementor-post__meta-data\">\n\t\t\t\t\t<span class=\"elementor-post-date\">\n\t\t\t31 de August de 2023\t\t<\/span>\n\t\t\t\t<\/div>\n\t\t\t\t\t<\/div>\n\t\t<\/article>\n\t\t\t\t<article class=\"elementor-post elementor-grid-item post-6017 post type-post status-publish format-standard has-post-thumbnail hentry category-blog\" role=\"listitem\">\n\t\t\t<div class=\"elementor-post__card\">\n\t\t\t\t<a class=\"elementor-post__thumbnail__link\" href=\"https:\/\/zonafrancabarranquilla.com\/en\/probarranquilla-lidero-gira-de-promocion-de-inversiones-en-estados-unidos\/\" tabindex=\"-1\" ><div class=\"elementor-post__thumbnail\"><img loading=\"lazy\" decoding=\"async\" width=\"300\" height=\"159\" src=\"https:\/\/zonafrancabarranquilla.com\/wp-content\/uploads\/2023\/08\/img-1-ProBarranquilla-300x159.jpg\" class=\"attachment-medium size-medium wp-image-6018\" alt=\"\" srcset=\"https:\/\/zonafrancabarranquilla.com\/wp-content\/uploads\/2023\/08\/img-1-ProBarranquilla-300x159.jpg 300w, https:\/\/zonafrancabarranquilla.com\/wp-content\/uploads\/2023\/08\/img-1-ProBarranquilla-768x408.jpg 768w, https:\/\/zonafrancabarranquilla.com\/wp-content\/uploads\/2023\/08\/img-1-ProBarranquilla-18x10.jpg 18w, https:\/\/zonafrancabarranquilla.com\/wp-content\/uploads\/2023\/08\/img-1-ProBarranquilla.jpg 814w\" sizes=\"(max-width: 300px) 100vw, 300px\" \/><\/div><\/a>\n\t\t\t\t<div class=\"elementor-post__text\">\n\t\t\t\t<h3 class=\"elementor-post__title\">\n\t\t\t<a href=\"https:\/\/zonafrancabarranquilla.com\/en\/probarranquilla-lidero-gira-de-promocion-de-inversiones-en-estados-unidos\/\" >\n\t\t\t\tProBarranquilla lider\u00f3 gira de promoci\u00f3n de inversiones en Estados Unidos\t\t\t<\/a>\n\t\t<\/h3>\n\t\t\t\t<div class=\"elementor-post__excerpt\">\n\t\t\t<p>El principal enfoque de esta iniciativa fue seguir posicionando a Barranquilla y al Atl\u00e1ntico como un hub industrial y log\u00edstico id\u00f3neo para el \u2018nearshoring\u2019 ante<\/p>\n\t\t<\/div>\n\t\t\n\t\t<a class=\"elementor-post__read-more\" href=\"https:\/\/zonafrancabarranquilla.com\/en\/probarranquilla-lidero-gira-de-promocion-de-inversiones-en-estados-unidos\/\" aria-label=\"Read more about ProBarranquilla lider\u00f3 gira de promoci\u00f3n de inversiones en Estados Unidos\" tabindex=\"-1\" >\n\t\t\tRead more\t\t<\/a>\n\n\t\t\t\t<\/div>\n\t\t\t\t<div class=\"elementor-post__meta-data\">\n\t\t\t\t\t<span class=\"elementor-post-date\">\n\t\t\t31 de August de 2023\t\t<\/span>\n\t\t\t\t<\/div>\n\t\t\t\t\t<\/div>\n\t\t<\/article>\n\t\t\t\t<\/div>\n\t\t\n\t\t\t\t\t\t<\/div>\n\t\t\t\t<\/div>\n\t\t\t\t\t<\/div>\n\t\t<\/div>\n\t\t\t\t\t<\/div>\n\t\t<\/section>\n\t\t\t\t<\/div>","protected":false},"excerpt":{"rendered":"<p>Blog<\/p>","protected":false},"author":1,"featured_media":0,"parent":0,"menu_order":0,"comment_status":"closed","ping_status":"closed","template":"elementor_header_footer","meta":{"_acf_changed":false,"footnotes":""},"class_list":["post-7","page","type-page","status-publish","hentry"],"acf":[],"yoast_head":"<!-- This site is optimized with the Yoast SEO plugin v27.4 - https:\/\/yoast.com\/product\/yoast-seo-wordpress\/ -->\n<title>Blog - Zona Franca de Barranquilla<\/title>\n<meta name=\"robots\" content=\"index, follow, max-snippet:-1, max-image-preview:large, max-video-preview:-1\" \/>\n<link rel=\"canonical\" href=\"https:\/\/zonafrancabarranquilla.com\/en\/blog\/\" \/>\n<meta property=\"og:locale\" content=\"en_US\" \/>\n<meta property=\"og:type\" content=\"article\" \/>\n<meta property=\"og:title\" content=\"Blog - Zona Franca de Barranquilla\" \/>\n<meta property=\"og:description\" content=\"Blog\" \/>\n<meta property=\"og:url\" content=\"https:\/\/zonafrancabarranquilla.com\/en\/blog\/\" \/>\n<meta property=\"og:site_name\" content=\"Zona Franca de Barranquilla\" \/>\n<meta property=\"article:modified_time\" content=\"2025-10-16T13:54:18+00:00\" \/>\n<meta name=\"twitter:card\" content=\"summary_large_image\" \/>\n<meta name=\"twitter:label1\" content=\"Est. reading time\" \/>\n\t<meta name=\"twitter:data1\" content=\"5 minutes\" \/>\n<script type=\"application\/ld+json\" class=\"yoast-schema-graph\">{\"@context\":\"https:\\\/\\\/schema.org\",\"@graph\":[{\"@type\":\"WebPage\",\"@id\":\"https:\\\/\\\/zonafrancabarranquilla.com\\\/blog\\\/\",\"url\":\"https:\\\/\\\/zonafrancabarranquilla.com\\\/blog\\\/\",\"name\":\"Blog - Zona Franca de Barranquilla\",\"isPartOf\":{\"@id\":\"https:\\\/\\\/zonafrancabarranquilla.com\\\/#website\"},\"datePublished\":\"2021-03-10T02:00:14+00:00\",\"dateModified\":\"2025-10-16T13:54:18+00:00\",\"breadcrumb\":{\"@id\":\"https:\\\/\\\/zonafrancabarranquilla.com\\\/blog\\\/#breadcrumb\"},\"inLanguage\":\"en-US\",\"potentialAction\":[{\"@type\":\"ReadAction\",\"target\":[\"https:\\\/\\\/zonafrancabarranquilla.com\\\/blog\\\/\"]}]},{\"@type\":\"BreadcrumbList\",\"@id\":\"https:\\\/\\\/zonafrancabarranquilla.com\\\/blog\\\/#breadcrumb\",\"itemListElement\":[{\"@type\":\"ListItem\",\"position\":1,\"name\":\"Portada\",\"item\":\"https:\\\/\\\/zonafrancabarranquilla.com\\\/\"},{\"@type\":\"ListItem\",\"position\":2,\"name\":\"Blog\"}]},{\"@type\":\"WebSite\",\"@id\":\"https:\\\/\\\/zonafrancabarranquilla.com\\\/#website\",\"url\":\"https:\\\/\\\/zonafrancabarranquilla.com\\\/\",\"name\":\"Zona Franca de Barranquilla\",\"description\":\"La Zona Franca de Barranquilla\",\"publisher\":{\"@id\":\"https:\\\/\\\/zonafrancabarranquilla.com\\\/#organization\"},\"potentialAction\":[{\"@type\":\"SearchAction\",\"target\":{\"@type\":\"EntryPoint\",\"urlTemplate\":\"https:\\\/\\\/zonafrancabarranquilla.com\\\/?s={search_term_string}\"},\"query-input\":{\"@type\":\"PropertyValueSpecification\",\"valueRequired\":true,\"valueName\":\"search_term_string\"}}],\"inLanguage\":\"en-US\"},{\"@type\":\"Organization\",\"@id\":\"https:\\\/\\\/zonafrancabarranquilla.com\\\/#organization\",\"name\":\"Zona Franca de Barranquilla\",\"url\":\"https:\\\/\\\/zonafrancabarranquilla.com\\\/\",\"logo\":{\"@type\":\"ImageObject\",\"inLanguage\":\"en-US\",\"@id\":\"https:\\\/\\\/zonafrancabarranquilla.com\\\/#\\\/schema\\\/logo\\\/image\\\/\",\"url\":\"https:\\\/\\\/zonafrancabarranquilla.com\\\/wp-content\\\/uploads\\\/2021\\\/03\\\/globologo-50.jpg\",\"contentUrl\":\"https:\\\/\\\/zonafrancabarranquilla.com\\\/wp-content\\\/uploads\\\/2021\\\/03\\\/globologo-50.jpg\",\"width\":604,\"height\":630,\"caption\":\"Zona Franca de Barranquilla\"},\"image\":{\"@id\":\"https:\\\/\\\/zonafrancabarranquilla.com\\\/#\\\/schema\\\/logo\\\/image\\\/\"}}]}<\/script>\n<!-- \/ Yoast SEO plugin. -->","yoast_head_json":{"title":"Blog - Zona Franca de Barranquilla","robots":{"index":"index","follow":"follow","max-snippet":"max-snippet:-1","max-image-preview":"max-image-preview:large","max-video-preview":"max-video-preview:-1"},"canonical":"https:\/\/zonafrancabarranquilla.com\/en\/blog\/","og_locale":"en_US","og_type":"article","og_title":"Blog - Zona Franca de Barranquilla","og_description":"Blog","og_url":"https:\/\/zonafrancabarranquilla.com\/en\/blog\/","og_site_name":"Zona Franca de Barranquilla","article_modified_time":"2025-10-16T13:54:18+00:00","twitter_card":"summary_large_image","twitter_misc":{"Est. reading time":"5 minutes"},"schema":{"@context":"https:\/\/schema.org","@graph":[{"@type":"WebPage","@id":"https:\/\/zonafrancabarranquilla.com\/blog\/","url":"https:\/\/zonafrancabarranquilla.com\/blog\/","name":"Blog - Zona Franca de Barranquilla","isPartOf":{"@id":"https:\/\/zonafrancabarranquilla.com\/#website"},"datePublished":"2021-03-10T02:00:14+00:00","dateModified":"2025-10-16T13:54:18+00:00","breadcrumb":{"@id":"https:\/\/zonafrancabarranquilla.com\/blog\/#breadcrumb"},"inLanguage":"en-US","potentialAction":[{"@type":"ReadAction","target":["https:\/\/zonafrancabarranquilla.com\/blog\/"]}]},{"@type":"BreadcrumbList","@id":"https:\/\/zonafrancabarranquilla.com\/blog\/#breadcrumb","itemListElement":[{"@type":"ListItem","position":1,"name":"Portada","item":"https:\/\/zonafrancabarranquilla.com\/"},{"@type":"ListItem","position":2,"name":"Blog"}]},{"@type":"WebSite","@id":"https:\/\/zonafrancabarranquilla.com\/#website","url":"https:\/\/zonafrancabarranquilla.com\/","name":"Barranquilla Free Trade Zone","description":"La Zona Franca de Barranquilla","publisher":{"@id":"https:\/\/zonafrancabarranquilla.com\/#organization"},"potentialAction":[{"@type":"SearchAction","target":{"@type":"EntryPoint","urlTemplate":"https:\/\/zonafrancabarranquilla.com\/?s={search_term_string}"},"query-input":{"@type":"PropertyValueSpecification","valueRequired":true,"valueName":"search_term_string"}}],"inLanguage":"en-US"},{"@type":"Organization","@id":"https:\/\/zonafrancabarranquilla.com\/#organization","name":"Barranquilla Free Trade Zone","url":"https:\/\/zonafrancabarranquilla.com\/","logo":{"@type":"ImageObject","inLanguage":"en-US","@id":"https:\/\/zonafrancabarranquilla.com\/#\/schema\/logo\/image\/","url":"https:\/\/zonafrancabarranquilla.com\/wp-content\/uploads\/2021\/03\/globologo-50.jpg","contentUrl":"https:\/\/zonafrancabarranquilla.com\/wp-content\/uploads\/2021\/03\/globologo-50.jpg","width":604,"height":630,"caption":"Zona Franca de Barranquilla"},"image":{"@id":"https:\/\/zonafrancabarranquilla.com\/#\/schema\/logo\/image\/"}}]}},"_links":{"self":[{"href":"https:\/\/zonafrancabarranquilla.com\/en\/wp-json\/wp\/v2\/pages\/7","targetHints":{"allow":["GET"]}}],"collection":[{"href":"https:\/\/zonafrancabarranquilla.com\/en\/wp-json\/wp\/v2\/pages"}],"about":[{"href":"https:\/\/zonafrancabarranquilla.com\/en\/wp-json\/wp\/v2\/types\/page"}],"author":[{"embeddable":true,"href":"https:\/\/zonafrancabarranquilla.com\/en\/wp-json\/wp\/v2\/users\/1"}],"replies":[{"embeddable":true,"href":"https:\/\/zonafrancabarranquilla.com\/en\/wp-json\/wp\/v2\/comments?post=7"}],"version-history":[{"count":1,"href":"https:\/\/zonafrancabarranquilla.com\/en\/wp-json\/wp\/v2\/pages\/7\/revisions"}],"predecessor-version":[{"id":11304,"href":"https:\/\/zonafrancabarranquilla.com\/en\/wp-json\/wp\/v2\/pages\/7\/revisions\/11304"}],"wp:attachment":[{"href":"https:\/\/zonafrancabarranquilla.com\/en\/wp-json\/wp\/v2\/media?parent=7"}],"curies":[{"name":"wp","href":"https:\/\/api.w.org\/{rel}","templated":true}]}}