{"id":4878,"date":"2021-11-08T20:37:17","date_gmt":"2021-11-08T20:37:17","guid":{"rendered":"https:\/\/zonafrancabarranquilla.com\/?page_id=4878"},"modified":"2022-03-09T16:16:57","modified_gmt":"2022-03-09T16:16:57","slug":"politica-de-privacidad","status":"publish","type":"page","link":"https:\/\/zonafrancabarranquilla.com\/en\/politica-de-privacidad\/","title":{"rendered":"Pol\u00edtica de privacidad"},"content":{"rendered":"<div data-elementor-type=\"wp-page\" data-elementor-id=\"4878\" class=\"elementor elementor-4878\" data-elementor-post-type=\"page\">\n\t\t\t\t\t\t<section class=\"elementor-section elementor-top-section elementor-element elementor-element-e4fe905 elementor-section-height-min-height elementor-section-boxed elementor-section-height-default elementor-section-items-middle\" data-id=\"e4fe905\" data-element_type=\"section\" data-e-type=\"section\" data-settings=\"{&quot;background_background&quot;:&quot;classic&quot;}\">\n\t\t\t\t\t\t<div class=\"elementor-container elementor-column-gap-default\">\n\t\t\t\t\t<div class=\"elementor-column elementor-col-100 elementor-top-column elementor-element elementor-element-42e118b\" data-id=\"42e118b\" data-element_type=\"column\" data-e-type=\"column\" data-settings=\"{&quot;background_background&quot;:&quot;classic&quot;}\">\n\t\t\t<div class=\"elementor-widget-wrap elementor-element-populated\">\n\t\t\t\t\t\t<div class=\"elementor-element elementor-element-9595ee5 elementor-widget elementor-widget-spacer\" data-id=\"9595ee5\" data-element_type=\"widget\" data-e-type=\"widget\" data-widget_type=\"spacer.default\">\n\t\t\t\t<div class=\"elementor-widget-container\">\n\t\t\t\t\t\t\t<div class=\"elementor-spacer\">\n\t\t\t<div class=\"elementor-spacer-inner\"><\/div>\n\t\t<\/div>\n\t\t\t\t\t\t<\/div>\n\t\t\t\t<\/div>\n\t\t\t\t\t<\/div>\n\t\t<\/div>\n\t\t\t\t\t<\/div>\n\t\t<\/section>\n\t\t\t\t<section class=\"elementor-section elementor-top-section elementor-element elementor-element-b42819c elementor-section-boxed elementor-section-height-default elementor-section-height-default\" data-id=\"b42819c\" data-element_type=\"section\" data-e-type=\"section\">\n\t\t\t\t\t\t<div class=\"elementor-container elementor-column-gap-default\">\n\t\t\t\t\t<div class=\"elementor-column elementor-col-100 elementor-top-column elementor-element elementor-element-f8ace7f\" data-id=\"f8ace7f\" data-element_type=\"column\" data-e-type=\"column\">\n\t\t\t<div class=\"elementor-widget-wrap elementor-element-populated\">\n\t\t\t\t\t\t<div class=\"elementor-element elementor-element-faa5756 elementor-widget elementor-widget-heading\" data-id=\"faa5756\" data-element_type=\"widget\" data-e-type=\"widget\" data-widget_type=\"heading.default\">\n\t\t\t\t<div class=\"elementor-widget-container\">\n\t\t\t\t\t<h2 class=\"elementor-heading-title elementor-size-default\">Pol\u00edtica de Privacidad para el Tratamiento de datos personales Zona Franca\u00a0de Barranquilla S.A. U.O.Z.F.<\/h2>\t\t\t\t<\/div>\n\t\t\t\t<\/div>\n\t\t\t\t\t<\/div>\n\t\t<\/div>\n\t\t\t\t\t<\/div>\n\t\t<\/section>\n\t\t\t\t<section class=\"elementor-section elementor-top-section elementor-element elementor-element-efe02e6 elementor-section-boxed elementor-section-height-default elementor-section-height-default\" data-id=\"efe02e6\" data-element_type=\"section\" data-e-type=\"section\">\n\t\t\t\t\t\t<div class=\"elementor-container elementor-column-gap-default\">\n\t\t\t\t\t<div class=\"elementor-column elementor-col-100 elementor-top-column elementor-element elementor-element-e92304d\" data-id=\"e92304d\" data-element_type=\"column\" data-e-type=\"column\">\n\t\t\t<div class=\"elementor-widget-wrap elementor-element-populated\">\n\t\t\t\t\t\t<div class=\"elementor-element elementor-element-9553867 elementor-widget elementor-widget-text-editor\" data-id=\"9553867\" data-element_type=\"widget\" data-e-type=\"widget\" data-widget_type=\"text-editor.default\">\n\t\t\t\t<div class=\"elementor-widget-container\">\n\t\t\t\t\t\t\t\t\t<p><b>Responsable de las bases de datosdel Tratamiento: <\/b><span style=\"font-weight: 400;\">Zona Franca de Barranquilla S.A. U.O.Z.F.<\/span><\/p><p><b>Domicilio: <\/b><span style=\"font-weight: 400;\">Carrera 30 Avenida Hamburgo \u2013 4to piso Ed. Administrativo \/ Barranquilla &#8211; Colombia<\/span><\/p><p><b>Correo electr\u00f3nico: <\/b><span style=\"font-weight: 400;\">privacidad@zonafrancabarranquilla.com<\/span><\/p><p><b>Tel\u00e9fono: <\/b><span style=\"font-weight: 400;\">(57)605) (5) 330 14 30<\/span><\/p><p><b>P\u00e1gina web:<\/b><span style=\"font-weight: 400;\"> www.zonafrancabarranquilla.com<\/span><\/p><p><span style=\"font-weight: 400;\">Zona Franca de Barranquilla S.A. U.O.Z.F. informa a sus clientes actuales y potenciales, accionistas, proveedores y todos aquellos de quienes se tienen datos personales, que dando cumplimiento a Ley 1266 de 2008 y 1581 de 2012 y al Decreto Reglamentario 1377 de 2013 dem\u00e1s normas que las modifiquen, ha implementado una pol\u00edtica de privacidad para tratamiento de datos personales, bajo los siguientes t\u00e9rminos y condiciones:<\/span><\/p><p><b>Art\u00edculo Primero.\u00a0 Definiciones.<\/b> <span style=\"font-weight: 400;\">Para efectos de la aplicaci\u00f3n de las reglas contenidas en la presente pol\u00edtica se entiende por: a). Autorizaci\u00f3n:\u00a0consentimiento previo, expreso e informado del titular para llevar a cabo el tratamiento de datos personales; b). Aviso de privacidad: comunicaci\u00f3n verbal o escrita generada por el responsable, dirigida al titular para el tratamiento de sus datos personales, mediante la cual se le informa acerca de la existencia de las pol\u00edticas de tratamiento de informaci\u00f3n que le ser\u00e1n aplicables, la forma de acceder a las mismas y las finalidades del tratamiento que se pretende dar a los datos personales; c). base de datos:\u00a0conjunto organizado de datos personales que sea objeto de tratamiento; d). Dato personal:\u00a0Cualquier informaci\u00f3n vinculada o que pueda asociarse a una o varias personas naturales determinadas o determinables; e). Dato p\u00fablico: Es el dato que no sea semiprivado, privado o sensible, que pueden estar contenidos en registros p\u00fablicos, documentos p\u00fablicos, gacetas y boletines oficiales y sentencias judiciales debidamente ejecutoriadas que no est\u00e9n sometidas a reserva; f). Datos sensibles: Se entiende por datos sensibles aquellos que afectan la intimidad del Titular o cuyo uso indebido puede generar su discriminaci\u00f3n g). Encargado del tratamiento:\u00a0persona natural o jur\u00eddica, p\u00fablica o privada, que por s\u00ed misma o en asocio con otros, realiza tratamiento de datos personales por cuenta del responsable del tratamiento; h). Responsable del tratamiento:\u00a0persona natural o jur\u00eddica, p\u00fablica o privada, que por s\u00ed misma o en asocio con otros, decida sobre la base de datos y\/o el tratamiento de los datos; i). Titular: persona natural cuyos datos personales sean objeto de tratamiento; j). Tratamiento:\u00a0cualquier operaci\u00f3n o conjunto de operaciones sobre datos personales, tales como la recolecci\u00f3n, almacenamiento, uso, circulaci\u00f3n o supresi\u00f3n; k). Transferencia: la transferencia de datos tiene lugar cuando el responsable y\/o encargado del tratamiento de datos personales, env\u00eda la informaci\u00f3n o los datos personales a un receptor, que a su vez es responsable del tratamiento y se encuentra dentro o fuera del pa\u00eds; l). transmisi\u00f3n: tratamiento de datos personales que implica la comunicaci\u00f3n de los mismos dentro o fuera del territorio de la Rep\u00fablica de Colombia cuando tenga por objeto la realizaci\u00f3n de un tratamiento por el encargado por cuenta del responsable. m) Causahabiente: Es el sujeto que se hace acreedor de un derecho como consecuencia de una transmisi\u00f3n mortis causa a t\u00edtulo gratuito que le efect\u00faa otro denominado causante en su favor. En sentido general,\u00a0heredero, tambi\u00e9n recibe la denominaci\u00f3n\u00a0de derecho\u00a0habiente.\u00a0<\/span><\/p><ol><li><span style=\"font-weight: 400;\">n) Oficial de Protecci\u00f3n de datos personales: Es el funcionario de la organizaci\u00f3n Zona Franca de Barranquilla S.A. U.O.Z.F., a cargo de salvaguardar las pol\u00edticas de protecci\u00f3n de datos personales dentro de la organizaci\u00f3n.<\/span><\/li><\/ol><p><b>Art\u00edculo Segundo. Derechos de los Titulares.<\/b><span style=\"font-weight: 400;\">\u00a0 Toda la informaci\u00f3n personal compilada, ha sido obtenida de forma l\u00edcita y sus titulares tendr\u00e1n derecho en todo momento a:<\/span><\/p><p><span style=\"font-weight: 400;\">2.1. Conocer, actualizar y rectificar sus datos personales.<\/span><\/p><p><span style=\"font-weight: 400;\">2.2. Solicitar prueba de la autorizaci\u00f3n otorgada<\/span><\/p><p><span style=\"font-weight: 400;\">2.3. Presentar solicitud respecto del uso y tratamiento que se le ha dado a su informaci\u00f3n.<\/span><\/p><p><span style=\"font-weight: 400;\">2.4. Presentar ante la Superintendencia de Industria y Comercio las quejas que considere convenientes<\/span><\/p><p><span style=\"font-weight: 400;\">2.5. Revocar la autorizaci\u00f3n y\/o solicitar la supresi\u00f3n de alguno de sus datos<\/span><\/p><p><b>Art\u00edculo Tercero. Finalidad.<\/b><span style=\"font-weight: 400;\"> Zona Franca de Barranquilla S.A. U.O.Z.F. declara que el levantamiento y an\u00e1lisis de su informaci\u00f3n personal se ha realizado en desarrollo del objeto social de la compa\u00f1\u00eda para las siguientes finalidades:<\/span><\/p><p><span style=\"font-weight: 400;\">3.1. El cumplimiento de las obligaciones tributarias, laborales y de comercio exterior.<\/span><\/p><p><span style=\"font-weight: 400;\">3.2. El cumplimiento de los procesos internos de calidad en materia de administraci\u00f3n de empleados, contratistas y proveedores.<\/span><\/p><p><span style=\"font-weight: 400;\">3.3. En la gesti\u00f3n comercial y el servicio al cliente, atenci\u00f3n de quejas y reclamos..<\/span><\/p><p><span style=\"font-weight: 400;\">3.4. El env\u00edo de convocatorias a los accionistas y miembros de junta directiva de las Asambleas ordinarias y extraordinarias, y las comunicaciones de venta y negociaci\u00f3n de t\u00edtulos accionarios.<\/span><\/p><p><span style=\"font-weight: 400;\">3.5. En desarrollo de procesos de selecci\u00f3n del \u00e1rea de recursos humanos para la realizaci\u00f3n de pruebas psicot\u00e9cnicas, ex\u00e1menes m\u00e9dicos y ex\u00e1menes de seguridad.<\/span><\/p><p><span style=\"font-weight: 400;\">3.6. La seguridad, el control y la trazabilidad de las actividades que se realizan\u00a0 al interior de la Zona Franca\u00a0<\/span><\/p><p><span style=\"font-weight: 400;\">3.7. En desarrollo de su actividad de Usuario Operador de Zona Franca con el fin de:<\/span><\/p><p><span style=\"font-weight: 400;\">3.7.1. Calificar usuarios en las Zonas Francas Operadas\u00a0<\/span><\/p><p><span style=\"font-weight: 400;\">3.7.2. Elaborar<\/span> <span style=\"font-weight: 400;\">contratos, incluyendo la determinaci\u00f3n y an\u00e1lisis de primas y riesgos, y ejecuci\u00f3n de los mismos<\/span><\/p><p><span style=\"font-weight: 400;\">3.7.3. Compilar en bases de datos de potenciales clientes para el env\u00edo de ofertas comerciales de nuestros productos y servicios<\/span><\/p><p><span style=\"font-weight: 400;\">3.7.4. Controlar y prevenir fraudes, contrabando, lavado de activos y la financiaci\u00f3n del terrorismo<\/span><\/p><p><span style=\"font-weight: 400;\">3.8. Las dem\u00e1s finalidades que surjan del giro ordinario de los negocios, bajo el cumplimiento de los t\u00e9rminos y condiciones de esta pol\u00edtica<\/span><\/p><p><b>Art\u00edculo Cuarto. Veracidad.<\/b><span style=\"font-weight: 400;\"> Como titular de la informaci\u00f3n personal usted declara que los datos suministrados a la Zona Franca de Barranquilla S.A. U.O.Z.F. son veraces, exactos y comprobables.\u00a0<\/span><\/p><p><b>Art\u00edculo Quinto. Acceso Restringido.<\/b><span style=\"font-weight: 400;\"> Zona Franca de Barranquilla manifiesta que sus datos personales solo ser\u00e1n tratados \u00fanica y exclusivamente por los funcionarios que tengan a su cargo la ejecuci\u00f3n de las actividades descritas en el numeral tercero de este documento. Nuestros colaboradores est\u00e1n obligados a mantener la informaci\u00f3n en forma confidencial de acuerdo a lo estipulado en su contrato de trabajo.\u00a0<\/span><\/p><p><b>Art\u00edculo Sexto. Seguridad.<\/b><span style=\"font-weight: 400;\"> Los datos personales que nos ha suministrado son tratados de manera segura y confiable, pues nuestras operaciones de almacenamiento e intercambio de informaci\u00f3n est\u00e1n soportadas con tecnolog\u00eda de un software especializado, destacado entre los de mayor uso y seguridad.<\/span><\/p><p><b>Art\u00edculo S\u00e9ptimo.<\/b><span style=\"font-weight: 400;\">\u00a0 <\/span><b>Confidencialidad.\u00a0 <\/b><span style=\"font-weight: 400;\">Zona Franca de Barranquilla S.A. U.O.Z.F. tratar\u00e1 sus datos personales de forma confidencial y no los har\u00e1 disponibles en su p\u00e1gina web ni a trav\u00e9s de ning\u00fan otro portal de internet.<\/span><\/p><p><b>Art\u00edculo Octavo<\/b><b>. <\/b><b>Supresi\u00f3n de datos<\/b><span style=\"font-weight: 400;\"> Usted tiene el derecho, en todo momento, de solicitar a Zona Franca de Barranquilla S.A. U.O.Z.F., la eliminaci\u00f3n de sus datos personales cuando:<\/span><\/p><ul><li style=\"font-weight: 400;\" aria-level=\"1\"><span style=\"font-weight: 400;\">Considere que los mismos no est\u00e1n siendo tratados conforme a los principios, deberes y obligaciones previstas en la Ley.<\/span><\/li><li style=\"font-weight: 400;\" aria-level=\"1\"><span style=\"font-weight: 400;\">Hayan dejado de ser necesarios o pertinentes para la finalidad para la cual fueron compilados.<\/span><\/li><li style=\"font-weight: 400;\" aria-level=\"1\"><span style=\"font-weight: 400;\">Se haya superado el periodo necesario para el cumplimiento de los fines para los que fueron recolectados.<\/span><\/li><\/ul><p><span style=\"font-weight: 400;\">Esta supresi\u00f3n implica la eliminaci\u00f3n total o parcial de su informaci\u00f3n personal. Es importante tener en cuenta que el derecho de cancelaci\u00f3n no es absoluto y Zona Franca de Barranquilla S.A. U.O.Z.F., puede negar el ejercicio del mismo en los siguientes casos:<\/span><\/p><p><span style=\"font-weight: 400;\">9.1. La solicitud de supresi\u00f3n de la informaci\u00f3n no proceder\u00e1 cuando usted tenga el deber legal o contractual de permanecer en la base de datos.<\/span><\/p><p><span style=\"font-weight: 400;\">9.2. No sea posible efectuar la eliminaci\u00f3n del dato por la orden de autoridad judicial o administrativa con competencia en el territorio nacional.<\/span><\/p><p><span style=\"font-weight: 400;\">9.3 Los datos sean necesarios para proteger sus intereses jur\u00eddicamente tutelados, o para garantizar que usted cumpla con una obligaci\u00f3n legalmente adquirida.<\/span><\/p><p><span style=\"font-weight: 400;\">privacidad@zonafrancabarranquilla.com<\/span><\/p><p><b>Art\u00edculo Noveno. Consultas<\/b><span style=\"font-weight: 400;\">. Zona Franca de Barranquilla S.A. U.O.Z.F., garantizar\u00e1 el derecho de consulta, suministrando a usted, toda la informaci\u00f3n contenida en el registro individual o que est\u00e9 vinculada con su identificaci\u00f3n personal.<\/span><\/p><p><span style=\"font-weight: 400;\">Para la atenci\u00f3n de solicitudes de consulta de datos personales Zona Franca de Barranquilla S.A. tiene habilitada la cuenta de correo electr\u00f3nico <\/span><span style=\"font-weight: 400;\">privacidad@zonafrancabarranquilla.com<\/span><span style=\"font-weight: 400;\">.<\/span><\/p><p><span style=\"font-weight: 400;\">En cualquier caso, independientemente del mecanismo implementado para la atenci\u00f3n de solicitudes de consulta, estas ser\u00e1n atendidas en un t\u00e9rmino m\u00e1ximo de diez (10) d\u00edas h\u00e1biles contados a partir de la fecha de su recibo. Cuando no fuere posible atender la consulta dentro de dicho t\u00e9rmino, se le informar\u00e1 la situaci\u00f3n antes de dicho vencimiento, expresando los motivos de la demora y se\u00f1alando la fecha en que se atender\u00e1 su consulta, la cual en ning\u00fan caso podr\u00e1 superar los cinco (5) d\u00edas h\u00e1biles siguientes al vencimiento del primer plazo.<\/span><\/p><p><b>Art\u00edculo D\u00e9cimo. Reclamos.<\/b><span style=\"font-weight: 400;\"> Los Titulares o sus causahabientes que consideren que la informaci\u00f3n contenida en una base de datos deber ser objeto de correcci\u00f3n, actualizaci\u00f3n o supresi\u00f3n, o cuando adviertan el presunto incumplimiento de cualquiera de los deberes contenidos en el manual, podr\u00e1n presentar un reclamo ante Zona Franca de Barranquilla S.A. U.O.Z.F., el cual ser\u00e1 tramitado bajo las siguientes reglas:<\/span><\/p><ol><li><span style=\"font-weight: 400;\"> El reclamo se formular\u00e1 mediante solicitud dirigida a Zona Franca de Barranquilla S.A U.O.Z.F., con la identificaci\u00f3n y direcci\u00f3n de contacto del Titular, la descripci\u00f3n de los hechos que dan lugar al Reclamo, y los documentos soportes correspondientes.\u00a0 Si el reclamo resulta incompleto, se requerir\u00e1 al interesado dentro de los 5 d\u00edas h\u00e1biles siguientes a la recepci\u00f3n del reclamo para que subsane las fallas.\u00a0 Transcurridos dos (2) meses desde la fechas del requerimiento, sin que el solicitante presente la informaci\u00f3n requerida, se entender\u00e1 que ha desistido del reclamo.<\/span><\/li><\/ol><p><span style=\"font-weight: 400;\">En el caso Zona Franca de Barranquilla S.A. U.O.Z.F. reciba una reclamo, del cual no sea competente para resolverlo, de ser posible dar\u00e1 traslado a quien corresponda en un t\u00e9rmino m\u00e1ximo de dos (2) d\u00edas h\u00e1biles e informar\u00e1 de la situaci\u00f3n al interesado.\u00a0<\/span><\/p><ol start=\"2\"><li><span style=\"font-weight: 400;\"> Una vez recibido el reclamo completo, se incluir\u00e1 en la base de datos una leyenda que diga \u201cReclamo en tr\u00e1mite\u201d y el motivo del mismo, en un t\u00e9rmino no mayor a dos (2) d\u00edas h\u00e1biles. Dicha leyenda deber\u00e1 mantenerse hasta que el reclamo sea decidido.<\/span><\/li><\/ol><p>\u00a0<\/p><ol start=\"3\"><li><span style=\"font-weight: 400;\"> El t\u00e9rmino m\u00e1ximo para atender el reclamo ser\u00e1 de 15 d\u00edas h\u00e1biles contados a partir del d\u00eda siguiente a la fecha de su recibo. Cuando no fuere posible atender la consulta dentro de dicho t\u00e9rmino, se informar\u00e1 al interesado, la fecha de atenci\u00f3n sin que \u00e9sta supere los 8 d\u00edas h\u00e1biles siguientes al vencimiento del primer t\u00e9rmino.<\/span><\/li><\/ol><p><span style=\"font-weight: 400;\">Par\u00e1grafo. El procedimiento descrito anteriormente es requisito de procedibilidad para elevar la queja ante la Superintendencia de Industria y Comercio.<\/span><\/p><p><b>Art\u00edculo\u00a0 D\u00e9cimo Primero. Sistema de Video vigilancia de CCTV<\/b><span style=\"font-weight: 400;\">:.<\/span><span style=\"font-weight: 400;\"> Zona Franca de Barranquilla S.A. U.O.Z.F. por razones de seguridad, control y trazabilidad de las operaciones que se realizan en sus instalaciones, cuenta con un Circuito Cerrado de Televisi\u00f3n, a trav\u00e9s del cual todas las personas y\u00a0 veh\u00edculos est\u00e1n siendo grabadas y monitoreadas.\u00a0\u00a0<\/span><\/p><p><b>Art\u00edculo D\u00e9cimo Segundo.\u00a0 Sistema de Geolocalizaci\u00f3n<\/b><span style=\"font-weight: 400;\">:<\/span> <span style=\"font-weight: 400;\">Al interior del parque existe un sistema de Geolocalizaci\u00f3n dirigido a los veh\u00edculos de carga que ingresan a la zona franca, con el cual se realiza un\u00a0 monitoreo en tiempo real, del recorrido, \u00e1reas transitadas, tiempos de espera, lugar de aparcamiento y la duraci\u00f3n total de los camiones dentro de la Zona Franca.\u00a0 Los datos y las im\u00e1genes que resulten de este proceso y, que adem\u00e1s pudiesen gozar de la calidad de datos personales, ser\u00e1n almacenados y protegidos de acuerdo a la pol\u00edtica de seguridad inform\u00e1tica de la empresa y se tratar\u00e1n de dando cumplimiento a lo estipulado en el Manual de Protecci\u00f3n de Datos. personales y en la presente pol\u00edtica.<\/span><\/p><p><b>Art\u00edculo\u00a0 D\u00e9cimo TerceroSegundo. Derecho de Acceso a las im\u00e1genes.<\/b><span style=\"font-weight: 400;\"> De conformidad con lo dispuesto en la Ley 1581 de 2012 los usuarios calificados, entidades de apoyo, visitantes y \u00a0 y dem\u00e1s terceros interesados, solo puedenen acceder a las im\u00e1genes que se encuentren almacenadas en los servidores de CCTV o en el Sistema de Geolocalizaci\u00f3n, adem\u00e1s de dar cumplimiento al ART\u00cdCULO D\u00c9CIMO, deber\u00e1n cumplir con los requisitos establecidos en el art\u00edculo D\u00c9CIMO CUARTO<\/span><\/p><p><span style=\"font-weight: 400;\">, cuando acrediten su calidad de titulares de los datos personales grabados en el CCTV ante el Responsable del Tratamiento.\u00a0\u00a0<\/span><\/p><p><b>Art\u00edculo\u00a0 D\u00e9cimo CuartoTercero. Requisitos para solicitar el acceso a las im\u00e1genes<\/b><b>.<\/b><span style=\"font-weight: 400;\"> Los titulares de datos personales que pretendan acceder a las im\u00e1genes deber\u00e1n:<\/span><\/p><p>\u00a0<\/p><ol><li><span style=\"font-weight: 400;\"> Presentar solicitud escrita por medio f\u00edsico o al correo electr\u00f3nico, indicando el motivo de la solicitud, la fecha, hora y lugar en el que se registraron las im\u00e1genes.<\/span><\/li><li><span style=\"font-weight: 400;\"> Acompa\u00f1ar la solicitud con una copia ampliada del documento de identidad del titular de los datos personales grabados.<\/span><\/li><\/ol><p><span style=\"font-weight: 400;\">Si se verifica la titularidad de quien solicita acceso a las im\u00e1genes grabadas, Zona Franca de Barranquilla S.A U.O.Z.F., en calidad de Responsable del Tratamiento, dar\u00e1 respuesta de\u00a0 conformidad con los procedimientos y pol\u00edticas descritas en el presente manual.<\/span><\/p><p><span style=\"font-weight: 400;\">En este caso se aplicar\u00e1n los tiempos de respuesta establecidos en el procedimiento de consulta descrito en el ART\u00cdCULO D\u00c9CIMO art\u00edculo No de la pol\u00edtical. presente manual.<\/span><\/p><p><span style=\"font-weight: 400;\">Par\u00e1grafo: En caso de orden de una autoridad judicial no se ser\u00e1 necesario contar con la autorizaci\u00f3n del titular de la informaci\u00f3n personal.<\/span><\/p><p><b>Art\u00edculo\u00a0 D\u00e9cimo Quinto. Cuarto. <\/b><span style=\"font-weight: 400;\">Zona Franca de Barranquilla S.A. U.O.Z.F.,\u00a0 designa como responsable de dar tr\u00e1mite a sus peticiones, consultas y reclamos, de las BASES DE DATOS de Zona Franca de Barranquilla S.A. U.O.Z.F., al oficial de Protecci\u00f3n de Datos Personales, a quien deber\u00e1 dirigir su solicitud cuando se realice por medio escrito y\/o a trav\u00e9s de correo electr\u00f3nico <\/span><span style=\"font-weight: 400;\">privacidad@zonafrancabarranquilla.com<\/span><span style=\"font-weight: 400;\">.<\/span><\/p><p><b>Art\u00edculo\u00a0 D\u00e9cimo Quinto.<\/b> <b>Vigencia<\/b><span style=\"font-weight: 400;\">. El presente documento rige a partir del 27 de julio de 2013 y hasta el momento en que expresamente se revoque o modifique.<\/span><\/p>\t\t\t\t\t\t\t\t<\/div>\n\t\t\t\t<\/div>\n\t\t\t\t\t<\/div>\n\t\t<\/div>\n\t\t\t\t\t<\/div>\n\t\t<\/section>\n\t\t\t\t<\/div>","protected":false},"excerpt":{"rendered":"<p>Pol\u00edtica de Privacidad para el Tratamiento de datos personales Zona Franca\u00a0de Barranquilla S.A. U.O.Z.F. Responsable de las bases de datosdel Tratamiento: Zona Franca de Barranquilla S.A. U.O.Z.F. Domicilio: Carrera 30 Avenida Hamburgo \u2013 4to piso Ed. Administrativo \/ Barranquilla &#8211; Colombia Correo electr\u00f3nico: privacidad@zonafrancabarranquilla.com Tel\u00e9fono: (57)605) (5) 330 14 30 P\u00e1gina web: www.zonafrancabarranquilla.com Zona Franca &#8230; <a title=\"Pol\u00edtica de privacidad\" class=\"read-more\" href=\"https:\/\/zonafrancabarranquilla.com\/en\/politica-de-privacidad\/\" aria-label=\"Read more about Pol\u00edtica de privacidad\">Read more<\/a><\/p>","protected":false},"author":1,"featured_media":0,"parent":0,"menu_order":0,"comment_status":"closed","ping_status":"closed","template":"elementor_header_footer","meta":{"_acf_changed":false,"footnotes":""},"class_list":["post-4878","page","type-page","status-publish"],"acf":[],"yoast_head":"<!-- This site is optimized with the Yoast SEO plugin v27.4 - https:\/\/yoast.com\/product\/yoast-seo-wordpress\/ -->\n<title>Pol\u00edtica de privacidad - Zona Franca de Barranquilla<\/title>\n<meta name=\"robots\" content=\"index, follow, max-snippet:-1, max-image-preview:large, max-video-preview:-1\" \/>\n<link rel=\"canonical\" href=\"https:\/\/zonafrancabarranquilla.com\/en\/politica-de-privacidad\/\" \/>\n<meta property=\"og:locale\" content=\"en_US\" \/>\n<meta property=\"og:type\" content=\"article\" \/>\n<meta property=\"og:title\" content=\"Pol\u00edtica de privacidad - Zona Franca de Barranquilla\" \/>\n<meta property=\"og:description\" content=\"Pol\u00edtica de Privacidad para el Tratamiento de datos personales Zona Franca\u00a0de Barranquilla S.A. U.O.Z.F. Responsable de las bases de datosdel Tratamiento: Zona Franca de Barranquilla S.A. U.O.Z.F. Domicilio: Carrera 30 Avenida Hamburgo \u2013 4to piso Ed. Administrativo \/ Barranquilla &#8211; Colombia Correo electr\u00f3nico: privacidad@zonafrancabarranquilla.com Tel\u00e9fono: (57)605) (5) 330 14 30 P\u00e1gina web: www.zonafrancabarranquilla.com Zona Franca ... Read more\" \/>\n<meta property=\"og:url\" content=\"https:\/\/zonafrancabarranquilla.com\/en\/politica-de-privacidad\/\" \/>\n<meta property=\"og:site_name\" content=\"Zona Franca de Barranquilla\" \/>\n<meta property=\"article:modified_time\" content=\"2022-03-09T16:16:57+00:00\" \/>\n<meta name=\"twitter:card\" content=\"summary_large_image\" \/>\n<meta name=\"twitter:label1\" content=\"Est. reading time\" \/>\n\t<meta name=\"twitter:data1\" content=\"11 minutes\" \/>\n<script type=\"application\/ld+json\" class=\"yoast-schema-graph\">{\"@context\":\"https:\\\/\\\/schema.org\",\"@graph\":[{\"@type\":\"WebPage\",\"@id\":\"https:\\\/\\\/zonafrancabarranquilla.com\\\/politica-de-privacidad\\\/\",\"url\":\"https:\\\/\\\/zonafrancabarranquilla.com\\\/politica-de-privacidad\\\/\",\"name\":\"Pol\u00edtica de privacidad - Zona Franca de Barranquilla\",\"isPartOf\":{\"@id\":\"https:\\\/\\\/zonafrancabarranquilla.com\\\/#website\"},\"datePublished\":\"2021-11-08T20:37:17+00:00\",\"dateModified\":\"2022-03-09T16:16:57+00:00\",\"breadcrumb\":{\"@id\":\"https:\\\/\\\/zonafrancabarranquilla.com\\\/politica-de-privacidad\\\/#breadcrumb\"},\"inLanguage\":\"en-US\",\"potentialAction\":[{\"@type\":\"ReadAction\",\"target\":[\"https:\\\/\\\/zonafrancabarranquilla.com\\\/politica-de-privacidad\\\/\"]}]},{\"@type\":\"BreadcrumbList\",\"@id\":\"https:\\\/\\\/zonafrancabarranquilla.com\\\/politica-de-privacidad\\\/#breadcrumb\",\"itemListElement\":[{\"@type\":\"ListItem\",\"position\":1,\"name\":\"Portada\",\"item\":\"https:\\\/\\\/zonafrancabarranquilla.com\\\/\"},{\"@type\":\"ListItem\",\"position\":2,\"name\":\"Pol\u00edtica de privacidad\"}]},{\"@type\":\"WebSite\",\"@id\":\"https:\\\/\\\/zonafrancabarranquilla.com\\\/#website\",\"url\":\"https:\\\/\\\/zonafrancabarranquilla.com\\\/\",\"name\":\"Zona Franca de Barranquilla\",\"description\":\"La Zona Franca de Barranquilla\",\"publisher\":{\"@id\":\"https:\\\/\\\/zonafrancabarranquilla.com\\\/#organization\"},\"potentialAction\":[{\"@type\":\"SearchAction\",\"target\":{\"@type\":\"EntryPoint\",\"urlTemplate\":\"https:\\\/\\\/zonafrancabarranquilla.com\\\/?s={search_term_string}\"},\"query-input\":{\"@type\":\"PropertyValueSpecification\",\"valueRequired\":true,\"valueName\":\"search_term_string\"}}],\"inLanguage\":\"en-US\"},{\"@type\":\"Organization\",\"@id\":\"https:\\\/\\\/zonafrancabarranquilla.com\\\/#organization\",\"name\":\"Zona Franca de Barranquilla\",\"url\":\"https:\\\/\\\/zonafrancabarranquilla.com\\\/\",\"logo\":{\"@type\":\"ImageObject\",\"inLanguage\":\"en-US\",\"@id\":\"https:\\\/\\\/zonafrancabarranquilla.com\\\/#\\\/schema\\\/logo\\\/image\\\/\",\"url\":\"https:\\\/\\\/zonafrancabarranquilla.com\\\/wp-content\\\/uploads\\\/2021\\\/03\\\/globologo-50.jpg\",\"contentUrl\":\"https:\\\/\\\/zonafrancabarranquilla.com\\\/wp-content\\\/uploads\\\/2021\\\/03\\\/globologo-50.jpg\",\"width\":604,\"height\":630,\"caption\":\"Zona Franca de Barranquilla\"},\"image\":{\"@id\":\"https:\\\/\\\/zonafrancabarranquilla.com\\\/#\\\/schema\\\/logo\\\/image\\\/\"}}]}<\/script>\n<!-- \/ Yoast SEO plugin. -->","yoast_head_json":{"title":"Pol\u00edtica de privacidad - Zona Franca de Barranquilla","robots":{"index":"index","follow":"follow","max-snippet":"max-snippet:-1","max-image-preview":"max-image-preview:large","max-video-preview":"max-video-preview:-1"},"canonical":"https:\/\/zonafrancabarranquilla.com\/en\/politica-de-privacidad\/","og_locale":"en_US","og_type":"article","og_title":"Pol\u00edtica de privacidad - Zona Franca de Barranquilla","og_description":"Pol\u00edtica de Privacidad para el Tratamiento de datos personales Zona Franca\u00a0de Barranquilla S.A. U.O.Z.F. Responsable de las bases de datosdel Tratamiento: Zona Franca de Barranquilla S.A. U.O.Z.F. Domicilio: Carrera 30 Avenida Hamburgo \u2013 4to piso Ed. Administrativo \/ Barranquilla &#8211; Colombia Correo electr\u00f3nico: privacidad@zonafrancabarranquilla.com Tel\u00e9fono: (57)605) (5) 330 14 30 P\u00e1gina web: www.zonafrancabarranquilla.com Zona Franca ... Read more","og_url":"https:\/\/zonafrancabarranquilla.com\/en\/politica-de-privacidad\/","og_site_name":"Zona Franca de Barranquilla","article_modified_time":"2022-03-09T16:16:57+00:00","twitter_card":"summary_large_image","twitter_misc":{"Est. reading time":"11 minutes"},"schema":{"@context":"https:\/\/schema.org","@graph":[{"@type":"WebPage","@id":"https:\/\/zonafrancabarranquilla.com\/politica-de-privacidad\/","url":"https:\/\/zonafrancabarranquilla.com\/politica-de-privacidad\/","name":"Pol\u00edtica de privacidad - Zona Franca de Barranquilla","isPartOf":{"@id":"https:\/\/zonafrancabarranquilla.com\/#website"},"datePublished":"2021-11-08T20:37:17+00:00","dateModified":"2022-03-09T16:16:57+00:00","breadcrumb":{"@id":"https:\/\/zonafrancabarranquilla.com\/politica-de-privacidad\/#breadcrumb"},"inLanguage":"en-US","potentialAction":[{"@type":"ReadAction","target":["https:\/\/zonafrancabarranquilla.com\/politica-de-privacidad\/"]}]},{"@type":"BreadcrumbList","@id":"https:\/\/zonafrancabarranquilla.com\/politica-de-privacidad\/#breadcrumb","itemListElement":[{"@type":"ListItem","position":1,"name":"Portada","item":"https:\/\/zonafrancabarranquilla.com\/"},{"@type":"ListItem","position":2,"name":"Pol\u00edtica de privacidad"}]},{"@type":"WebSite","@id":"https:\/\/zonafrancabarranquilla.com\/#website","url":"https:\/\/zonafrancabarranquilla.com\/","name":"Barranquilla Free Trade Zone","description":"La Zona Franca de Barranquilla","publisher":{"@id":"https:\/\/zonafrancabarranquilla.com\/#organization"},"potentialAction":[{"@type":"SearchAction","target":{"@type":"EntryPoint","urlTemplate":"https:\/\/zonafrancabarranquilla.com\/?s={search_term_string}"},"query-input":{"@type":"PropertyValueSpecification","valueRequired":true,"valueName":"search_term_string"}}],"inLanguage":"en-US"},{"@type":"Organization","@id":"https:\/\/zonafrancabarranquilla.com\/#organization","name":"Barranquilla Free Trade Zone","url":"https:\/\/zonafrancabarranquilla.com\/","logo":{"@type":"ImageObject","inLanguage":"en-US","@id":"https:\/\/zonafrancabarranquilla.com\/#\/schema\/logo\/image\/","url":"https:\/\/zonafrancabarranquilla.com\/wp-content\/uploads\/2021\/03\/globologo-50.jpg","contentUrl":"https:\/\/zonafrancabarranquilla.com\/wp-content\/uploads\/2021\/03\/globologo-50.jpg","width":604,"height":630,"caption":"Zona Franca de Barranquilla"},"image":{"@id":"https:\/\/zonafrancabarranquilla.com\/#\/schema\/logo\/image\/"}}]}},"_links":{"self":[{"href":"https:\/\/zonafrancabarranquilla.com\/en\/wp-json\/wp\/v2\/pages\/4878","targetHints":{"allow":["GET"]}}],"collection":[{"href":"https:\/\/zonafrancabarranquilla.com\/en\/wp-json\/wp\/v2\/pages"}],"about":[{"href":"https:\/\/zonafrancabarranquilla.com\/en\/wp-json\/wp\/v2\/types\/page"}],"author":[{"embeddable":true,"href":"https:\/\/zonafrancabarranquilla.com\/en\/wp-json\/wp\/v2\/users\/1"}],"replies":[{"embeddable":true,"href":"https:\/\/zonafrancabarranquilla.com\/en\/wp-json\/wp\/v2\/comments?post=4878"}],"version-history":[{"count":1,"href":"https:\/\/zonafrancabarranquilla.com\/en\/wp-json\/wp\/v2\/pages\/4878\/revisions"}],"predecessor-version":[{"id":5028,"href":"https:\/\/zonafrancabarranquilla.com\/en\/wp-json\/wp\/v2\/pages\/4878\/revisions\/5028"}],"wp:attachment":[{"href":"https:\/\/zonafrancabarranquilla.com\/en\/wp-json\/wp\/v2\/media?parent=4878"}],"curies":[{"name":"wp","href":"https:\/\/api.w.org\/{rel}","templated":true}]}}