{"id":1674,"date":"2021-03-30T23:34:42","date_gmt":"2021-03-30T23:34:42","guid":{"rendered":"https:\/\/zonafrancabarranquilla.com\/?page_id=1674"},"modified":"2021-05-12T20:20:37","modified_gmt":"2021-05-12T20:20:37","slug":"requisitos-para-ser-usuario","status":"publish","type":"page","link":"https:\/\/zonafrancabarranquilla.com\/en\/usuarios\/requisitos-para-ser-usuario\/","title":{"rendered":"Requirements to be user"},"content":{"rendered":"<div data-elementor-type=\"wp-page\" data-elementor-id=\"1674\" class=\"elementor elementor-1674\" data-elementor-post-type=\"page\">\n\t\t\t\t\t\t<section class=\"elementor-section elementor-top-section elementor-element elementor-element-211bac9 elementor-section-height-min-height parallax elementor-section-boxed elementor-section-height-default elementor-section-items-middle\" data-id=\"211bac9\" data-element_type=\"section\" data-e-type=\"section\" data-settings=\"{&quot;background_background&quot;:&quot;classic&quot;}\">\n\t\t\t\t\t\t\t<div class=\"elementor-background-overlay\"><\/div>\n\t\t\t\t\t\t\t<div class=\"elementor-container elementor-column-gap-default\">\n\t\t\t\t\t<div class=\"elementor-column elementor-col-50 elementor-top-column elementor-element elementor-element-f8e3d5e\" data-id=\"f8e3d5e\" data-element_type=\"column\" data-e-type=\"column\">\n\t\t\t<div class=\"elementor-widget-wrap\">\n\t\t\t\t\t\t\t<\/div>\n\t\t<\/div>\n\t\t\t\t<div class=\"elementor-column elementor-col-50 elementor-top-column elementor-element elementor-element-6f97616\" data-id=\"6f97616\" data-element_type=\"column\" data-e-type=\"column\">\n\t\t\t<div class=\"elementor-widget-wrap elementor-element-populated\">\n\t\t\t\t\t\t<div class=\"elementor-element elementor-element-1849111 elementor-widget elementor-widget-heading\" data-id=\"1849111\" data-element_type=\"widget\" data-e-type=\"widget\" data-widget_type=\"heading.default\">\n\t\t\t\t<div class=\"elementor-widget-container\">\n\t\t\t\t\t<h2 class=\"elementor-heading-title elementor-size-default translation-block\">Requirements<br> to be <br>a user<\/h2>\t\t\t\t<\/div>\n\t\t\t\t<\/div>\n\t\t\t\t<div class=\"elementor-element elementor-element-aeed55b elementor-widget elementor-widget-image\" data-id=\"aeed55b\" data-element_type=\"widget\" data-e-type=\"widget\" data-widget_type=\"image.default\">\n\t\t\t\t<div class=\"elementor-widget-container\">\n\t\t\t\t\t\t\t\t\t\t\t\t\t\t\t<img decoding=\"async\" width=\"511\" height=\"5\" src=\"https:\/\/zonafrancabarranquilla.com\/wp-content\/uploads\/2021\/03\/sep-1-8.png\" class=\"attachment-large size-large wp-image-23\" alt=\"\" srcset=\"https:\/\/zonafrancabarranquilla.com\/wp-content\/uploads\/2021\/03\/sep-1-8.png 511w, https:\/\/zonafrancabarranquilla.com\/wp-content\/uploads\/2021\/03\/sep-1-8-300x3.png 300w, https:\/\/zonafrancabarranquilla.com\/wp-content\/uploads\/2021\/03\/sep-1-8-480x5.png 480w\" sizes=\"(max-width: 511px) 100vw, 511px\" \/>\t\t\t\t\t\t\t\t\t\t\t\t\t\t\t<\/div>\n\t\t\t\t<\/div>\n\t\t\t\t<div class=\"elementor-element elementor-element-bf0f701 elementor-widget elementor-widget-text-editor\" data-id=\"bf0f701\" data-element_type=\"widget\" data-e-type=\"widget\" data-widget_type=\"text-editor.default\">\n\t\t\t\t<div class=\"elementor-widget-container\">\n\t\t\t\t\t\t\t\t\t<p>We are the best place for your company on the Caribbean Coast.<\/p>\t\t\t\t\t\t\t\t<\/div>\n\t\t\t\t<\/div>\n\t\t\t\t\t<\/div>\n\t\t<\/div>\n\t\t\t\t\t<\/div>\n\t\t<\/section>\n\t\t\t\t<section class=\"elementor-section elementor-top-section elementor-element elementor-element-b487de5 elementor-section-boxed elementor-section-height-default elementor-section-height-default\" data-id=\"b487de5\" data-element_type=\"section\" data-e-type=\"section\" data-settings=\"{&quot;background_background&quot;:&quot;classic&quot;}\">\n\t\t\t\t\t\t<div class=\"elementor-container elementor-column-gap-default\">\n\t\t\t\t\t<div class=\"elementor-column elementor-col-50 elementor-top-column elementor-element elementor-element-b92dcd9\" data-id=\"b92dcd9\" data-element_type=\"column\" data-e-type=\"column\">\n\t\t\t<div class=\"elementor-widget-wrap elementor-element-populated\">\n\t\t\t\t\t\t<div class=\"elementor-element elementor-element-6dab0f1 elementor-widget elementor-widget-heading\" data-id=\"6dab0f1\" data-element_type=\"widget\" data-e-type=\"widget\" data-widget_type=\"heading.default\">\n\t\t\t\t<div class=\"elementor-widget-container\">\n\t\t\t\t\t<h2 class=\"elementor-heading-title elementor-size-default\">Want to be a user?<\/h2>\t\t\t\t<\/div>\n\t\t\t\t<\/div>\n\t\t\t\t<div class=\"elementor-element elementor-element-e20a2f6 elementor-widget elementor-widget-image\" data-id=\"e20a2f6\" data-element_type=\"widget\" data-e-type=\"widget\" data-widget_type=\"image.default\">\n\t\t\t\t<div class=\"elementor-widget-container\">\n\t\t\t\t\t\t\t\t\t\t\t\t\t\t\t<img decoding=\"async\" width=\"511\" height=\"5\" src=\"https:\/\/zonafrancabarranquilla.com\/wp-content\/uploads\/2021\/03\/sep-1-8.png\" class=\"attachment-large size-large wp-image-23\" alt=\"\" srcset=\"https:\/\/zonafrancabarranquilla.com\/wp-content\/uploads\/2021\/03\/sep-1-8.png 511w, https:\/\/zonafrancabarranquilla.com\/wp-content\/uploads\/2021\/03\/sep-1-8-300x3.png 300w, https:\/\/zonafrancabarranquilla.com\/wp-content\/uploads\/2021\/03\/sep-1-8-480x5.png 480w\" sizes=\"(max-width: 511px) 100vw, 511px\" \/>\t\t\t\t\t\t\t\t\t\t\t\t\t\t\t<\/div>\n\t\t\t\t<\/div>\n\t\t\t\t<div class=\"elementor-element elementor-element-7f574b1 elementor-widget elementor-widget-text-editor\" data-id=\"7f574b1\" data-element_type=\"widget\" data-e-type=\"widget\" data-widget_type=\"text-editor.default\">\n\t\t\t\t<div class=\"elementor-widget-container\">\n\t\t\t\t\t\t\t\t\t<p>To be part of Barranquilla Free Zone you must be qualified as an industrial user of goods, an industrial user of services or a commercial user of a permanent free zone.<\/p><p>To know user requirements and qualifications, download the PDF.<\/p>\t\t\t\t\t\t\t\t<\/div>\n\t\t\t\t<\/div>\n\t\t\t\t<div class=\"elementor-element elementor-element-2612636 elementor-mobile-align-center elementor-widget elementor-widget-button\" data-id=\"2612636\" data-element_type=\"widget\" data-e-type=\"widget\" data-widget_type=\"button.default\">\n\t\t\t\t<div class=\"elementor-widget-container\">\n\t\t\t\t\t\t\t\t\t<div class=\"elementor-button-wrapper\">\n\t\t\t\t\t<a class=\"elementor-button elementor-button-link elementor-size-sm\" href=\"https:\/\/zonafrancabarranquilla.com\/wp-content\/uploads\/2021\/05\/requisitos-para-ser-usuario-zfbaq.pdf\" target=\"_blank\">\n\t\t\t\t\t\t<span class=\"elementor-button-content-wrapper\">\n\t\t\t\t\t\t<span class=\"elementor-button-icon\">\n\t\t\t\t<i aria-hidden=\"true\" class=\"far fa-file-pdf\"><\/i>\t\t\t<\/span>\n\t\t\t\t\t\t\t\t\t<span class=\"elementor-button-text\">DOWNLOAD REQUIREMENTS TO BE USER<\/span>\n\t\t\t\t\t<\/span>\n\t\t\t\t\t<\/a>\n\t\t\t\t<\/div>\n\t\t\t\t\t\t\t\t<\/div>\n\t\t\t\t<\/div>\n\t\t\t\t\t<\/div>\n\t\t<\/div>\n\t\t\t\t<div class=\"elementor-column elementor-col-50 elementor-top-column elementor-element elementor-element-f09eaff\" data-id=\"f09eaff\" data-element_type=\"column\" data-e-type=\"column\" data-settings=\"{&quot;background_background&quot;:&quot;classic&quot;}\">\n\t\t\t<div class=\"elementor-widget-wrap elementor-element-populated\">\n\t\t\t\t\t\t<div class=\"elementor-element elementor-element-3cc9ebe elementor-widget elementor-widget-spacer\" data-id=\"3cc9ebe\" data-element_type=\"widget\" data-e-type=\"widget\" data-widget_type=\"spacer.default\">\n\t\t\t\t<div class=\"elementor-widget-container\">\n\t\t\t\t\t\t\t<div class=\"elementor-spacer\">\n\t\t\t<div class=\"elementor-spacer-inner\"><\/div>\n\t\t<\/div>\n\t\t\t\t\t\t<\/div>\n\t\t\t\t<\/div>\n\t\t\t\t\t<\/div>\n\t\t<\/div>\n\t\t\t\t\t<\/div>\n\t\t<\/section>\n\t\t\t\t<section class=\"elementor-section elementor-top-section elementor-element elementor-element-89f8796 elementor-section-boxed elementor-section-height-default elementor-section-height-default\" data-id=\"89f8796\" data-element_type=\"section\" data-e-type=\"section\">\n\t\t\t\t\t\t<div class=\"elementor-container elementor-column-gap-default\">\n\t\t\t\t\t<div class=\"elementor-column elementor-col-33 elementor-top-column elementor-element elementor-element-512895c\" data-id=\"512895c\" data-element_type=\"column\" data-e-type=\"column\">\n\t\t\t<div class=\"elementor-widget-wrap elementor-element-populated\">\n\t\t\t\t\t\t<div class=\"elementor-element elementor-element-ff5aaea elementor-widget elementor-widget-image\" data-id=\"ff5aaea\" data-element_type=\"widget\" data-e-type=\"widget\" data-widget_type=\"image.default\">\n\t\t\t\t<div class=\"elementor-widget-container\">\n\t\t\t\t\t\t\t\t\t\t\t\t\t\t\t<img decoding=\"async\" width=\"90\" height=\"89\" src=\"https:\/\/zonafrancabarranquilla.com\/wp-content\/uploads\/2021\/04\/ico-bill-8.png\" class=\"attachment-large size-large wp-image-1903\" alt=\"\" \/>\t\t\t\t\t\t\t\t\t\t\t\t\t\t\t<\/div>\n\t\t\t\t<\/div>\n\t\t\t\t\t<\/div>\n\t\t<\/div>\n\t\t\t\t<div class=\"elementor-column elementor-col-66 elementor-top-column elementor-element elementor-element-b52ebad\" data-id=\"b52ebad\" data-element_type=\"column\" data-e-type=\"column\">\n\t\t\t<div class=\"elementor-widget-wrap elementor-element-populated\">\n\t\t\t\t\t\t<div class=\"elementor-element elementor-element-cf314a3 elementor-widget elementor-widget-heading\" data-id=\"cf314a3\" data-element_type=\"widget\" data-e-type=\"widget\" data-widget_type=\"heading.default\">\n\t\t\t\t<div class=\"elementor-widget-container\">\n\t\t\t\t\t<h2 class=\"elementor-heading-title elementor-size-default\">Invest in Barranquilla<\/h2>\t\t\t\t<\/div>\n\t\t\t\t<\/div>\n\t\t\t\t<div class=\"elementor-element elementor-element-1d8168b elementor-widget elementor-widget-text-editor\" data-id=\"1d8168b\" data-element_type=\"widget\" data-e-type=\"widget\" data-widget_type=\"text-editor.default\">\n\t\t\t\t<div class=\"elementor-widget-container\">\n\t\t\t\t\t\t\t\t\t<p>Barranquilla is an important platform for trade thanks to its strategic location in the Caribbean, which allows you to be just 2 hours from the United States and one hour from Panama by air. It is located in the center of the port region of the Colombian Caribbean, less than 60 miles from the ports of Cartagena and Santa Marta.<\/p>\t\t\t\t\t\t\t\t<\/div>\n\t\t\t\t<\/div>\n\t\t\t\t\t<\/div>\n\t\t<\/div>\n\t\t\t\t\t<\/div>\n\t\t<\/section>\n\t\t\t\t<section class=\"elementor-section elementor-top-section elementor-element elementor-element-4fa0222 elementor-section-boxed elementor-section-height-default elementor-section-height-default\" data-id=\"4fa0222\" data-element_type=\"section\" data-e-type=\"section\">\n\t\t\t\t\t\t<div class=\"elementor-container elementor-column-gap-default\">\n\t\t\t\t\t<div class=\"elementor-column elementor-col-100 elementor-top-column elementor-element elementor-element-09315fd\" data-id=\"09315fd\" data-element_type=\"column\" data-e-type=\"column\">\n\t\t\t<div class=\"elementor-widget-wrap elementor-element-populated\">\n\t\t\t\t\t\t<div class=\"elementor-element elementor-element-ef52aa9 elementor-grid-3 elementor-grid-tablet-2 elementor-grid-mobile-1 elementor-posts--thumbnail-top elementor-widget elementor-widget-posts\" data-id=\"ef52aa9\" data-element_type=\"widget\" data-e-type=\"widget\" data-settings=\"{&quot;classic_columns&quot;:&quot;3&quot;,&quot;classic_columns_tablet&quot;:&quot;2&quot;,&quot;classic_columns_mobile&quot;:&quot;1&quot;,&quot;classic_row_gap&quot;:{&quot;unit&quot;:&quot;px&quot;,&quot;size&quot;:35,&quot;sizes&quot;:[]},&quot;classic_row_gap_tablet&quot;:{&quot;unit&quot;:&quot;px&quot;,&quot;size&quot;:&quot;&quot;,&quot;sizes&quot;:[]},&quot;classic_row_gap_mobile&quot;:{&quot;unit&quot;:&quot;px&quot;,&quot;size&quot;:&quot;&quot;,&quot;sizes&quot;:[]}}\" data-widget_type=\"posts.classic\">\n\t\t\t\t<div class=\"elementor-widget-container\">\n\t\t\t\t\t\t\t<div class=\"elementor-posts-container elementor-posts elementor-posts--skin-classic elementor-grid\" role=\"list\">\n\t\t\t\t<article class=\"elementor-post elementor-grid-item post-11288 post type-post status-publish format-standard has-post-thumbnail hentry category-blog tag-alianzas-estrategicas-comercio-exterior tag-competitividad-caribe-colombiano tag-internacionalizacion-zonas-francas tag-mision-empresarial-colombia\" role=\"listitem\">\n\t\t\t\t<a class=\"elementor-post__thumbnail__link\" href=\"https:\/\/zonafrancabarranquilla.com\/en\/la-participacion-de-zona-franca-barranquilla-en-la-mision-cali-medellin-con-probarranquilla\/\" tabindex=\"-1\" >\n\t\t\t<div class=\"elementor-post__thumbnail\"><img fetchpriority=\"high\" decoding=\"async\" width=\"300\" height=\"209\" src=\"https:\/\/zonafrancabarranquilla.com\/wp-content\/uploads\/2021\/04\/porque-invertir-en-zofia-300x209.jpg\" class=\"attachment-medium size-medium wp-image-2484\" alt=\"\" srcset=\"https:\/\/zonafrancabarranquilla.com\/wp-content\/uploads\/2021\/04\/porque-invertir-en-zofia-300x209.jpg 300w, https:\/\/zonafrancabarranquilla.com\/wp-content\/uploads\/2021\/04\/porque-invertir-en-zofia-1024x713.jpg 1024w, https:\/\/zonafrancabarranquilla.com\/wp-content\/uploads\/2021\/04\/porque-invertir-en-zofia-768x535.jpg 768w, https:\/\/zonafrancabarranquilla.com\/wp-content\/uploads\/2021\/04\/porque-invertir-en-zofia-16x12.jpg 16w, https:\/\/zonafrancabarranquilla.com\/wp-content\/uploads\/2021\/04\/porque-invertir-en-zofia.jpg 1100w\" sizes=\"(max-width: 300px) 100vw, 300px\" \/><\/div>\n\t\t<\/a>\n\t\t\t\t<div class=\"elementor-post__text\">\n\t\t\t\t<h3 class=\"elementor-post__title\">\n\t\t\t<a href=\"https:\/\/zonafrancabarranquilla.com\/en\/la-participacion-de-zona-franca-barranquilla-en-la-mision-cali-medellin-con-probarranquilla\/\" >\n\t\t\t\tLa participaci\u00f3n de Zona Franca Barranquilla en la Misi\u00f3n Cali-Medell\u00edn con ProBarranquilla\t\t\t<\/a>\n\t\t<\/h3>\n\t\t\t\t<div class=\"elementor-post__excerpt\">\n\t\t\t<p>El crecimiento econ\u00f3mico del Caribe colombiano se impulsa desde la cooperaci\u00f3n, la innovaci\u00f3n y la apertura de nuevos mercados. En ese contexto, la participaci\u00f3n de<\/p>\n\t\t<\/div>\n\t\t\n\t\t<a class=\"elementor-post__read-more\" href=\"https:\/\/zonafrancabarranquilla.com\/en\/la-participacion-de-zona-franca-barranquilla-en-la-mision-cali-medellin-con-probarranquilla\/\" aria-label=\"Read more about La participaci\u00f3n de Zona Franca Barranquilla en la Misi\u00f3n Cali-Medell\u00edn con ProBarranquilla\" tabindex=\"-1\" >\n\t\t\tRead more\t\t<\/a>\n\n\t\t\t\t<\/div>\n\t\t\t\t<\/article>\n\t\t\t\t<article class=\"elementor-post elementor-grid-item post-11280 post type-post status-publish format-standard has-post-thumbnail hentry category-blog\" role=\"listitem\">\n\t\t\t\t<a class=\"elementor-post__thumbnail__link\" href=\"https:\/\/zonafrancabarranquilla.com\/en\/el-director-nacional-de-la-dian-y-autoridades-aduaneras-analizan-retos-y-oportunidades-de-las-zonas-francas-en-colombia\/\" tabindex=\"-1\" >\n\t\t\t<div class=\"elementor-post__thumbnail\"><img loading=\"lazy\" decoding=\"async\" width=\"300\" height=\"167\" src=\"https:\/\/zonafrancabarranquilla.com\/wp-content\/uploads\/2025\/10\/director-dian-300x167.jpg\" class=\"attachment-medium size-medium wp-image-11282\" alt=\"\" srcset=\"https:\/\/zonafrancabarranquilla.com\/wp-content\/uploads\/2025\/10\/director-dian-300x167.jpg 300w, https:\/\/zonafrancabarranquilla.com\/wp-content\/uploads\/2025\/10\/director-dian-768x426.jpg 768w, https:\/\/zonafrancabarranquilla.com\/wp-content\/uploads\/2025\/10\/director-dian-18x10.jpg 18w, https:\/\/zonafrancabarranquilla.com\/wp-content\/uploads\/2025\/10\/director-dian.jpg 931w\" sizes=\"(max-width: 300px) 100vw, 300px\" \/><\/div>\n\t\t<\/a>\n\t\t\t\t<div class=\"elementor-post__text\">\n\t\t\t\t<h3 class=\"elementor-post__title\">\n\t\t\t<a href=\"https:\/\/zonafrancabarranquilla.com\/en\/el-director-nacional-de-la-dian-y-autoridades-aduaneras-analizan-retos-y-oportunidades-de-las-zonas-francas-en-colombia\/\" >\n\t\t\t\tEl director nacional de la DIAN y autoridades aduaneras analizan retos y oportunidades de las zonas francas en Colombia\t\t\t<\/a>\n\t\t<\/h3>\n\t\t\t\t<div class=\"elementor-post__excerpt\">\n\t\t\t<p>Un encuentro clave para la competitividad del pa\u00eds La Zona Franca Barranquilla fue escenario de una visita institucional de alto nivel encabezada por Luis Eduardo<\/p>\n\t\t<\/div>\n\t\t\n\t\t<a class=\"elementor-post__read-more\" href=\"https:\/\/zonafrancabarranquilla.com\/en\/el-director-nacional-de-la-dian-y-autoridades-aduaneras-analizan-retos-y-oportunidades-de-las-zonas-francas-en-colombia\/\" aria-label=\"Read more about El director nacional de la DIAN y autoridades aduaneras analizan retos y oportunidades de las zonas francas en Colombia\" tabindex=\"-1\" >\n\t\t\tRead more\t\t<\/a>\n\n\t\t\t\t<\/div>\n\t\t\t\t<\/article>\n\t\t\t\t<article class=\"elementor-post elementor-grid-item post-11275 post type-post status-publish format-standard has-post-thumbnail hentry category-blog tag-beneficios-zonas-francas tag-competitividad-industrial-barranquilla tag-industria-en-zonas-francas tag-zona-franca-colombia\" role=\"listitem\">\n\t\t\t\t<a class=\"elementor-post__thumbnail__link\" href=\"https:\/\/zonafrancabarranquilla.com\/en\/hito-industrial-la-inauguracion-de-adama-andina-en-zona-franca-barranquilla-impulsa-la-competitividad-e-innovacion-en-colombia\/\" tabindex=\"-1\" >\n\t\t\t<div class=\"elementor-post__thumbnail\"><img loading=\"lazy\" decoding=\"async\" width=\"300\" height=\"208\" src=\"https:\/\/zonafrancabarranquilla.com\/wp-content\/uploads\/2021\/05\/fotos-de-nuestra-barranquilla4-300x208.jpg\" class=\"attachment-medium size-medium wp-image-4668\" alt=\"\" srcset=\"https:\/\/zonafrancabarranquilla.com\/wp-content\/uploads\/2021\/05\/fotos-de-nuestra-barranquilla4-300x208.jpg 300w, https:\/\/zonafrancabarranquilla.com\/wp-content\/uploads\/2021\/05\/fotos-de-nuestra-barranquilla4-16x12.jpg 16w, https:\/\/zonafrancabarranquilla.com\/wp-content\/uploads\/2021\/05\/fotos-de-nuestra-barranquilla4.jpg 500w\" sizes=\"(max-width: 300px) 100vw, 300px\" \/><\/div>\n\t\t<\/a>\n\t\t\t\t<div class=\"elementor-post__text\">\n\t\t\t\t<h3 class=\"elementor-post__title\">\n\t\t\t<a href=\"https:\/\/zonafrancabarranquilla.com\/en\/hito-industrial-la-inauguracion-de-adama-andina-en-zona-franca-barranquilla-impulsa-la-competitividad-e-innovacion-en-colombia\/\" >\n\t\t\t\tHito industrial: la inauguraci\u00f3n de ADAMA Andina en Zona Franca Barranquilla impulsa la competitividad e innovaci\u00f3n en Colombia\t\t\t<\/a>\n\t\t<\/h3>\n\t\t\t\t<div class=\"elementor-post__excerpt\">\n\t\t\t<p>Un hito que marca el crecimiento industrial del Caribe La Zona Franca Barranquilla se consolida como un epicentro de crecimiento, innovaci\u00f3n y oportunidades para Colombia.<\/p>\n\t\t<\/div>\n\t\t\n\t\t<a class=\"elementor-post__read-more\" href=\"https:\/\/zonafrancabarranquilla.com\/en\/hito-industrial-la-inauguracion-de-adama-andina-en-zona-franca-barranquilla-impulsa-la-competitividad-e-innovacion-en-colombia\/\" aria-label=\"Read more about Hito industrial: la inauguraci\u00f3n de ADAMA Andina en Zona Franca Barranquilla impulsa la competitividad e innovaci\u00f3n en Colombia\" tabindex=\"-1\" >\n\t\t\tRead more\t\t<\/a>\n\n\t\t\t\t<\/div>\n\t\t\t\t<\/article>\n\t\t\t\t<article class=\"elementor-post elementor-grid-item post-6023 post type-post status-publish format-standard has-post-thumbnail hentry category-blog\" role=\"listitem\">\n\t\t\t\t<a class=\"elementor-post__thumbnail__link\" href=\"https:\/\/zonafrancabarranquilla.com\/en\/exitosa-visita-comercial-de-empresarios-de-barranquilla-en-miami\/\" tabindex=\"-1\" >\n\t\t\t<div class=\"elementor-post__thumbnail\"><img loading=\"lazy\" decoding=\"async\" width=\"300\" height=\"149\" src=\"https:\/\/zonafrancabarranquilla.com\/wp-content\/uploads\/2023\/08\/EUWN0041-1110x550-1-300x149.jpg\" class=\"attachment-medium size-medium wp-image-6024\" alt=\"\" srcset=\"https:\/\/zonafrancabarranquilla.com\/wp-content\/uploads\/2023\/08\/EUWN0041-1110x550-1-300x149.jpg 300w, https:\/\/zonafrancabarranquilla.com\/wp-content\/uploads\/2023\/08\/EUWN0041-1110x550-1-1024x507.jpg 1024w, https:\/\/zonafrancabarranquilla.com\/wp-content\/uploads\/2023\/08\/EUWN0041-1110x550-1-768x381.jpg 768w, https:\/\/zonafrancabarranquilla.com\/wp-content\/uploads\/2023\/08\/EUWN0041-1110x550-1-18x9.jpg 18w, https:\/\/zonafrancabarranquilla.com\/wp-content\/uploads\/2023\/08\/EUWN0041-1110x550-1.jpg 1110w\" sizes=\"(max-width: 300px) 100vw, 300px\" \/><\/div>\n\t\t<\/a>\n\t\t\t\t<div class=\"elementor-post__text\">\n\t\t\t\t<h3 class=\"elementor-post__title\">\n\t\t\t<a href=\"https:\/\/zonafrancabarranquilla.com\/en\/exitosa-visita-comercial-de-empresarios-de-barranquilla-en-miami\/\" >\n\t\t\t\tExitosa Visita Comercial de Empresarios de Barranquilla en Miami\t\t\t<\/a>\n\t\t<\/h3>\n\t\t\t\t<div class=\"elementor-post__excerpt\">\n\t\t\t<p>M\u00e1s de 15 empresarios exploraron oportunidades de negocio en Miami, en la exitosa visita comercial organizada por\u00a0AmCham Barranquilla y Atl\u00e1ntico. Con el objetivo de promover<\/p>\n\t\t<\/div>\n\t\t\n\t\t<a class=\"elementor-post__read-more\" href=\"https:\/\/zonafrancabarranquilla.com\/en\/exitosa-visita-comercial-de-empresarios-de-barranquilla-en-miami\/\" aria-label=\"Read more about Exitosa Visita Comercial de Empresarios de Barranquilla en Miami\" tabindex=\"-1\" >\n\t\t\tRead more\t\t<\/a>\n\n\t\t\t\t<\/div>\n\t\t\t\t<\/article>\n\t\t\t\t<article class=\"elementor-post elementor-grid-item post-6020 post type-post status-publish format-standard has-post-thumbnail hentry category-blog\" role=\"listitem\">\n\t\t\t\t<a class=\"elementor-post__thumbnail__link\" href=\"https:\/\/zonafrancabarranquilla.com\/en\/impulsan-crecimiento-exportador-del-atlantico-en-mision-de-inversiones\/\" tabindex=\"-1\" >\n\t\t\t<div class=\"elementor-post__thumbnail\"><img loading=\"lazy\" decoding=\"async\" width=\"300\" height=\"162\" src=\"https:\/\/zonafrancabarranquilla.com\/wp-content\/uploads\/2023\/08\/img-1-Impulsan-crecimiento-300x162.jpg\" class=\"attachment-medium size-medium wp-image-6021\" alt=\"\" srcset=\"https:\/\/zonafrancabarranquilla.com\/wp-content\/uploads\/2023\/08\/img-1-Impulsan-crecimiento-300x162.jpg 300w, https:\/\/zonafrancabarranquilla.com\/wp-content\/uploads\/2023\/08\/img-1-Impulsan-crecimiento-768x415.jpg 768w, https:\/\/zonafrancabarranquilla.com\/wp-content\/uploads\/2023\/08\/img-1-Impulsan-crecimiento-18x10.jpg 18w, https:\/\/zonafrancabarranquilla.com\/wp-content\/uploads\/2023\/08\/img-1-Impulsan-crecimiento.jpg 780w\" sizes=\"(max-width: 300px) 100vw, 300px\" \/><\/div>\n\t\t<\/a>\n\t\t\t\t<div class=\"elementor-post__text\">\n\t\t\t\t<h3 class=\"elementor-post__title\">\n\t\t\t<a href=\"https:\/\/zonafrancabarranquilla.com\/en\/impulsan-crecimiento-exportador-del-atlantico-en-mision-de-inversiones\/\" >\n\t\t\t\tImpulsan crecimiento exportador del Atl\u00e1ntico en misi\u00f3n de inversiones\t\t\t<\/a>\n\t\t<\/h3>\n\t\t\t\t<div class=\"elementor-post__excerpt\">\n\t\t\t<p>ProBarranquilla lider\u00f3 una gira de atracci\u00f3n de inversiones en Bogot\u00e1 y Medell\u00edn, enfocada en empresas con potencial de establecer o expandir su operaci\u00f3n en el<\/p>\n\t\t<\/div>\n\t\t\n\t\t<a class=\"elementor-post__read-more\" href=\"https:\/\/zonafrancabarranquilla.com\/en\/impulsan-crecimiento-exportador-del-atlantico-en-mision-de-inversiones\/\" aria-label=\"Read more about Impulsan crecimiento exportador del Atl\u00e1ntico en misi\u00f3n de inversiones\" tabindex=\"-1\" >\n\t\t\tRead more\t\t<\/a>\n\n\t\t\t\t<\/div>\n\t\t\t\t<\/article>\n\t\t\t\t<article class=\"elementor-post elementor-grid-item post-6017 post type-post status-publish format-standard has-post-thumbnail hentry category-blog\" role=\"listitem\">\n\t\t\t\t<a class=\"elementor-post__thumbnail__link\" href=\"https:\/\/zonafrancabarranquilla.com\/en\/probarranquilla-lidero-gira-de-promocion-de-inversiones-en-estados-unidos\/\" tabindex=\"-1\" >\n\t\t\t<div class=\"elementor-post__thumbnail\"><img loading=\"lazy\" decoding=\"async\" width=\"300\" height=\"159\" src=\"https:\/\/zonafrancabarranquilla.com\/wp-content\/uploads\/2023\/08\/img-1-ProBarranquilla-300x159.jpg\" class=\"attachment-medium size-medium wp-image-6018\" alt=\"\" srcset=\"https:\/\/zonafrancabarranquilla.com\/wp-content\/uploads\/2023\/08\/img-1-ProBarranquilla-300x159.jpg 300w, https:\/\/zonafrancabarranquilla.com\/wp-content\/uploads\/2023\/08\/img-1-ProBarranquilla-768x408.jpg 768w, https:\/\/zonafrancabarranquilla.com\/wp-content\/uploads\/2023\/08\/img-1-ProBarranquilla-18x10.jpg 18w, https:\/\/zonafrancabarranquilla.com\/wp-content\/uploads\/2023\/08\/img-1-ProBarranquilla.jpg 814w\" sizes=\"(max-width: 300px) 100vw, 300px\" \/><\/div>\n\t\t<\/a>\n\t\t\t\t<div class=\"elementor-post__text\">\n\t\t\t\t<h3 class=\"elementor-post__title\">\n\t\t\t<a href=\"https:\/\/zonafrancabarranquilla.com\/en\/probarranquilla-lidero-gira-de-promocion-de-inversiones-en-estados-unidos\/\" >\n\t\t\t\tProBarranquilla lider\u00f3 gira de promoci\u00f3n de inversiones en Estados Unidos\t\t\t<\/a>\n\t\t<\/h3>\n\t\t\t\t<div class=\"elementor-post__excerpt\">\n\t\t\t<p>El principal enfoque de esta iniciativa fue seguir posicionando a Barranquilla y al Atl\u00e1ntico como un hub industrial y log\u00edstico id\u00f3neo para el \u2018nearshoring\u2019 ante<\/p>\n\t\t<\/div>\n\t\t\n\t\t<a class=\"elementor-post__read-more\" href=\"https:\/\/zonafrancabarranquilla.com\/en\/probarranquilla-lidero-gira-de-promocion-de-inversiones-en-estados-unidos\/\" aria-label=\"Read more about ProBarranquilla lider\u00f3 gira de promoci\u00f3n de inversiones en Estados Unidos\" tabindex=\"-1\" >\n\t\t\tRead more\t\t<\/a>\n\n\t\t\t\t<\/div>\n\t\t\t\t<\/article>\n\t\t\t\t<\/div>\n\t\t\n\t\t\t\t\t\t<\/div>\n\t\t\t\t<\/div>\n\t\t\t\t\t<\/div>\n\t\t<\/div>\n\t\t\t\t\t<\/div>\n\t\t<\/section>\n\t\t\t\t<\/div>","protected":false},"excerpt":{"rendered":"<p>REQUISITOS PARA SER USUARIO Somos el mejor lugar para tu empresa en la Costa Caribe. \u00bfQuieres ser usuario? Para ser parte de Zona Franca Barranquilla debes ser calificado como usuario industrial de bienes, usuario industrial de servicios o usuario comercial de una zona franca permanente. Conoce los requisitos para ser usuario y calificaci\u00f3n de usuarios &#8230; <a title=\"ProBarranquilla lider\u00f3 gira de promoci\u00f3n de inversiones en Estados Unidos\" class=\"read-more\" href=\"https:\/\/zonafrancabarranquilla.com\/en\/probarranquilla-lidero-gira-de-promocion-de-inversiones-en-estados-unidos\/\" aria-label=\"Read more about ProBarranquilla lider\u00f3 gira de promoci\u00f3n de inversiones en Estados Unidos\">Read more<\/a><\/p>","protected":false},"author":1,"featured_media":0,"parent":1672,"menu_order":0,"comment_status":"closed","ping_status":"closed","template":"elementor_header_footer","meta":{"_acf_changed":false,"footnotes":""},"class_list":["post-1674","page","type-page","status-publish","hentry"],"acf":[],"yoast_head":"<!-- This site is optimized with the Yoast SEO plugin v27.4 - https:\/\/yoast.com\/product\/yoast-seo-wordpress\/ -->\n<title>Requisitos para ser usuario - Zona Franca de Barranquilla<\/title>\n<meta name=\"robots\" content=\"index, follow, max-snippet:-1, max-image-preview:large, max-video-preview:-1\" \/>\n<link rel=\"canonical\" href=\"https:\/\/zonafrancabarranquilla.com\/en\/usuarios\/requisitos-para-ser-usuario\/\" \/>\n<meta property=\"og:locale\" content=\"en_US\" \/>\n<meta property=\"og:type\" content=\"article\" \/>\n<meta property=\"og:title\" content=\"Requisitos para ser usuario - Zona Franca de Barranquilla\" \/>\n<meta property=\"og:description\" content=\"REQUISITOS PARA SER USUARIO Somos el mejor lugar para tu empresa en la Costa Caribe. \u00bfQuieres ser usuario? Para ser parte de Zona Franca Barranquilla debes ser calificado como usuario industrial de bienes, usuario industrial de servicios o usuario comercial de una zona franca permanente. Conoce los requisitos para ser usuario y calificaci\u00f3n de usuarios ... Read more\" \/>\n<meta property=\"og:url\" content=\"https:\/\/zonafrancabarranquilla.com\/en\/usuarios\/requisitos-para-ser-usuario\/\" \/>\n<meta property=\"og:site_name\" content=\"Zona Franca de Barranquilla\" \/>\n<meta property=\"article:modified_time\" content=\"2021-05-12T20:20:37+00:00\" \/>\n<meta property=\"og:image\" content=\"https:\/\/zonafrancabarranquilla.com\/wp-content\/uploads\/2021\/03\/sep-1-8.png\" \/>\n<meta name=\"twitter:card\" content=\"summary_large_image\" \/>\n<meta name=\"twitter:label1\" content=\"Est. reading time\" \/>\n\t<meta name=\"twitter:data1\" content=\"3 minutes\" \/>\n<script type=\"application\/ld+json\" class=\"yoast-schema-graph\">{\"@context\":\"https:\\\/\\\/schema.org\",\"@graph\":[{\"@type\":\"WebPage\",\"@id\":\"https:\\\/\\\/zonafrancabarranquilla.com\\\/usuarios\\\/requisitos-para-ser-usuario\\\/\",\"url\":\"https:\\\/\\\/zonafrancabarranquilla.com\\\/usuarios\\\/requisitos-para-ser-usuario\\\/\",\"name\":\"Requisitos para ser usuario - Zona Franca de Barranquilla\",\"isPartOf\":{\"@id\":\"https:\\\/\\\/zonafrancabarranquilla.com\\\/#website\"},\"primaryImageOfPage\":{\"@id\":\"https:\\\/\\\/zonafrancabarranquilla.com\\\/usuarios\\\/requisitos-para-ser-usuario\\\/#primaryimage\"},\"image\":{\"@id\":\"https:\\\/\\\/zonafrancabarranquilla.com\\\/usuarios\\\/requisitos-para-ser-usuario\\\/#primaryimage\"},\"thumbnailUrl\":\"https:\\\/\\\/zonafrancabarranquilla.com\\\/wp-content\\\/uploads\\\/2021\\\/03\\\/sep-1-8.png\",\"datePublished\":\"2021-03-30T23:34:42+00:00\",\"dateModified\":\"2021-05-12T20:20:37+00:00\",\"breadcrumb\":{\"@id\":\"https:\\\/\\\/zonafrancabarranquilla.com\\\/usuarios\\\/requisitos-para-ser-usuario\\\/#breadcrumb\"},\"inLanguage\":\"en-US\",\"potentialAction\":[{\"@type\":\"ReadAction\",\"target\":[\"https:\\\/\\\/zonafrancabarranquilla.com\\\/usuarios\\\/requisitos-para-ser-usuario\\\/\"]}]},{\"@type\":\"ImageObject\",\"inLanguage\":\"en-US\",\"@id\":\"https:\\\/\\\/zonafrancabarranquilla.com\\\/usuarios\\\/requisitos-para-ser-usuario\\\/#primaryimage\",\"url\":\"https:\\\/\\\/zonafrancabarranquilla.com\\\/wp-content\\\/uploads\\\/2021\\\/03\\\/sep-1-8.png\",\"contentUrl\":\"https:\\\/\\\/zonafrancabarranquilla.com\\\/wp-content\\\/uploads\\\/2021\\\/03\\\/sep-1-8.png\"},{\"@type\":\"BreadcrumbList\",\"@id\":\"https:\\\/\\\/zonafrancabarranquilla.com\\\/usuarios\\\/requisitos-para-ser-usuario\\\/#breadcrumb\",\"itemListElement\":[{\"@type\":\"ListItem\",\"position\":1,\"name\":\"Portada\",\"item\":\"https:\\\/\\\/zonafrancabarranquilla.com\\\/\"},{\"@type\":\"ListItem\",\"position\":2,\"name\":\"Usuarios\",\"item\":\"https:\\\/\\\/zonafrancabarranquilla.com\\\/usuarios\\\/\"},{\"@type\":\"ListItem\",\"position\":3,\"name\":\"Requisitos para ser usuario\"}]},{\"@type\":\"WebSite\",\"@id\":\"https:\\\/\\\/zonafrancabarranquilla.com\\\/#website\",\"url\":\"https:\\\/\\\/zonafrancabarranquilla.com\\\/\",\"name\":\"Zona Franca de Barranquilla\",\"description\":\"La Zona Franca de Barranquilla\",\"publisher\":{\"@id\":\"https:\\\/\\\/zonafrancabarranquilla.com\\\/#organization\"},\"potentialAction\":[{\"@type\":\"SearchAction\",\"target\":{\"@type\":\"EntryPoint\",\"urlTemplate\":\"https:\\\/\\\/zonafrancabarranquilla.com\\\/?s={search_term_string}\"},\"query-input\":{\"@type\":\"PropertyValueSpecification\",\"valueRequired\":true,\"valueName\":\"search_term_string\"}}],\"inLanguage\":\"en-US\"},{\"@type\":\"Organization\",\"@id\":\"https:\\\/\\\/zonafrancabarranquilla.com\\\/#organization\",\"name\":\"Zona Franca de Barranquilla\",\"url\":\"https:\\\/\\\/zonafrancabarranquilla.com\\\/\",\"logo\":{\"@type\":\"ImageObject\",\"inLanguage\":\"en-US\",\"@id\":\"https:\\\/\\\/zonafrancabarranquilla.com\\\/#\\\/schema\\\/logo\\\/image\\\/\",\"url\":\"https:\\\/\\\/zonafrancabarranquilla.com\\\/wp-content\\\/uploads\\\/2021\\\/03\\\/globologo-50.jpg\",\"contentUrl\":\"https:\\\/\\\/zonafrancabarranquilla.com\\\/wp-content\\\/uploads\\\/2021\\\/03\\\/globologo-50.jpg\",\"width\":604,\"height\":630,\"caption\":\"Zona Franca de Barranquilla\"},\"image\":{\"@id\":\"https:\\\/\\\/zonafrancabarranquilla.com\\\/#\\\/schema\\\/logo\\\/image\\\/\"}}]}<\/script>\n<!-- \/ Yoast SEO plugin. -->","yoast_head_json":{"title":"Requisitos para ser usuario - Zona Franca de Barranquilla","robots":{"index":"index","follow":"follow","max-snippet":"max-snippet:-1","max-image-preview":"max-image-preview:large","max-video-preview":"max-video-preview:-1"},"canonical":"https:\/\/zonafrancabarranquilla.com\/en\/usuarios\/requisitos-para-ser-usuario\/","og_locale":"en_US","og_type":"article","og_title":"Requisitos para ser usuario - Zona Franca de Barranquilla","og_description":"REQUISITOS PARA SER USUARIO Somos el mejor lugar para tu empresa en la Costa Caribe. \u00bfQuieres ser usuario? Para ser parte de Zona Franca Barranquilla debes ser calificado como usuario industrial de bienes, usuario industrial de servicios o usuario comercial de una zona franca permanente. Conoce los requisitos para ser usuario y calificaci\u00f3n de usuarios ... Read more","og_url":"https:\/\/zonafrancabarranquilla.com\/en\/usuarios\/requisitos-para-ser-usuario\/","og_site_name":"Zona Franca de Barranquilla","article_modified_time":"2021-05-12T20:20:37+00:00","og_image":[{"url":"https:\/\/zonafrancabarranquilla.com\/wp-content\/uploads\/2021\/03\/sep-1-8.png","type":"","width":"","height":""}],"twitter_card":"summary_large_image","twitter_misc":{"Est. reading time":"3 minutes"},"schema":{"@context":"https:\/\/schema.org","@graph":[{"@type":"WebPage","@id":"https:\/\/zonafrancabarranquilla.com\/usuarios\/requisitos-para-ser-usuario\/","url":"https:\/\/zonafrancabarranquilla.com\/usuarios\/requisitos-para-ser-usuario\/","name":"Requisitos para ser usuario - Zona Franca de Barranquilla","isPartOf":{"@id":"https:\/\/zonafrancabarranquilla.com\/#website"},"primaryImageOfPage":{"@id":"https:\/\/zonafrancabarranquilla.com\/usuarios\/requisitos-para-ser-usuario\/#primaryimage"},"image":{"@id":"https:\/\/zonafrancabarranquilla.com\/usuarios\/requisitos-para-ser-usuario\/#primaryimage"},"thumbnailUrl":"https:\/\/zonafrancabarranquilla.com\/wp-content\/uploads\/2021\/03\/sep-1-8.png","datePublished":"2021-03-30T23:34:42+00:00","dateModified":"2021-05-12T20:20:37+00:00","breadcrumb":{"@id":"https:\/\/zonafrancabarranquilla.com\/usuarios\/requisitos-para-ser-usuario\/#breadcrumb"},"inLanguage":"en-US","potentialAction":[{"@type":"ReadAction","target":["https:\/\/zonafrancabarranquilla.com\/usuarios\/requisitos-para-ser-usuario\/"]}]},{"@type":"ImageObject","inLanguage":"en-US","@id":"https:\/\/zonafrancabarranquilla.com\/usuarios\/requisitos-para-ser-usuario\/#primaryimage","url":"https:\/\/zonafrancabarranquilla.com\/wp-content\/uploads\/2021\/03\/sep-1-8.png","contentUrl":"https:\/\/zonafrancabarranquilla.com\/wp-content\/uploads\/2021\/03\/sep-1-8.png"},{"@type":"BreadcrumbList","@id":"https:\/\/zonafrancabarranquilla.com\/usuarios\/requisitos-para-ser-usuario\/#breadcrumb","itemListElement":[{"@type":"ListItem","position":1,"name":"Portada","item":"https:\/\/zonafrancabarranquilla.com\/"},{"@type":"ListItem","position":2,"name":"Usuarios","item":"https:\/\/zonafrancabarranquilla.com\/usuarios\/"},{"@type":"ListItem","position":3,"name":"Requisitos para ser usuario"}]},{"@type":"WebSite","@id":"https:\/\/zonafrancabarranquilla.com\/#website","url":"https:\/\/zonafrancabarranquilla.com\/","name":"Barranquilla Free Trade Zone","description":"La Zona Franca de Barranquilla","publisher":{"@id":"https:\/\/zonafrancabarranquilla.com\/#organization"},"potentialAction":[{"@type":"SearchAction","target":{"@type":"EntryPoint","urlTemplate":"https:\/\/zonafrancabarranquilla.com\/?s={search_term_string}"},"query-input":{"@type":"PropertyValueSpecification","valueRequired":true,"valueName":"search_term_string"}}],"inLanguage":"en-US"},{"@type":"Organization","@id":"https:\/\/zonafrancabarranquilla.com\/#organization","name":"Barranquilla Free Trade Zone","url":"https:\/\/zonafrancabarranquilla.com\/","logo":{"@type":"ImageObject","inLanguage":"en-US","@id":"https:\/\/zonafrancabarranquilla.com\/#\/schema\/logo\/image\/","url":"https:\/\/zonafrancabarranquilla.com\/wp-content\/uploads\/2021\/03\/globologo-50.jpg","contentUrl":"https:\/\/zonafrancabarranquilla.com\/wp-content\/uploads\/2021\/03\/globologo-50.jpg","width":604,"height":630,"caption":"Zona Franca de Barranquilla"},"image":{"@id":"https:\/\/zonafrancabarranquilla.com\/#\/schema\/logo\/image\/"}}]}},"_links":{"self":[{"href":"https:\/\/zonafrancabarranquilla.com\/en\/wp-json\/wp\/v2\/pages\/1674","targetHints":{"allow":["GET"]}}],"collection":[{"href":"https:\/\/zonafrancabarranquilla.com\/en\/wp-json\/wp\/v2\/pages"}],"about":[{"href":"https:\/\/zonafrancabarranquilla.com\/en\/wp-json\/wp\/v2\/types\/page"}],"author":[{"embeddable":true,"href":"https:\/\/zonafrancabarranquilla.com\/en\/wp-json\/wp\/v2\/users\/1"}],"replies":[{"embeddable":true,"href":"https:\/\/zonafrancabarranquilla.com\/en\/wp-json\/wp\/v2\/comments?post=1674"}],"version-history":[{"count":64,"href":"https:\/\/zonafrancabarranquilla.com\/en\/wp-json\/wp\/v2\/pages\/1674\/revisions"}],"predecessor-version":[{"id":4597,"href":"https:\/\/zonafrancabarranquilla.com\/en\/wp-json\/wp\/v2\/pages\/1674\/revisions\/4597"}],"up":[{"embeddable":true,"href":"https:\/\/zonafrancabarranquilla.com\/en\/wp-json\/wp\/v2\/pages\/1672"}],"wp:attachment":[{"href":"https:\/\/zonafrancabarranquilla.com\/en\/wp-json\/wp\/v2\/media?parent=1674"}],"curies":[{"name":"wp","href":"https:\/\/api.w.org\/{rel}","templated":true}]}}