{"id":1664,"date":"2021-03-30T23:31:45","date_gmt":"2021-03-30T23:31:45","guid":{"rendered":"https:\/\/zonafrancabarranquilla.com\/?page_id=1664"},"modified":"2026-01-06T10:00:54","modified_gmt":"2026-01-06T15:00:54","slug":"trabaja-con-nosotros","status":"publish","type":"page","link":"https:\/\/zonafrancabarranquilla.com\/en\/nosotros\/trabaja-con-nosotros\/","title":{"rendered":"Work with us"},"content":{"rendered":"\t\t<div data-elementor-type=\"wp-page\" data-elementor-id=\"1664\" class=\"elementor elementor-1664\" data-elementor-post-type=\"page\">\n\t\t\t\t\t\t<section class=\"elementor-section elementor-top-section elementor-element elementor-element-5ea75df elementor-section-height-min-height parallax elementor-section-boxed elementor-section-height-default elementor-section-items-middle\" data-id=\"5ea75df\" data-element_type=\"section\" data-e-type=\"section\" data-settings=\"{&quot;background_background&quot;:&quot;classic&quot;}\">\n\t\t\t\t\t\t\t<div class=\"elementor-background-overlay\"><\/div>\n\t\t\t\t\t\t\t<div class=\"elementor-container elementor-column-gap-default\">\n\t\t\t\t\t<div class=\"elementor-column elementor-col-50 elementor-top-column elementor-element elementor-element-45ba514\" data-id=\"45ba514\" data-element_type=\"column\" data-e-type=\"column\">\n\t\t\t<div class=\"elementor-widget-wrap\">\n\t\t\t\t\t\t\t<\/div>\n\t\t<\/div>\n\t\t\t\t<div class=\"elementor-column elementor-col-50 elementor-top-column elementor-element elementor-element-91b91b1\" data-id=\"91b91b1\" data-element_type=\"column\" data-e-type=\"column\">\n\t\t\t<div class=\"elementor-widget-wrap elementor-element-populated\">\n\t\t\t\t\t\t<div class=\"elementor-element elementor-element-a1303ee elementor-widget elementor-widget-heading\" data-id=\"a1303ee\" data-element_type=\"widget\" data-e-type=\"widget\" data-widget_type=\"heading.default\">\n\t\t\t\t<div class=\"elementor-widget-container\">\n\t\t\t\t\t<h2 class=\"elementor-heading-title elementor-size-default\">TRABAJA<br>\nCON NOSOTROS<\/h2>\t\t\t\t<\/div>\n\t\t\t\t<\/div>\n\t\t\t\t<div class=\"elementor-element elementor-element-3cf1da1 elementor-widget elementor-widget-image\" data-id=\"3cf1da1\" data-element_type=\"widget\" data-e-type=\"widget\" data-widget_type=\"image.default\">\n\t\t\t\t<div class=\"elementor-widget-container\">\n\t\t\t\t\t\t\t\t\t\t\t\t\t\t\t<img decoding=\"async\" width=\"511\" height=\"5\" src=\"https:\/\/zonafrancabarranquilla.com\/wp-content\/uploads\/2021\/03\/sep-1-8.png\" class=\"attachment-large size-large wp-image-23\" alt=\"\" srcset=\"https:\/\/zonafrancabarranquilla.com\/wp-content\/uploads\/2021\/03\/sep-1-8.png 511w, https:\/\/zonafrancabarranquilla.com\/wp-content\/uploads\/2021\/03\/sep-1-8-300x3.png 300w, https:\/\/zonafrancabarranquilla.com\/wp-content\/uploads\/2021\/03\/sep-1-8-480x5.png 480w\" sizes=\"(max-width: 511px) 100vw, 511px\" \/>\t\t\t\t\t\t\t\t\t\t\t\t\t\t\t<\/div>\n\t\t\t\t<\/div>\n\t\t\t\t<div class=\"elementor-element elementor-element-11536f1 elementor-widget elementor-widget-text-editor\" data-id=\"11536f1\" data-element_type=\"widget\" data-e-type=\"widget\" data-widget_type=\"text-editor.default\">\n\t\t\t\t<div class=\"elementor-widget-container\">\n\t\t\t\t\t\t\t\t\t<p>Zona Franca de Barranquilla<\/p>\t\t\t\t\t\t\t\t<\/div>\n\t\t\t\t<\/div>\n\t\t\t\t\t<\/div>\n\t\t<\/div>\n\t\t\t\t\t<\/div>\n\t\t<\/section>\n\t\t\t\t<section class=\"elementor-section elementor-top-section elementor-element elementor-element-3160359 elementor-section-boxed elementor-section-height-default elementor-section-height-default\" data-id=\"3160359\" data-element_type=\"section\" data-e-type=\"section\" data-settings=\"{&quot;background_background&quot;:&quot;classic&quot;}\">\n\t\t\t\t\t\t<div class=\"elementor-container elementor-column-gap-default\">\n\t\t\t\t\t<div class=\"elementor-column elementor-col-50 elementor-top-column elementor-element elementor-element-03b451b\" data-id=\"03b451b\" data-element_type=\"column\" data-e-type=\"column\">\n\t\t\t<div class=\"elementor-widget-wrap elementor-element-populated\">\n\t\t\t\t\t\t<div class=\"elementor-element elementor-element-801c8d3 elementor-widget elementor-widget-image\" data-id=\"801c8d3\" data-element_type=\"widget\" data-e-type=\"widget\" data-widget_type=\"image.default\">\n\t\t\t\t<div class=\"elementor-widget-container\">\n\t\t\t\t\t\t\t\t\t\t\t\t\t\t\t<img fetchpriority=\"high\" decoding=\"async\" width=\"604\" height=\"630\" src=\"https:\/\/zonafrancabarranquilla.com\/wp-content\/uploads\/2021\/03\/globologo-50.jpg\" class=\"attachment-large size-large wp-image-1790\" alt=\"\" srcset=\"https:\/\/zonafrancabarranquilla.com\/wp-content\/uploads\/2021\/03\/globologo-50.jpg 604w, https:\/\/zonafrancabarranquilla.com\/wp-content\/uploads\/2021\/03\/globologo-50-288x300.jpg 288w\" sizes=\"(max-width: 604px) 100vw, 604px\" \/>\t\t\t\t\t\t\t\t\t\t\t\t\t\t\t<\/div>\n\t\t\t\t<\/div>\n\t\t\t\t\t<\/div>\n\t\t<\/div>\n\t\t\t\t<div class=\"elementor-column elementor-col-50 elementor-top-column elementor-element elementor-element-fea61eb\" data-id=\"fea61eb\" data-element_type=\"column\" data-e-type=\"column\" data-settings=\"{&quot;background_background&quot;:&quot;classic&quot;}\">\n\t\t\t<div class=\"elementor-widget-wrap elementor-element-populated\">\n\t\t\t\t\t\t<div class=\"elementor-element elementor-element-2fd84a3 elementor-widget elementor-widget-heading\" data-id=\"2fd84a3\" data-element_type=\"widget\" data-e-type=\"widget\" data-widget_type=\"heading.default\">\n\t\t\t\t<div class=\"elementor-widget-container\">\n\t\t\t\t\t<h2 class=\"elementor-heading-title elementor-size-default\">Forma parte de<br>\nNUESTRO EQUIPO<\/h2>\t\t\t\t<\/div>\n\t\t\t\t<\/div>\n\t\t\t\t<div class=\"elementor-element elementor-element-43aa34a elementor-widget elementor-widget-text-editor\" data-id=\"43aa34a\" data-element_type=\"widget\" data-e-type=\"widget\" data-widget_type=\"text-editor.default\">\n\t\t\t\t<div class=\"elementor-widget-container\">\n\t\t\t\t\t\t\t\t\t<p>Danos tus datos de contacto y adjunta tu hoja de vida en Pdf, as\u00ed formar\u00e1s parte de nuestra base de datos. <br \/>Tama\u00f1o m\u00e1ximo del archivo <strong>2 megas<\/strong>. Admitidos: Pdf, Docx.<\/p>\t\t\t\t\t\t\t\t<\/div>\n\t\t\t\t<\/div>\n\t\t\t\t<div class=\"elementor-element elementor-element-f1b3847 elementor-button-align-stretch elementor-widget elementor-widget-form\" data-id=\"f1b3847\" data-element_type=\"widget\" data-e-type=\"widget\" data-settings=\"{&quot;step_next_label&quot;:&quot;Next&quot;,&quot;step_previous_label&quot;:&quot;Previous&quot;,&quot;button_width&quot;:&quot;100&quot;,&quot;step_type&quot;:&quot;number_text&quot;,&quot;step_icon_shape&quot;:&quot;circle&quot;}\" data-widget_type=\"form.default\">\n\t\t\t\t<div class=\"elementor-widget-container\">\n\t\t\t\t\t\t\t<form class=\"elementor-form\" method=\"post\" name=\"trabaja con nosotros\" aria-label=\"trabaja con nosotros\">\n\t\t\t<input type=\"hidden\" name=\"post_id\" value=\"1664\"\/>\n\t\t\t<input type=\"hidden\" name=\"form_id\" value=\"f1b3847\"\/>\n\t\t\t<input type=\"hidden\" name=\"referer_title\" value=\"Trabaja con nosotros - Zona Franca de Barranquilla\" \/>\n\n\t\t\t\t\t\t\t<input type=\"hidden\" name=\"queried_id\" value=\"1664\"\/>\n\t\t\t\n\t\t\t<div class=\"elementor-form-fields-wrapper elementor-labels-\">\n\t\t\t\t\t\t\t\t<div class=\"elementor-field-type-text elementor-field-group elementor-column elementor-field-group-name elementor-col-50 elementor-field-required\">\n\t\t\t\t\t\t\t\t\t\t\t\t<label for=\"form-field-name\" class=\"elementor-field-label elementor-screen-only\">\n\t\t\t\t\t\t\t\tNombre\t\t\t\t\t\t\t<\/label>\n\t\t\t\t\t\t\t\t\t\t\t\t\t\t<input size=\"1\" type=\"text\" name=\"form_fields[name]\" id=\"form-field-name\" class=\"elementor-field elementor-size-sm  elementor-field-textual\" placeholder=\"Nombre\" required=\"required\">\n\t\t\t\t\t\t\t\t\t\t\t<\/div>\n\t\t\t\t\t\t\t\t<div class=\"elementor-field-type-text elementor-field-group elementor-column elementor-field-group-field_959ef78 elementor-col-50 elementor-field-required\">\n\t\t\t\t\t\t\t\t\t\t\t\t<label for=\"form-field-field_959ef78\" class=\"elementor-field-label elementor-screen-only\">\n\t\t\t\t\t\t\t\tApellido\t\t\t\t\t\t\t<\/label>\n\t\t\t\t\t\t\t\t\t\t\t\t\t\t<input size=\"1\" type=\"text\" name=\"form_fields[field_959ef78]\" id=\"form-field-field_959ef78\" class=\"elementor-field elementor-size-sm  elementor-field-textual\" placeholder=\"Apellido\" required=\"required\">\n\t\t\t\t\t\t\t\t\t\t\t<\/div>\n\t\t\t\t\t\t\t\t<div class=\"elementor-field-type-email elementor-field-group elementor-column elementor-field-group-email elementor-col-100 elementor-field-required\">\n\t\t\t\t\t\t\t\t\t\t\t\t<label for=\"form-field-email\" class=\"elementor-field-label elementor-screen-only\">\n\t\t\t\t\t\t\t\tEmail\t\t\t\t\t\t\t<\/label>\n\t\t\t\t\t\t\t\t\t\t\t\t\t\t<input size=\"1\" type=\"email\" name=\"form_fields[email]\" id=\"form-field-email\" class=\"elementor-field elementor-size-sm  elementor-field-textual\" placeholder=\"Email\" required=\"required\">\n\t\t\t\t\t\t\t\t\t\t\t<\/div>\n\t\t\t\t\t\t\t\t<div class=\"elementor-field-type-textarea elementor-field-group elementor-column elementor-field-group-message elementor-col-100\">\n\t\t\t\t\t\t\t\t\t\t\t\t<label for=\"form-field-message\" class=\"elementor-field-label elementor-screen-only\">\n\t\t\t\t\t\t\t\tMensaje\t\t\t\t\t\t\t<\/label>\n\t\t\t\t\t\t<textarea class=\"elementor-field-textual elementor-field  elementor-size-sm\" name=\"form_fields[message]\" id=\"form-field-message\" rows=\"4\" placeholder=\"Mensaje\"><\/textarea>\t\t\t\t<\/div>\n\t\t\t\t\t\t\t\t<div class=\"elementor-field-type-upload elementor-field-group elementor-column elementor-field-group-field_5371afa elementor-col-100 elementor-field-required\">\n\t\t\t\t\t\t\t\t\t\t\t\t<label for=\"form-field-field_5371afa\" class=\"elementor-field-label elementor-screen-only\">\n\t\t\t\t\t\t\t\tAdjuntar hoja de vida en archivo PDF o WORD *Tama\u00f1o M\u00e1ximo 2 megas\t\t\t\t\t\t\t<\/label>\n\t\t\t\t\t\t\t\t<input type=\"file\" name=\"form_fields[field_5371afa]\" id=\"form-field-field_5371afa\" class=\"elementor-field elementor-size-sm  elementor-upload-field\" required=\"required\" data-maxsize=\"2\" data-maxsize-message=\"Este archivo excede el tama\u00f1o m\u00e1ximo permitido.\">\n\n\t\t\t\t\t\t<\/div>\n\t\t\t\t\t\t\t\t<div class=\"elementor-field-group elementor-column elementor-field-type-submit elementor-col-100 e-form__buttons\">\n\t\t\t\t\t<button class=\"elementor-button elementor-size-sm\" type=\"submit\">\n\t\t\t\t\t\t<span class=\"elementor-button-content-wrapper\">\n\t\t\t\t\t\t\t\t\t\t\t\t\t\t\t\t\t\t\t\t\t\t<span class=\"elementor-button-text\">Enviar<\/span>\n\t\t\t\t\t\t\t\t\t\t\t\t\t<\/span>\n\t\t\t\t\t<\/button>\n\t\t\t\t<\/div>\n\t\t\t<\/div>\n\t\t<\/form>\n\t\t\t\t\t\t<\/div>\n\t\t\t\t<\/div>\n\t\t\t\t\t<\/div>\n\t\t<\/div>\n\t\t\t\t\t<\/div>\n\t\t<\/section>\n\t\t\t\t<\/div>\n\t\t","protected":false},"excerpt":{"rendered":"<p>TRABAJA CON NOSOTROS Zona Franca de Barranquilla Forma parte de NUESTRO EQUIPO Danos tus datos de contacto y adjunta tu hoja de vida en Pdf, as\u00ed formar\u00e1s parte de nuestra base de datos. Tama\u00f1o m\u00e1ximo del archivo 2 megas. Admitidos: Pdf, Docx.<\/p>","protected":false},"author":1,"featured_media":0,"parent":299,"menu_order":0,"comment_status":"closed","ping_status":"closed","template":"elementor_header_footer","meta":{"_acf_changed":false,"footnotes":""},"class_list":["post-1664","page","type-page","status-publish"],"acf":[],"yoast_head":"<!-- This site is optimized with the Yoast SEO plugin v27.4 - https:\/\/yoast.com\/product\/yoast-seo-wordpress\/ -->\n<title>Trabaja con nosotros - Zona Franca de Barranquilla<\/title>\n<meta name=\"robots\" content=\"index, follow, max-snippet:-1, max-image-preview:large, max-video-preview:-1\" \/>\n<link rel=\"canonical\" href=\"https:\/\/zonafrancabarranquilla.com\/en\/nosotros\/trabaja-con-nosotros\/\" \/>\n<meta property=\"og:locale\" content=\"en_US\" \/>\n<meta property=\"og:type\" content=\"article\" \/>\n<meta property=\"og:title\" content=\"Trabaja con nosotros - Zona Franca de Barranquilla\" \/>\n<meta property=\"og:description\" content=\"TRABAJA CON NOSOTROS Zona Franca de Barranquilla Forma parte de NUESTRO EQUIPO Danos tus datos de contacto y adjunta tu hoja de vida en Pdf, as\u00ed formar\u00e1s parte de nuestra base de datos. Tama\u00f1o m\u00e1ximo del archivo 2 megas. Admitidos: Pdf, Docx.\" \/>\n<meta property=\"og:url\" content=\"https:\/\/zonafrancabarranquilla.com\/en\/nosotros\/trabaja-con-nosotros\/\" \/>\n<meta property=\"og:site_name\" content=\"Zona Franca de Barranquilla\" \/>\n<meta property=\"article:modified_time\" content=\"2026-01-06T15:00:54+00:00\" \/>\n<meta property=\"og:image\" content=\"https:\/\/zonafrancabarranquilla.com\/wp-content\/uploads\/2021\/03\/sep-1-8.png\" \/>\n\t<meta property=\"og:image:width\" content=\"511\" \/>\n\t<meta property=\"og:image:height\" content=\"5\" \/>\n\t<meta property=\"og:image:type\" content=\"image\/png\" \/>\n<meta name=\"twitter:card\" content=\"summary_large_image\" \/>\n<meta name=\"twitter:label1\" content=\"Est. reading time\" \/>\n\t<meta name=\"twitter:data1\" content=\"1 minute\" \/>\n<script type=\"application\/ld+json\" class=\"yoast-schema-graph\">{\"@context\":\"https:\\\/\\\/schema.org\",\"@graph\":[{\"@type\":\"WebPage\",\"@id\":\"https:\\\/\\\/zonafrancabarranquilla.com\\\/nosotros\\\/trabaja-con-nosotros\\\/\",\"url\":\"https:\\\/\\\/zonafrancabarranquilla.com\\\/nosotros\\\/trabaja-con-nosotros\\\/\",\"name\":\"Trabaja con nosotros - Zona Franca de Barranquilla\",\"isPartOf\":{\"@id\":\"https:\\\/\\\/zonafrancabarranquilla.com\\\/#website\"},\"primaryImageOfPage\":{\"@id\":\"https:\\\/\\\/zonafrancabarranquilla.com\\\/nosotros\\\/trabaja-con-nosotros\\\/#primaryimage\"},\"image\":{\"@id\":\"https:\\\/\\\/zonafrancabarranquilla.com\\\/nosotros\\\/trabaja-con-nosotros\\\/#primaryimage\"},\"thumbnailUrl\":\"https:\\\/\\\/zonafrancabarranquilla.com\\\/wp-content\\\/uploads\\\/2021\\\/03\\\/sep-1-8.png\",\"datePublished\":\"2021-03-30T23:31:45+00:00\",\"dateModified\":\"2026-01-06T15:00:54+00:00\",\"breadcrumb\":{\"@id\":\"https:\\\/\\\/zonafrancabarranquilla.com\\\/nosotros\\\/trabaja-con-nosotros\\\/#breadcrumb\"},\"inLanguage\":\"en-US\",\"potentialAction\":[{\"@type\":\"ReadAction\",\"target\":[\"https:\\\/\\\/zonafrancabarranquilla.com\\\/nosotros\\\/trabaja-con-nosotros\\\/\"]}]},{\"@type\":\"ImageObject\",\"inLanguage\":\"en-US\",\"@id\":\"https:\\\/\\\/zonafrancabarranquilla.com\\\/nosotros\\\/trabaja-con-nosotros\\\/#primaryimage\",\"url\":\"https:\\\/\\\/zonafrancabarranquilla.com\\\/wp-content\\\/uploads\\\/2021\\\/03\\\/sep-1-8.png\",\"contentUrl\":\"https:\\\/\\\/zonafrancabarranquilla.com\\\/wp-content\\\/uploads\\\/2021\\\/03\\\/sep-1-8.png\"},{\"@type\":\"BreadcrumbList\",\"@id\":\"https:\\\/\\\/zonafrancabarranquilla.com\\\/nosotros\\\/trabaja-con-nosotros\\\/#breadcrumb\",\"itemListElement\":[{\"@type\":\"ListItem\",\"position\":1,\"name\":\"Portada\",\"item\":\"https:\\\/\\\/zonafrancabarranquilla.com\\\/\"},{\"@type\":\"ListItem\",\"position\":2,\"name\":\"Nosotros\",\"item\":\"https:\\\/\\\/zonafrancabarranquilla.com\\\/nosotros\\\/\"},{\"@type\":\"ListItem\",\"position\":3,\"name\":\"Trabaja con nosotros\"}]},{\"@type\":\"WebSite\",\"@id\":\"https:\\\/\\\/zonafrancabarranquilla.com\\\/#website\",\"url\":\"https:\\\/\\\/zonafrancabarranquilla.com\\\/\",\"name\":\"Zona Franca de Barranquilla\",\"description\":\"La Zona Franca de Barranquilla\",\"publisher\":{\"@id\":\"https:\\\/\\\/zonafrancabarranquilla.com\\\/#organization\"},\"potentialAction\":[{\"@type\":\"SearchAction\",\"target\":{\"@type\":\"EntryPoint\",\"urlTemplate\":\"https:\\\/\\\/zonafrancabarranquilla.com\\\/?s={search_term_string}\"},\"query-input\":{\"@type\":\"PropertyValueSpecification\",\"valueRequired\":true,\"valueName\":\"search_term_string\"}}],\"inLanguage\":\"en-US\"},{\"@type\":\"Organization\",\"@id\":\"https:\\\/\\\/zonafrancabarranquilla.com\\\/#organization\",\"name\":\"Zona Franca de Barranquilla\",\"url\":\"https:\\\/\\\/zonafrancabarranquilla.com\\\/\",\"logo\":{\"@type\":\"ImageObject\",\"inLanguage\":\"en-US\",\"@id\":\"https:\\\/\\\/zonafrancabarranquilla.com\\\/#\\\/schema\\\/logo\\\/image\\\/\",\"url\":\"https:\\\/\\\/zonafrancabarranquilla.com\\\/wp-content\\\/uploads\\\/2021\\\/03\\\/globologo-50.jpg\",\"contentUrl\":\"https:\\\/\\\/zonafrancabarranquilla.com\\\/wp-content\\\/uploads\\\/2021\\\/03\\\/globologo-50.jpg\",\"width\":604,\"height\":630,\"caption\":\"Zona Franca de Barranquilla\"},\"image\":{\"@id\":\"https:\\\/\\\/zonafrancabarranquilla.com\\\/#\\\/schema\\\/logo\\\/image\\\/\"}}]}<\/script>\n<!-- \/ Yoast SEO plugin. -->","yoast_head_json":{"title":"Trabaja con nosotros - Zona Franca de Barranquilla","robots":{"index":"index","follow":"follow","max-snippet":"max-snippet:-1","max-image-preview":"max-image-preview:large","max-video-preview":"max-video-preview:-1"},"canonical":"https:\/\/zonafrancabarranquilla.com\/en\/nosotros\/trabaja-con-nosotros\/","og_locale":"en_US","og_type":"article","og_title":"Trabaja con nosotros - Zona Franca de Barranquilla","og_description":"TRABAJA CON NOSOTROS Zona Franca de Barranquilla Forma parte de NUESTRO EQUIPO Danos tus datos de contacto y adjunta tu hoja de vida en Pdf, as\u00ed formar\u00e1s parte de nuestra base de datos. Tama\u00f1o m\u00e1ximo del archivo 2 megas. Admitidos: Pdf, Docx.","og_url":"https:\/\/zonafrancabarranquilla.com\/en\/nosotros\/trabaja-con-nosotros\/","og_site_name":"Zona Franca de Barranquilla","article_modified_time":"2026-01-06T15:00:54+00:00","og_image":[{"width":511,"height":5,"url":"https:\/\/zonafrancabarranquilla.com\/wp-content\/uploads\/2021\/03\/sep-1-8.png","type":"image\/png"}],"twitter_card":"summary_large_image","twitter_misc":{"Est. reading time":"1 minute"},"schema":{"@context":"https:\/\/schema.org","@graph":[{"@type":"WebPage","@id":"https:\/\/zonafrancabarranquilla.com\/nosotros\/trabaja-con-nosotros\/","url":"https:\/\/zonafrancabarranquilla.com\/nosotros\/trabaja-con-nosotros\/","name":"Trabaja con nosotros - Zona Franca de Barranquilla","isPartOf":{"@id":"https:\/\/zonafrancabarranquilla.com\/#website"},"primaryImageOfPage":{"@id":"https:\/\/zonafrancabarranquilla.com\/nosotros\/trabaja-con-nosotros\/#primaryimage"},"image":{"@id":"https:\/\/zonafrancabarranquilla.com\/nosotros\/trabaja-con-nosotros\/#primaryimage"},"thumbnailUrl":"https:\/\/zonafrancabarranquilla.com\/wp-content\/uploads\/2021\/03\/sep-1-8.png","datePublished":"2021-03-30T23:31:45+00:00","dateModified":"2026-01-06T15:00:54+00:00","breadcrumb":{"@id":"https:\/\/zonafrancabarranquilla.com\/nosotros\/trabaja-con-nosotros\/#breadcrumb"},"inLanguage":"en-US","potentialAction":[{"@type":"ReadAction","target":["https:\/\/zonafrancabarranquilla.com\/nosotros\/trabaja-con-nosotros\/"]}]},{"@type":"ImageObject","inLanguage":"en-US","@id":"https:\/\/zonafrancabarranquilla.com\/nosotros\/trabaja-con-nosotros\/#primaryimage","url":"https:\/\/zonafrancabarranquilla.com\/wp-content\/uploads\/2021\/03\/sep-1-8.png","contentUrl":"https:\/\/zonafrancabarranquilla.com\/wp-content\/uploads\/2021\/03\/sep-1-8.png"},{"@type":"BreadcrumbList","@id":"https:\/\/zonafrancabarranquilla.com\/nosotros\/trabaja-con-nosotros\/#breadcrumb","itemListElement":[{"@type":"ListItem","position":1,"name":"Portada","item":"https:\/\/zonafrancabarranquilla.com\/"},{"@type":"ListItem","position":2,"name":"Nosotros","item":"https:\/\/zonafrancabarranquilla.com\/nosotros\/"},{"@type":"ListItem","position":3,"name":"Trabaja con nosotros"}]},{"@type":"WebSite","@id":"https:\/\/zonafrancabarranquilla.com\/#website","url":"https:\/\/zonafrancabarranquilla.com\/","name":"Barranquilla Free Trade Zone","description":"La Zona Franca de Barranquilla","publisher":{"@id":"https:\/\/zonafrancabarranquilla.com\/#organization"},"potentialAction":[{"@type":"SearchAction","target":{"@type":"EntryPoint","urlTemplate":"https:\/\/zonafrancabarranquilla.com\/?s={search_term_string}"},"query-input":{"@type":"PropertyValueSpecification","valueRequired":true,"valueName":"search_term_string"}}],"inLanguage":"en-US"},{"@type":"Organization","@id":"https:\/\/zonafrancabarranquilla.com\/#organization","name":"Barranquilla Free Trade Zone","url":"https:\/\/zonafrancabarranquilla.com\/","logo":{"@type":"ImageObject","inLanguage":"en-US","@id":"https:\/\/zonafrancabarranquilla.com\/#\/schema\/logo\/image\/","url":"https:\/\/zonafrancabarranquilla.com\/wp-content\/uploads\/2021\/03\/globologo-50.jpg","contentUrl":"https:\/\/zonafrancabarranquilla.com\/wp-content\/uploads\/2021\/03\/globologo-50.jpg","width":604,"height":630,"caption":"Zona Franca de Barranquilla"},"image":{"@id":"https:\/\/zonafrancabarranquilla.com\/#\/schema\/logo\/image\/"}}]}},"_links":{"self":[{"href":"https:\/\/zonafrancabarranquilla.com\/en\/wp-json\/wp\/v2\/pages\/1664","targetHints":{"allow":["GET"]}}],"collection":[{"href":"https:\/\/zonafrancabarranquilla.com\/en\/wp-json\/wp\/v2\/pages"}],"about":[{"href":"https:\/\/zonafrancabarranquilla.com\/en\/wp-json\/wp\/v2\/types\/page"}],"author":[{"embeddable":true,"href":"https:\/\/zonafrancabarranquilla.com\/en\/wp-json\/wp\/v2\/users\/1"}],"replies":[{"embeddable":true,"href":"https:\/\/zonafrancabarranquilla.com\/en\/wp-json\/wp\/v2\/comments?post=1664"}],"version-history":[{"count":1,"href":"https:\/\/zonafrancabarranquilla.com\/en\/wp-json\/wp\/v2\/pages\/1664\/revisions"}],"predecessor-version":[{"id":13690,"href":"https:\/\/zonafrancabarranquilla.com\/en\/wp-json\/wp\/v2\/pages\/1664\/revisions\/13690"}],"up":[{"embeddable":true,"href":"https:\/\/zonafrancabarranquilla.com\/en\/wp-json\/wp\/v2\/pages\/299"}],"wp:attachment":[{"href":"https:\/\/zonafrancabarranquilla.com\/en\/wp-json\/wp\/v2\/media?parent=1664"}],"curies":[{"name":"wp","href":"https:\/\/api.w.org\/{rel}","templated":true}]}}