{"id":1387,"date":"2021-03-26T16:32:17","date_gmt":"2021-03-26T16:32:17","guid":{"rendered":"https:\/\/zonafrancabarranquilla.com\/?page_id=1387"},"modified":"2023-05-12T21:58:24","modified_gmt":"2023-05-12T21:58:24","slug":"ubicacion","status":"publish","type":"page","link":"https:\/\/zonafrancabarranquilla.com\/en\/nosotros\/ubicacion\/","title":{"rendered":"Location"},"content":{"rendered":"<div data-elementor-type=\"wp-page\" data-elementor-id=\"1387\" class=\"elementor elementor-1387\" data-elementor-post-type=\"page\">\n\t\t\t\t\t\t<section class=\"elementor-section elementor-top-section elementor-element elementor-element-73f1107 elementor-section-height-min-height elementor-section-boxed elementor-section-height-default elementor-section-items-middle\" data-id=\"73f1107\" data-element_type=\"section\" data-e-type=\"section\" data-settings=\"{&quot;background_background&quot;:&quot;classic&quot;}\">\n\t\t\t\t\t\t\t<div class=\"elementor-background-overlay\"><\/div>\n\t\t\t\t\t\t\t<div class=\"elementor-container elementor-column-gap-default\">\n\t\t\t\t\t<div class=\"elementor-column elementor-col-50 elementor-top-column elementor-element elementor-element-8ce5813\" data-id=\"8ce5813\" data-element_type=\"column\" data-e-type=\"column\">\n\t\t\t<div class=\"elementor-widget-wrap\">\n\t\t\t\t\t\t\t<\/div>\n\t\t<\/div>\n\t\t\t\t<div class=\"elementor-column elementor-col-50 elementor-top-column elementor-element elementor-element-15d4210\" data-id=\"15d4210\" data-element_type=\"column\" data-e-type=\"column\">\n\t\t\t<div class=\"elementor-widget-wrap elementor-element-populated\">\n\t\t\t\t\t\t<div class=\"elementor-element elementor-element-60f4c50 elementor-widget elementor-widget-heading\" data-id=\"60f4c50\" data-element_type=\"widget\" data-e-type=\"widget\" data-widget_type=\"heading.default\">\n\t\t\t\t<div class=\"elementor-widget-container\">\n\t\t\t\t\t<h2 class=\"elementor-heading-title elementor-size-default\">Location\nGeographic<\/h2>\t\t\t\t<\/div>\n\t\t\t\t<\/div>\n\t\t\t\t<div class=\"elementor-element elementor-element-7974600 elementor-widget elementor-widget-image\" data-id=\"7974600\" data-element_type=\"widget\" data-e-type=\"widget\" data-widget_type=\"image.default\">\n\t\t\t\t<div class=\"elementor-widget-container\">\n\t\t\t\t\t\t\t\t\t\t\t\t\t\t\t<img decoding=\"async\" width=\"511\" height=\"5\" src=\"https:\/\/zonafrancabarranquilla.com\/wp-content\/uploads\/2021\/03\/sep-1-8.png\" class=\"attachment-large size-large wp-image-23\" alt=\"\" srcset=\"https:\/\/zonafrancabarranquilla.com\/wp-content\/uploads\/2021\/03\/sep-1-8.png 511w, https:\/\/zonafrancabarranquilla.com\/wp-content\/uploads\/2021\/03\/sep-1-8-300x3.png 300w, https:\/\/zonafrancabarranquilla.com\/wp-content\/uploads\/2021\/03\/sep-1-8-480x5.png 480w\" sizes=\"(max-width: 511px) 100vw, 511px\" \/>\t\t\t\t\t\t\t\t\t\t\t\t\t\t\t<\/div>\n\t\t\t\t<\/div>\n\t\t\t\t\t<\/div>\n\t\t<\/div>\n\t\t\t\t\t<\/div>\n\t\t<\/section>\n\t\t\t\t<section class=\"elementor-section elementor-top-section elementor-element elementor-element-5920624 elementor-section-boxed elementor-section-height-default elementor-section-height-default\" data-id=\"5920624\" data-element_type=\"section\" data-e-type=\"section\" data-settings=\"{&quot;background_background&quot;:&quot;classic&quot;}\">\n\t\t\t\t\t\t<div class=\"elementor-container elementor-column-gap-default\">\n\t\t\t\t\t<div class=\"elementor-column elementor-col-100 elementor-top-column elementor-element elementor-element-4412d66\" data-id=\"4412d66\" data-element_type=\"column\" data-e-type=\"column\">\n\t\t\t<div class=\"elementor-widget-wrap elementor-element-populated\">\n\t\t\t\t\t\t<div class=\"elementor-element elementor-element-bc3e2e6 elementor-widget elementor-widget-heading\" data-id=\"bc3e2e6\" data-element_type=\"widget\" data-e-type=\"widget\" data-widget_type=\"heading.default\">\n\t\t\t\t<div class=\"elementor-widget-container\">\n\t\t\t\t\t<h2 class=\"elementor-heading-title elementor-size-default\">Barranquilla, unstoppable city<\/h2>\t\t\t\t<\/div>\n\t\t\t\t<\/div>\n\t\t\t\t\t<\/div>\n\t\t<\/div>\n\t\t\t\t\t<\/div>\n\t\t<\/section>\n\t\t\t\t<section class=\"elementor-section elementor-top-section elementor-element elementor-element-88308f0 elementor-reverse-mobile elementor-section-boxed elementor-section-height-default elementor-section-height-default\" data-id=\"88308f0\" data-element_type=\"section\" data-e-type=\"section\" data-settings=\"{&quot;background_background&quot;:&quot;classic&quot;}\">\n\t\t\t\t\t\t<div class=\"elementor-container elementor-column-gap-default\">\n\t\t\t\t\t<div class=\"elementor-column elementor-col-100 elementor-top-column elementor-element elementor-element-771a461\" data-id=\"771a461\" data-element_type=\"column\" data-e-type=\"column\">\n\t\t\t<div class=\"elementor-widget-wrap elementor-element-populated\">\n\t\t\t\t\t\t<div class=\"elementor-element elementor-element-9e5aede elementor-widget elementor-widget-video\" data-id=\"9e5aede\" data-element_type=\"widget\" data-e-type=\"widget\" data-settings=\"{&quot;youtube_url&quot;:&quot;https:\\\/\\\/www.youtube.com\\\/watch?v=1elutnQRGd8&quot;,&quot;video_type&quot;:&quot;youtube&quot;,&quot;controls&quot;:&quot;yes&quot;}\" data-widget_type=\"video.default\">\n\t\t\t\t<div class=\"elementor-widget-container\">\n\t\t\t\t\t\t\t<div class=\"elementor-wrapper elementor-open-inline\">\n\t\t\t<div class=\"elementor-video\"><\/div>\t\t<\/div>\n\t\t\t\t\t\t<\/div>\n\t\t\t\t<\/div>\n\t\t\t\t\t<\/div>\n\t\t<\/div>\n\t\t\t\t\t<\/div>\n\t\t<\/section>\n\t\t\t\t<section class=\"elementor-section elementor-top-section elementor-element elementor-element-72fc9a7 elementor-section-boxed elementor-section-height-default elementor-section-height-default\" data-id=\"72fc9a7\" data-element_type=\"section\" data-e-type=\"section\" data-settings=\"{&quot;background_background&quot;:&quot;classic&quot;}\">\n\t\t\t\t\t\t<div class=\"elementor-container elementor-column-gap-default\">\n\t\t\t\t\t<div class=\"elementor-column elementor-col-50 elementor-top-column elementor-element elementor-element-eb78762\" data-id=\"eb78762\" data-element_type=\"column\" data-e-type=\"column\" data-settings=\"{&quot;background_background&quot;:&quot;classic&quot;}\">\n\t\t\t<div class=\"elementor-widget-wrap elementor-element-populated\">\n\t\t\t\t\t\t<div class=\"elementor-element elementor-element-8bcd4f6 elementor-widget elementor-widget-spacer\" data-id=\"8bcd4f6\" data-element_type=\"widget\" data-e-type=\"widget\" data-widget_type=\"spacer.default\">\n\t\t\t\t<div class=\"elementor-widget-container\">\n\t\t\t\t\t\t\t<div class=\"elementor-spacer\">\n\t\t\t<div class=\"elementor-spacer-inner\"><\/div>\n\t\t<\/div>\n\t\t\t\t\t\t<\/div>\n\t\t\t\t<\/div>\n\t\t\t\t\t<\/div>\n\t\t<\/div>\n\t\t\t\t<div class=\"elementor-column elementor-col-50 elementor-top-column elementor-element elementor-element-2bf1bc8\" data-id=\"2bf1bc8\" data-element_type=\"column\" data-e-type=\"column\">\n\t\t\t<div class=\"elementor-widget-wrap elementor-element-populated\">\n\t\t\t\t\t\t<div class=\"elementor-element elementor-element-6a1b533 elementor-position-inline-start elementor-view-default elementor-mobile-position-block-start elementor-widget elementor-widget-icon-box\" data-id=\"6a1b533\" data-element_type=\"widget\" data-e-type=\"widget\" data-widget_type=\"icon-box.default\">\n\t\t\t\t<div class=\"elementor-widget-container\">\n\t\t\t\t\t\t\t<div class=\"elementor-icon-box-wrapper\">\n\n\t\t\t\t\t\t<div class=\"elementor-icon-box-icon\">\n\t\t\t\t<span  class=\"elementor-icon\">\n\t\t\t\t<i aria-hidden=\"true\" class=\"far fa-address-card\"><\/i>\t\t\t\t<\/span>\n\t\t\t<\/div>\n\t\t\t\n\t\t\t\t\t\t<div class=\"elementor-icon-box-content\">\n\n\t\t\t\t\t\t\t\t\t<h3 class=\"elementor-icon-box-title\">\n\t\t\t\t\t\t<span  >\n\t\t\t\t\t\t\t2.6 million people \t\t\t\t\t\t<\/span>\n\t\t\t\t\t<\/h3>\n\t\t\t\t\n\t\t\t\t\t\t\t\t\t<p class=\"elementor-icon-box-description translation-block\">in the Department of Atl\u00e1ntico, which has 23 municipalities. (Source: DANE). <br>\n<strong> Barranquilla <\/strong> has 1.2 million inhabitants, ranked fourth in population nationwide. (Source: Portafolio Magazine)<\/p>\n\t\t\t\t\n\t\t\t<\/div>\n\t\t\t\n\t\t<\/div>\n\t\t\t\t\t\t<\/div>\n\t\t\t\t<\/div>\n\t\t\t\t<div class=\"elementor-element elementor-element-981dd83 elementor-position-inline-start elementor-view-default elementor-mobile-position-block-start elementor-widget elementor-widget-icon-box\" data-id=\"981dd83\" data-element_type=\"widget\" data-e-type=\"widget\" data-widget_type=\"icon-box.default\">\n\t\t\t\t<div class=\"elementor-widget-container\">\n\t\t\t\t\t\t\t<div class=\"elementor-icon-box-wrapper\">\n\n\t\t\t\t\t\t<div class=\"elementor-icon-box-icon\">\n\t\t\t\t<span  class=\"elementor-icon\">\n\t\t\t\t<i aria-hidden=\"true\" class=\"fas fa-map-marked-alt\"><\/i>\t\t\t\t<\/span>\n\t\t\t<\/div>\n\t\t\t\n\t\t\t\t\t\t<div class=\"elementor-icon-box-content\">\n\n\t\t\t\t\t\t\t\t\t<h3 class=\"elementor-icon-box-title\">\n\t\t\t\t\t\t<span  >\n\t\t\t\t\t\t\tIn Colombia\t\t\t\t\t\t<\/span>\n\t\t\t\t\t<\/h3>\n\t\t\t\t\n\t\t\t\t\t\t\t\t\t<p class=\"elementor-icon-box-description\">\n\t\t\t\t\t\ta country with 44 million inhabitants.\t\t\t\t\t<\/p>\n\t\t\t\t\n\t\t\t<\/div>\n\t\t\t\n\t\t<\/div>\n\t\t\t\t\t\t<\/div>\n\t\t\t\t<\/div>\n\t\t\t\t<div class=\"elementor-element elementor-element-a0ea358 elementor-position-inline-start elementor-view-default elementor-mobile-position-block-start elementor-widget elementor-widget-icon-box\" data-id=\"a0ea358\" data-element_type=\"widget\" data-e-type=\"widget\" data-widget_type=\"icon-box.default\">\n\t\t\t\t<div class=\"elementor-widget-container\">\n\t\t\t\t\t\t\t<div class=\"elementor-icon-box-wrapper\">\n\n\t\t\t\t\t\t<div class=\"elementor-icon-box-icon\">\n\t\t\t\t<span  class=\"elementor-icon\">\n\t\t\t\t<i aria-hidden=\"true\" class=\"fas fa-city\"><\/i>\t\t\t\t<\/span>\n\t\t\t<\/div>\n\t\t\t\n\t\t\t\t\t\t<div class=\"elementor-icon-box-content\">\n\n\t\t\t\t\t\t\t\t\t<h3 class=\"elementor-icon-box-title\">\n\t\t\t\t\t\t<span  >\n\t\t\t\t\t\t\tFourth among Colombian cities\t\t\t\t\t\t<\/span>\n\t\t\t\t\t<\/h3>\n\t\t\t\t\n\t\t\t\t\t\t\t\t\t<p class=\"elementor-icon-box-description\">\n\t\t\t\t\t\t first in the Caribbean Region.\t\t\t\t\t<\/p>\n\t\t\t\t\n\t\t\t<\/div>\n\t\t\t\n\t\t<\/div>\n\t\t\t\t\t\t<\/div>\n\t\t\t\t<\/div>\n\t\t\t\t<div class=\"elementor-element elementor-element-29b176d elementor-position-inline-start elementor-view-default elementor-mobile-position-block-start elementor-widget elementor-widget-icon-box\" data-id=\"29b176d\" data-element_type=\"widget\" data-e-type=\"widget\" data-widget_type=\"icon-box.default\">\n\t\t\t\t<div class=\"elementor-widget-container\">\n\t\t\t\t\t\t\t<div class=\"elementor-icon-box-wrapper\">\n\n\t\t\t\t\t\t<div class=\"elementor-icon-box-icon\">\n\t\t\t\t<span  class=\"elementor-icon\">\n\t\t\t\t<i aria-hidden=\"true\" class=\"fas fa-boxes\"><\/i>\t\t\t\t<\/span>\n\t\t\t<\/div>\n\t\t\t\n\t\t\t\t\t\t<div class=\"elementor-icon-box-content\">\n\n\t\t\t\t\t\t\t\t\t<h3 class=\"elementor-icon-box-title\">\n\t\t\t\t\t\t<span  >\n\t\t\t\t\t\t\tDiversified economy\t\t\t\t\t\t<\/span>\n\t\t\t\t\t<\/h3>\n\t\t\t\t\n\t\t\t\t\t\t\t\t\t<p class=\"elementor-icon-box-description\">\n\t\t\t\t\t\twith strength in the chemical, hydrocarbon, pharmaceutical, metalworking, manufacturing, steel, logistics sectors, among others. (Source: MinComercio \/ CIIU Annual Manufacturing Survey)\t\t\t\t\t<\/p>\n\t\t\t\t\n\t\t\t<\/div>\n\t\t\t\n\t\t<\/div>\n\t\t\t\t\t\t<\/div>\n\t\t\t\t<\/div>\n\t\t\t\t<div class=\"elementor-element elementor-element-07fefa3 elementor-position-inline-start elementor-view-default elementor-mobile-position-block-start elementor-widget elementor-widget-icon-box\" data-id=\"07fefa3\" data-element_type=\"widget\" data-e-type=\"widget\" data-widget_type=\"icon-box.default\">\n\t\t\t\t<div class=\"elementor-widget-container\">\n\t\t\t\t\t\t\t<div class=\"elementor-icon-box-wrapper\">\n\n\t\t\t\t\t\t<div class=\"elementor-icon-box-icon\">\n\t\t\t\t<span  class=\"elementor-icon\">\n\t\t\t\t<i aria-hidden=\"true\" class=\"far fa-lightbulb\"><\/i>\t\t\t\t<\/span>\n\t\t\t<\/div>\n\t\t\t\n\t\t\t\t\t\t<div class=\"elementor-icon-box-content\">\n\n\t\t\t\t\t\t\t\t\t<h3 class=\"elementor-icon-box-title\">\n\t\t\t\t\t\t<span  >\n\t\t\t\t\t\t\tIn a new era\t\t\t\t\t\t<\/span>\n\t\t\t\t\t<\/h3>\n\t\t\t\t\n\t\t\t\t\t\t\t\t\t<p class=\"elementor-icon-box-description\">\n\t\t\t\t\t\t with the arrival of new companies and a public sector committed to the development of the region.\t\t\t\t\t<\/p>\n\t\t\t\t\n\t\t\t<\/div>\n\t\t\t\n\t\t<\/div>\n\t\t\t\t\t\t<\/div>\n\t\t\t\t<\/div>\n\t\t\t\t\t<\/div>\n\t\t<\/div>\n\t\t\t\t\t<\/div>\n\t\t<\/section>\n\t\t\t\t<section class=\"elementor-section elementor-top-section elementor-element elementor-element-2fff98d elementor-section-boxed elementor-section-height-default elementor-section-height-default\" data-id=\"2fff98d\" data-element_type=\"section\" data-e-type=\"section\">\n\t\t\t\t\t\t<div class=\"elementor-container elementor-column-gap-default\">\n\t\t\t\t\t<div class=\"elementor-column elementor-col-100 elementor-top-column elementor-element elementor-element-bb038a7\" data-id=\"bb038a7\" data-element_type=\"column\" data-e-type=\"column\">\n\t\t\t<div class=\"elementor-widget-wrap elementor-element-populated\">\n\t\t\t\t\t\t<div class=\"elementor-element elementor-element-46fb296 elementor-widget elementor-widget-text-editor\" data-id=\"46fb296\" data-element_type=\"widget\" data-e-type=\"widget\" data-widget_type=\"text-editor.default\">\n\t\t\t\t<div class=\"elementor-widget-container\">\n\t\t\t\t\t\t\t\t\t<ul><li class=\"translation-block\"><strong> Barranquilla <\/strong> is located in front of the Magdalena River, the main fluvial artery of Colombia. Likewise, it has several ports between public and private, including the Port of Barranquilla which is a multipurpose port in which 17 shipping lines operate with weekly frequencies to destinations in the Caribbean, Central, North and South America (Source: ProBarranquilla)<\/li><li class=\"translation-block\">The city is notable for its <strong> new Pumarejo Bridge <\/strong>, being the longest and widest in the country with a length of 2.25 km and two roads of three lanes each. (Source: ProBarranquilla)<\/li><li class=\"translation-block\">Additionally, it has good <strong> land connectivity <\/strong>, being located less than 400 km from the main capital cities of the north coast, 700 km from Antioquia and 600 km from Los Santanderes. (Source: ProBarranquilla)<\/li><li class=\"translation-block\">On the other hand, in the <strong> Metropolitan Area <\/strong> of Barranquilla the Ernesto Cortissoz airport is located, the main cargo airport of the Colombian Caribbean Region (Source: ProBarranquilla)<\/li><li class=\"translation-block\"><strong> Ethnic diversity <\/strong> for being a center of arrival for immigrants and tourists. The arrival of non-resident foreigners to Atl\u00e1ntico represented an average of 2.4% of the national total between 2012 and 2020 (Source: MinCincomercio \/ Migraci\u00f3n Colombia)<\/li><li class=\"translation-block\"><strong> As of January 2021 <\/strong>, the department's exports increased 24.2% compared to the previous year, driven by the increase in non-mining-energy exports, which accounted for 99.3% of the total exports of the Department. (Source: MinComercio \/ DANE)<\/li><\/ul>\t\t\t\t\t\t\t\t<\/div>\n\t\t\t\t<\/div>\n\t\t\t\t\t<\/div>\n\t\t<\/div>\n\t\t\t\t\t<\/div>\n\t\t<\/section>\n\t\t\t\t<section class=\"elementor-section elementor-top-section elementor-element elementor-element-362c5f6 elementor-section-boxed elementor-section-height-default elementor-section-height-default\" data-id=\"362c5f6\" data-element_type=\"section\" data-e-type=\"section\">\n\t\t\t\t\t\t<div class=\"elementor-container elementor-column-gap-default\">\n\t\t\t\t\t<div class=\"elementor-column elementor-col-100 elementor-top-column elementor-element elementor-element-6e1894a\" data-id=\"6e1894a\" data-element_type=\"column\" data-e-type=\"column\">\n\t\t\t<div class=\"elementor-widget-wrap elementor-element-populated\">\n\t\t\t\t\t\t<div class=\"elementor-element elementor-element-ac165be elementor-align-center elementor-widget elementor-widget-button\" data-id=\"ac165be\" data-element_type=\"widget\" data-e-type=\"widget\" data-widget_type=\"button.default\">\n\t\t\t\t<div class=\"elementor-widget-container\">\n\t\t\t\t\t\t\t\t\t<div class=\"elementor-button-wrapper\">\n\t\t\t\t\t<a class=\"elementor-button elementor-button-link elementor-size-sm\" href=\"https:\/\/www.barranquilla.gov.co\/descubre\/conoce-a-barranquilla\" target=\"_blank\">\n\t\t\t\t\t\t<span class=\"elementor-button-content-wrapper\">\n\t\t\t\t\t\t\t\t\t<span class=\"elementor-button-text\">Learn more about Barranquilla<\/span>\n\t\t\t\t\t<\/span>\n\t\t\t\t\t<\/a>\n\t\t\t\t<\/div>\n\t\t\t\t\t\t\t\t<\/div>\n\t\t\t\t<\/div>\n\t\t\t\t\t<\/div>\n\t\t<\/div>\n\t\t\t\t\t<\/div>\n\t\t<\/section>\n\t\t\t\t<section class=\"elementor-section elementor-top-section elementor-element elementor-element-d5484d5 elementor-section-boxed elementor-section-height-default elementor-section-height-default\" data-id=\"d5484d5\" data-element_type=\"section\" data-e-type=\"section\" data-settings=\"{&quot;background_background&quot;:&quot;classic&quot;}\">\n\t\t\t\t\t\t<div class=\"elementor-container elementor-column-gap-default\">\n\t\t\t\t\t<div class=\"elementor-column elementor-col-50 elementor-top-column elementor-element elementor-element-f6dfe8d\" data-id=\"f6dfe8d\" data-element_type=\"column\" data-e-type=\"column\">\n\t\t\t<div class=\"elementor-widget-wrap elementor-element-populated\">\n\t\t\t\t\t\t<div class=\"elementor-element elementor-element-4fb2504 elementor-widget elementor-widget-heading\" data-id=\"4fb2504\" data-element_type=\"widget\" data-e-type=\"widget\" data-widget_type=\"heading.default\">\n\t\t\t\t<div class=\"elementor-widget-container\">\n\t\t\t\t\t<h2 class=\"elementor-heading-title elementor-size-default\">Barranquilla<\/h2>\t\t\t\t<\/div>\n\t\t\t\t<\/div>\n\t\t\t\t\t<\/div>\n\t\t<\/div>\n\t\t\t\t<div class=\"elementor-column elementor-col-50 elementor-top-column elementor-element elementor-element-7f8106a\" data-id=\"7f8106a\" data-element_type=\"column\" data-e-type=\"column\">\n\t\t\t<div class=\"elementor-widget-wrap elementor-element-populated\">\n\t\t\t\t\t\t<div class=\"elementor-element elementor-element-033dae0 elementor-widget elementor-widget-image\" data-id=\"033dae0\" data-element_type=\"widget\" data-e-type=\"widget\" data-widget_type=\"image.default\">\n\t\t\t\t<div class=\"elementor-widget-container\">\n\t\t\t\t\t\t\t\t\t\t\t\t\t\t\t<img decoding=\"async\" width=\"79\" height=\"60\" src=\"https:\/\/zonafrancabarranquilla.com\/wp-content\/uploads\/2021\/03\/ICOMAP2-8.png\" class=\"attachment-large size-large wp-image-1475\" alt=\"\" \/>\t\t\t\t\t\t\t\t\t\t\t\t\t\t\t<\/div>\n\t\t\t\t<\/div>\n\t\t\t\t\t<\/div>\n\t\t<\/div>\n\t\t\t\t\t<\/div>\n\t\t<\/section>\n\t\t\t\t<section class=\"elementor-section elementor-top-section elementor-element elementor-element-8d382e6 elementor-section-full_width elementor-section-height-default elementor-section-height-default\" data-id=\"8d382e6\" data-element_type=\"section\" data-e-type=\"section\">\n\t\t\t\t\t\t<div class=\"elementor-container elementor-column-gap-no\">\n\t\t\t\t\t<div class=\"elementor-column elementor-col-100 elementor-top-column elementor-element elementor-element-a41b1ac\" data-id=\"a41b1ac\" data-element_type=\"column\" data-e-type=\"column\">\n\t\t\t<div class=\"elementor-widget-wrap elementor-element-populated\">\n\t\t\t\t\t\t<div class=\"elementor-element elementor-element-babac72 elementor-widget elementor-widget-google_maps\" data-id=\"babac72\" data-element_type=\"widget\" data-e-type=\"widget\" data-widget_type=\"google_maps.default\">\n\t\t\t\t<div class=\"elementor-widget-container\">\n\t\t\t\t\t\t\t<div class=\"elementor-custom-embed\">\n\t\t\t<iframe loading=\"lazy\"\n\t\t\t\t\tsrc=\"https:\/\/maps.google.com\/maps?q=zona%20franca%20Barranquilla&#038;t=m&#038;z=10&#038;output=embed&#038;iwloc=near\"\n\t\t\t\t\ttitle=\"zona franca Barranquilla\"\n\t\t\t\t\taria-label=\"zona franca Barranquilla\"\n\t\t\t><\/iframe>\n\t\t<\/div>\n\t\t\t\t\t\t<\/div>\n\t\t\t\t<\/div>\n\t\t\t\t\t<\/div>\n\t\t<\/div>\n\t\t\t\t\t<\/div>\n\t\t<\/section>\n\t\t\t\t<section class=\"elementor-section elementor-top-section elementor-element elementor-element-bd1c563 elementor-section-boxed elementor-section-height-default elementor-section-height-default\" data-id=\"bd1c563\" data-element_type=\"section\" data-e-type=\"section\">\n\t\t\t\t\t\t<div class=\"elementor-container elementor-column-gap-default\">\n\t\t\t\t\t<div class=\"elementor-column elementor-col-100 elementor-top-column elementor-element elementor-element-6751aef\" data-id=\"6751aef\" data-element_type=\"column\" data-e-type=\"column\">\n\t\t\t<div class=\"elementor-widget-wrap elementor-element-populated\">\n\t\t\t\t\t\t<div class=\"elementor-element elementor-element-e549e48 elementor-widget elementor-widget-heading\" data-id=\"e549e48\" data-element_type=\"widget\" data-e-type=\"widget\" data-widget_type=\"heading.default\">\n\t\t\t\t<div class=\"elementor-widget-container\">\n\t\t\t\t\t<h2 class=\"elementor-heading-title elementor-size-default\">Photos of our city<\/h2>\t\t\t\t<\/div>\n\t\t\t\t<\/div>\n\t\t\t\t<div class=\"elementor-element elementor-element-99efdc5 elementor-widget elementor-widget-image\" data-id=\"99efdc5\" data-element_type=\"widget\" data-e-type=\"widget\" data-widget_type=\"image.default\">\n\t\t\t\t<div class=\"elementor-widget-container\">\n\t\t\t\t\t\t\t\t\t\t\t\t\t\t\t<img decoding=\"async\" width=\"511\" height=\"5\" src=\"https:\/\/zonafrancabarranquilla.com\/wp-content\/uploads\/2021\/03\/sep-1-8.png\" class=\"attachment-large size-large wp-image-23\" alt=\"\" srcset=\"https:\/\/zonafrancabarranquilla.com\/wp-content\/uploads\/2021\/03\/sep-1-8.png 511w, https:\/\/zonafrancabarranquilla.com\/wp-content\/uploads\/2021\/03\/sep-1-8-300x3.png 300w, https:\/\/zonafrancabarranquilla.com\/wp-content\/uploads\/2021\/03\/sep-1-8-480x5.png 480w\" sizes=\"(max-width: 511px) 100vw, 511px\" \/>\t\t\t\t\t\t\t\t\t\t\t\t\t\t\t<\/div>\n\t\t\t\t<\/div>\n\t\t\t\t\t<\/div>\n\t\t<\/div>\n\t\t\t\t\t<\/div>\n\t\t<\/section>\n\t\t\t\t<section class=\"elementor-section elementor-top-section elementor-element elementor-element-ba2546e elementor-section-boxed elementor-section-height-default elementor-section-height-default\" data-id=\"ba2546e\" data-element_type=\"section\" data-e-type=\"section\">\n\t\t\t\t\t\t<div class=\"elementor-container elementor-column-gap-default\">\n\t\t\t\t\t<div class=\"elementor-column elementor-col-100 elementor-top-column elementor-element elementor-element-522f62e\" data-id=\"522f62e\" data-element_type=\"column\" data-e-type=\"column\">\n\t\t\t<div class=\"elementor-widget-wrap elementor-element-populated\">\n\t\t\t\t\t\t<div class=\"elementor-element elementor-element-a28df49 elementor-widget elementor-widget-gallery\" data-id=\"a28df49\" data-element_type=\"widget\" data-e-type=\"widget\" data-settings=\"{&quot;gallery_layout&quot;:&quot;justified&quot;,&quot;lazyload&quot;:&quot;yes&quot;,&quot;ideal_row_height&quot;:{&quot;unit&quot;:&quot;px&quot;,&quot;size&quot;:200,&quot;sizes&quot;:[]},&quot;ideal_row_height_tablet&quot;:{&quot;unit&quot;:&quot;px&quot;,&quot;size&quot;:150,&quot;sizes&quot;:[]},&quot;ideal_row_height_mobile&quot;:{&quot;unit&quot;:&quot;px&quot;,&quot;size&quot;:150,&quot;sizes&quot;:[]},&quot;gap&quot;:{&quot;unit&quot;:&quot;px&quot;,&quot;size&quot;:10,&quot;sizes&quot;:[]},&quot;gap_tablet&quot;:{&quot;unit&quot;:&quot;px&quot;,&quot;size&quot;:10,&quot;sizes&quot;:[]},&quot;gap_mobile&quot;:{&quot;unit&quot;:&quot;px&quot;,&quot;size&quot;:10,&quot;sizes&quot;:[]},&quot;link_to&quot;:&quot;file&quot;,&quot;overlay_background&quot;:&quot;yes&quot;,&quot;content_hover_animation&quot;:&quot;fade-in&quot;}\" data-widget_type=\"gallery.default\">\n\t\t\t\t<div class=\"elementor-widget-container\">\n\t\t\t\t\t\t\t<div class=\"elementor-gallery__container\">\n\t\t\t\t\t\t\t<a class=\"e-gallery-item elementor-gallery-item elementor-animated-content\" href=\"https:\/\/zonafrancabarranquilla.com\/wp-content\/uploads\/2021\/05\/fotos-de-nuestra-barranquilla2.jpg\" data-elementor-open-lightbox=\"yes\" data-elementor-lightbox-slideshow=\"a28df49\" data-elementor-lightbox-title=\"fotos-de-nuestra-barranquilla2\" data-e-action-hash=\"#elementor-action%3Aaction%3Dlightbox%26settings%3DeyJpZCI6NDY2NywidXJsIjoiaHR0cHM6XC9cL3pvbmFmcmFuY2FiYXJyYW5xdWlsbGEuY29tXC93cC1jb250ZW50XC91cGxvYWRzXC8yMDIxXC8wNVwvZm90b3MtZGUtbnVlc3RyYS1iYXJyYW5xdWlsbGEyLmpwZyIsInNsaWRlc2hvdyI6ImEyOGRmNDkifQ%3D%3D\">\n\t\t\t\t\t<div class=\"e-gallery-image elementor-gallery-item__image\" data-thumbnail=\"https:\/\/zonafrancabarranquilla.com\/wp-content\/uploads\/2021\/05\/fotos-de-nuestra-barranquilla2.jpg\" data-width=\"500\" data-height=\"346\" aria-label=\"\" role=\"img\" ><\/div>\n\t\t\t\t\t\t\t\t\t\t\t<div class=\"elementor-gallery-item__overlay\"><\/div>\n\t\t\t\t\t\t\t\t\t\t\t\t\t\t<\/a>\n\t\t\t\t\t\t\t<a class=\"e-gallery-item elementor-gallery-item elementor-animated-content\" href=\"https:\/\/zonafrancabarranquilla.com\/wp-content\/uploads\/2021\/03\/barranquilla_2.jpg\" data-elementor-open-lightbox=\"yes\" data-elementor-lightbox-slideshow=\"a28df49\" data-elementor-lightbox-title=\"barranquilla_2\" data-e-action-hash=\"#elementor-action%3Aaction%3Dlightbox%26settings%3DeyJpZCI6MTQ1MiwidXJsIjoiaHR0cHM6XC9cL3pvbmFmcmFuY2FiYXJyYW5xdWlsbGEuY29tXC93cC1jb250ZW50XC91cGxvYWRzXC8yMDIxXC8wM1wvYmFycmFucXVpbGxhXzIuanBnIiwic2xpZGVzaG93IjoiYTI4ZGY0OSJ9\">\n\t\t\t\t\t<div class=\"e-gallery-image elementor-gallery-item__image\" data-thumbnail=\"https:\/\/zonafrancabarranquilla.com\/wp-content\/uploads\/2021\/03\/barranquilla_2-768x495.jpg\" data-width=\"768\" data-height=\"495\" aria-label=\"\" role=\"img\" ><\/div>\n\t\t\t\t\t\t\t\t\t\t\t<div class=\"elementor-gallery-item__overlay\"><\/div>\n\t\t\t\t\t\t\t\t\t\t\t\t\t\t<\/a>\n\t\t\t\t\t\t\t<a class=\"e-gallery-item elementor-gallery-item elementor-animated-content\" href=\"https:\/\/zonafrancabarranquilla.com\/wp-content\/uploads\/2021\/03\/barranquilla3.jpg\" data-elementor-open-lightbox=\"yes\" data-elementor-lightbox-slideshow=\"a28df49\" data-elementor-lightbox-title=\"barranquilla3\" data-e-action-hash=\"#elementor-action%3Aaction%3Dlightbox%26settings%3DeyJpZCI6MTQ1NCwidXJsIjoiaHR0cHM6XC9cL3pvbmFmcmFuY2FiYXJyYW5xdWlsbGEuY29tXC93cC1jb250ZW50XC91cGxvYWRzXC8yMDIxXC8wM1wvYmFycmFucXVpbGxhMy5qcGciLCJzbGlkZXNob3ciOiJhMjhkZjQ5In0%3D\">\n\t\t\t\t\t<div class=\"e-gallery-image elementor-gallery-item__image\" data-thumbnail=\"https:\/\/zonafrancabarranquilla.com\/wp-content\/uploads\/2021\/03\/barranquilla3-768x496.jpg\" data-width=\"768\" data-height=\"496\" aria-label=\"\" role=\"img\" ><\/div>\n\t\t\t\t\t\t\t\t\t\t\t<div class=\"elementor-gallery-item__overlay\"><\/div>\n\t\t\t\t\t\t\t\t\t\t\t\t\t\t<\/a>\n\t\t\t\t\t\t\t<a class=\"e-gallery-item elementor-gallery-item elementor-animated-content\" href=\"https:\/\/zonafrancabarranquilla.com\/wp-content\/uploads\/2021\/03\/domingo1-1024x686-1.jpg\" data-elementor-open-lightbox=\"yes\" data-elementor-lightbox-slideshow=\"a28df49\" data-elementor-lightbox-title=\"domingo1-1024x686\" data-e-action-hash=\"#elementor-action%3Aaction%3Dlightbox%26settings%3DeyJpZCI6MTQ1NSwidXJsIjoiaHR0cHM6XC9cL3pvbmFmcmFuY2FiYXJyYW5xdWlsbGEuY29tXC93cC1jb250ZW50XC91cGxvYWRzXC8yMDIxXC8wM1wvZG9taW5nbzEtMTAyNHg2ODYtMS5qcGciLCJzbGlkZXNob3ciOiJhMjhkZjQ5In0%3D\">\n\t\t\t\t\t<div class=\"e-gallery-image elementor-gallery-item__image\" data-thumbnail=\"https:\/\/zonafrancabarranquilla.com\/wp-content\/uploads\/2021\/03\/domingo1-1024x686-1-768x515.jpg\" data-width=\"768\" data-height=\"515\" aria-label=\"\" role=\"img\" ><\/div>\n\t\t\t\t\t\t\t\t\t\t\t<div class=\"elementor-gallery-item__overlay\"><\/div>\n\t\t\t\t\t\t\t\t\t\t\t\t\t\t<\/a>\n\t\t\t\t\t\t\t<a class=\"e-gallery-item elementor-gallery-item elementor-animated-content\" href=\"https:\/\/zonafrancabarranquilla.com\/wp-content\/uploads\/2021\/03\/estadio_metropolitano.jpeg\" data-elementor-open-lightbox=\"yes\" data-elementor-lightbox-slideshow=\"a28df49\" data-elementor-lightbox-title=\"estadio_metropolitano\" data-e-action-hash=\"#elementor-action%3Aaction%3Dlightbox%26settings%3DeyJpZCI6MTQ1NywidXJsIjoiaHR0cHM6XC9cL3pvbmFmcmFuY2FiYXJyYW5xdWlsbGEuY29tXC93cC1jb250ZW50XC91cGxvYWRzXC8yMDIxXC8wM1wvZXN0YWRpb19tZXRyb3BvbGl0YW5vLmpwZWciLCJzbGlkZXNob3ciOiJhMjhkZjQ5In0%3D\">\n\t\t\t\t\t<div class=\"e-gallery-image elementor-gallery-item__image\" data-thumbnail=\"https:\/\/zonafrancabarranquilla.com\/wp-content\/uploads\/2021\/03\/estadio_metropolitano-768x384.jpeg\" data-width=\"768\" data-height=\"384\" aria-label=\"\" role=\"img\" ><\/div>\n\t\t\t\t\t\t\t\t\t\t\t<div class=\"elementor-gallery-item__overlay\"><\/div>\n\t\t\t\t\t\t\t\t\t\t\t\t\t\t<\/a>\n\t\t\t\t\t\t\t<a class=\"e-gallery-item elementor-gallery-item elementor-animated-content\" href=\"https:\/\/zonafrancabarranquilla.com\/wp-content\/uploads\/2021\/03\/PLAZA-2-750x450-1.jpg\" data-elementor-open-lightbox=\"yes\" data-elementor-lightbox-slideshow=\"a28df49\" data-elementor-lightbox-title=\"PLAZA-2-750x450\" data-e-action-hash=\"#elementor-action%3Aaction%3Dlightbox%26settings%3DeyJpZCI6MTQ2MSwidXJsIjoiaHR0cHM6XC9cL3pvbmFmcmFuY2FiYXJyYW5xdWlsbGEuY29tXC93cC1jb250ZW50XC91cGxvYWRzXC8yMDIxXC8wM1wvUExBWkEtMi03NTB4NDUwLTEuanBnIiwic2xpZGVzaG93IjoiYTI4ZGY0OSJ9\">\n\t\t\t\t\t<div class=\"e-gallery-image elementor-gallery-item__image\" data-thumbnail=\"https:\/\/zonafrancabarranquilla.com\/wp-content\/uploads\/2021\/03\/PLAZA-2-750x450-1-768x515.jpg\" data-width=\"768\" data-height=\"515\" aria-label=\"\" role=\"img\" ><\/div>\n\t\t\t\t\t\t\t\t\t\t\t<div class=\"elementor-gallery-item__overlay\"><\/div>\n\t\t\t\t\t\t\t\t\t\t\t\t\t\t<\/a>\n\t\t\t\t\t\t\t<a class=\"e-gallery-item elementor-gallery-item elementor-animated-content\" href=\"https:\/\/zonafrancabarranquilla.com\/wp-content\/uploads\/2021\/05\/fotos-de-nuestra-barranquilla.jpg\" data-elementor-open-lightbox=\"yes\" data-elementor-lightbox-slideshow=\"a28df49\" data-elementor-lightbox-title=\"fotos-de-nuestra-barranquilla\" data-e-action-hash=\"#elementor-action%3Aaction%3Dlightbox%26settings%3DeyJpZCI6NDY2NSwidXJsIjoiaHR0cHM6XC9cL3pvbmFmcmFuY2FiYXJyYW5xdWlsbGEuY29tXC93cC1jb250ZW50XC91cGxvYWRzXC8yMDIxXC8wNVwvZm90b3MtZGUtbnVlc3RyYS1iYXJyYW5xdWlsbGEuanBnIiwic2xpZGVzaG93IjoiYTI4ZGY0OSJ9\">\n\t\t\t\t\t<div class=\"e-gallery-image elementor-gallery-item__image\" data-thumbnail=\"https:\/\/zonafrancabarranquilla.com\/wp-content\/uploads\/2021\/05\/fotos-de-nuestra-barranquilla.jpg\" data-width=\"500\" data-height=\"346\" aria-label=\"\" role=\"img\" ><\/div>\n\t\t\t\t\t\t\t\t\t\t\t<div class=\"elementor-gallery-item__overlay\"><\/div>\n\t\t\t\t\t\t\t\t\t\t\t\t\t\t<\/a>\n\t\t\t\t\t\t\t<a class=\"e-gallery-item elementor-gallery-item elementor-animated-content\" href=\"https:\/\/zonafrancabarranquilla.com\/wp-content\/uploads\/2021\/05\/fotos-de-nuestra-barranquilla1.jpg\" data-elementor-open-lightbox=\"yes\" data-elementor-lightbox-slideshow=\"a28df49\" data-elementor-lightbox-title=\"fotos-de-nuestra-barranquilla1\" data-e-action-hash=\"#elementor-action%3Aaction%3Dlightbox%26settings%3DeyJpZCI6NDY2NiwidXJsIjoiaHR0cHM6XC9cL3pvbmFmcmFuY2FiYXJyYW5xdWlsbGEuY29tXC93cC1jb250ZW50XC91cGxvYWRzXC8yMDIxXC8wNVwvZm90b3MtZGUtbnVlc3RyYS1iYXJyYW5xdWlsbGExLmpwZyIsInNsaWRlc2hvdyI6ImEyOGRmNDkifQ%3D%3D\">\n\t\t\t\t\t<div class=\"e-gallery-image elementor-gallery-item__image\" data-thumbnail=\"https:\/\/zonafrancabarranquilla.com\/wp-content\/uploads\/2021\/05\/fotos-de-nuestra-barranquilla1.jpg\" data-width=\"500\" data-height=\"346\" aria-label=\"\" role=\"img\" ><\/div>\n\t\t\t\t\t\t\t\t\t\t\t<div class=\"elementor-gallery-item__overlay\"><\/div>\n\t\t\t\t\t\t\t\t\t\t\t\t\t\t<\/a>\n\t\t\t\t\t\t\t<a class=\"e-gallery-item elementor-gallery-item elementor-animated-content\" href=\"https:\/\/zonafrancabarranquilla.com\/wp-content\/uploads\/2021\/05\/fotos-de-nuestra-barranquilla4.jpg\" data-elementor-open-lightbox=\"yes\" data-elementor-lightbox-slideshow=\"a28df49\" data-elementor-lightbox-title=\"fotos-de-nuestra-barranquilla4\" data-e-action-hash=\"#elementor-action%3Aaction%3Dlightbox%26settings%3DeyJpZCI6NDY2OCwidXJsIjoiaHR0cHM6XC9cL3pvbmFmcmFuY2FiYXJyYW5xdWlsbGEuY29tXC93cC1jb250ZW50XC91cGxvYWRzXC8yMDIxXC8wNVwvZm90b3MtZGUtbnVlc3RyYS1iYXJyYW5xdWlsbGE0LmpwZyIsInNsaWRlc2hvdyI6ImEyOGRmNDkifQ%3D%3D\">\n\t\t\t\t\t<div class=\"e-gallery-image elementor-gallery-item__image\" data-thumbnail=\"https:\/\/zonafrancabarranquilla.com\/wp-content\/uploads\/2021\/05\/fotos-de-nuestra-barranquilla4.jpg\" data-width=\"500\" data-height=\"346\" aria-label=\"\" role=\"img\" ><\/div>\n\t\t\t\t\t\t\t\t\t\t\t<div class=\"elementor-gallery-item__overlay\"><\/div>\n\t\t\t\t\t\t\t\t\t\t\t\t\t\t<\/a>\n\t\t\t\t\t\t\t<a class=\"e-gallery-item elementor-gallery-item elementor-animated-content\" href=\"https:\/\/zonafrancabarranquilla.com\/wp-content\/uploads\/2021\/05\/fotos-de-nuestra-barranquilla5.jpg\" data-elementor-open-lightbox=\"yes\" data-elementor-lightbox-slideshow=\"a28df49\" data-elementor-lightbox-title=\"fotos-de-nuestra-barranquilla5\" data-e-action-hash=\"#elementor-action%3Aaction%3Dlightbox%26settings%3DeyJpZCI6NDY2OSwidXJsIjoiaHR0cHM6XC9cL3pvbmFmcmFuY2FiYXJyYW5xdWlsbGEuY29tXC93cC1jb250ZW50XC91cGxvYWRzXC8yMDIxXC8wNVwvZm90b3MtZGUtbnVlc3RyYS1iYXJyYW5xdWlsbGE1LmpwZyIsInNsaWRlc2hvdyI6ImEyOGRmNDkifQ%3D%3D\">\n\t\t\t\t\t<div class=\"e-gallery-image elementor-gallery-item__image\" data-thumbnail=\"https:\/\/zonafrancabarranquilla.com\/wp-content\/uploads\/2021\/05\/fotos-de-nuestra-barranquilla5.jpg\" data-width=\"500\" data-height=\"346\" aria-label=\"\" role=\"img\" ><\/div>\n\t\t\t\t\t\t\t\t\t\t\t<div class=\"elementor-gallery-item__overlay\"><\/div>\n\t\t\t\t\t\t\t\t\t\t\t\t\t\t<\/a>\n\t\t\t\t\t\t\t<a class=\"e-gallery-item elementor-gallery-item elementor-animated-content\" href=\"https:\/\/zonafrancabarranquilla.com\/wp-content\/uploads\/2021\/05\/fotos-de-nuestra-barranquilla6.jpg\" data-elementor-open-lightbox=\"yes\" data-elementor-lightbox-slideshow=\"a28df49\" data-elementor-lightbox-title=\"fotos-de-nuestra-barranquilla6\" data-e-action-hash=\"#elementor-action%3Aaction%3Dlightbox%26settings%3DeyJpZCI6NDY3MCwidXJsIjoiaHR0cHM6XC9cL3pvbmFmcmFuY2FiYXJyYW5xdWlsbGEuY29tXC93cC1jb250ZW50XC91cGxvYWRzXC8yMDIxXC8wNVwvZm90b3MtZGUtbnVlc3RyYS1iYXJyYW5xdWlsbGE2LmpwZyIsInNsaWRlc2hvdyI6ImEyOGRmNDkifQ%3D%3D\">\n\t\t\t\t\t<div class=\"e-gallery-image elementor-gallery-item__image\" data-thumbnail=\"https:\/\/zonafrancabarranquilla.com\/wp-content\/uploads\/2021\/05\/fotos-de-nuestra-barranquilla6.jpg\" data-width=\"500\" data-height=\"346\" aria-label=\"\" role=\"img\" ><\/div>\n\t\t\t\t\t\t\t\t\t\t\t<div class=\"elementor-gallery-item__overlay\"><\/div>\n\t\t\t\t\t\t\t\t\t\t\t\t\t\t<\/a>\n\t\t\t\t\t\t\t<a class=\"e-gallery-item elementor-gallery-item elementor-animated-content\" href=\"https:\/\/zonafrancabarranquilla.com\/wp-content\/uploads\/2021\/05\/fotos-de-nuestra-barranquilla7.jpg\" data-elementor-open-lightbox=\"yes\" data-elementor-lightbox-slideshow=\"a28df49\" data-elementor-lightbox-title=\"fotos-de-nuestra-barranquilla7\" data-e-action-hash=\"#elementor-action%3Aaction%3Dlightbox%26settings%3DeyJpZCI6NDY3MSwidXJsIjoiaHR0cHM6XC9cL3pvbmFmcmFuY2FiYXJyYW5xdWlsbGEuY29tXC93cC1jb250ZW50XC91cGxvYWRzXC8yMDIxXC8wNVwvZm90b3MtZGUtbnVlc3RyYS1iYXJyYW5xdWlsbGE3LmpwZyIsInNsaWRlc2hvdyI6ImEyOGRmNDkifQ%3D%3D\">\n\t\t\t\t\t<div class=\"e-gallery-image elementor-gallery-item__image\" data-thumbnail=\"https:\/\/zonafrancabarranquilla.com\/wp-content\/uploads\/2021\/05\/fotos-de-nuestra-barranquilla7.jpg\" data-width=\"500\" data-height=\"346\" aria-label=\"\" role=\"img\" ><\/div>\n\t\t\t\t\t\t\t\t\t\t\t<div class=\"elementor-gallery-item__overlay\"><\/div>\n\t\t\t\t\t\t\t\t\t\t\t\t\t\t<\/a>\n\t\t\t\t\t\t\t<a class=\"e-gallery-item elementor-gallery-item elementor-animated-content\" href=\"https:\/\/zonafrancabarranquilla.com\/wp-content\/uploads\/2021\/05\/fotos-de-nuestra-barranquilla8.jpg\" data-elementor-open-lightbox=\"yes\" data-elementor-lightbox-slideshow=\"a28df49\" data-elementor-lightbox-title=\"fotos-de-nuestra-barranquilla8\" data-e-action-hash=\"#elementor-action%3Aaction%3Dlightbox%26settings%3DeyJpZCI6NDY3MiwidXJsIjoiaHR0cHM6XC9cL3pvbmFmcmFuY2FiYXJyYW5xdWlsbGEuY29tXC93cC1jb250ZW50XC91cGxvYWRzXC8yMDIxXC8wNVwvZm90b3MtZGUtbnVlc3RyYS1iYXJyYW5xdWlsbGE4LmpwZyIsInNsaWRlc2hvdyI6ImEyOGRmNDkifQ%3D%3D\">\n\t\t\t\t\t<div class=\"e-gallery-image elementor-gallery-item__image\" data-thumbnail=\"https:\/\/zonafrancabarranquilla.com\/wp-content\/uploads\/2021\/05\/fotos-de-nuestra-barranquilla8.jpg\" data-width=\"500\" data-height=\"346\" aria-label=\"\" role=\"img\" ><\/div>\n\t\t\t\t\t\t\t\t\t\t\t<div class=\"elementor-gallery-item__overlay\"><\/div>\n\t\t\t\t\t\t\t\t\t\t\t\t\t\t<\/a>\n\t\t\t\t\t\t\t<a class=\"e-gallery-item elementor-gallery-item elementor-animated-content\" href=\"https:\/\/zonafrancabarranquilla.com\/wp-content\/uploads\/2021\/05\/fotos-de-nuestra-barranquilla9.jpg\" data-elementor-open-lightbox=\"yes\" data-elementor-lightbox-slideshow=\"a28df49\" data-elementor-lightbox-title=\"fotos-de-nuestra-barranquilla9\" data-e-action-hash=\"#elementor-action%3Aaction%3Dlightbox%26settings%3DeyJpZCI6NDY3MywidXJsIjoiaHR0cHM6XC9cL3pvbmFmcmFuY2FiYXJyYW5xdWlsbGEuY29tXC93cC1jb250ZW50XC91cGxvYWRzXC8yMDIxXC8wNVwvZm90b3MtZGUtbnVlc3RyYS1iYXJyYW5xdWlsbGE5LmpwZyIsInNsaWRlc2hvdyI6ImEyOGRmNDkifQ%3D%3D\">\n\t\t\t\t\t<div class=\"e-gallery-image elementor-gallery-item__image\" data-thumbnail=\"https:\/\/zonafrancabarranquilla.com\/wp-content\/uploads\/2021\/05\/fotos-de-nuestra-barranquilla9.jpg\" data-width=\"500\" data-height=\"346\" aria-label=\"\" role=\"img\" ><\/div>\n\t\t\t\t\t\t\t\t\t\t\t<div class=\"elementor-gallery-item__overlay\"><\/div>\n\t\t\t\t\t\t\t\t\t\t\t\t\t\t<\/a>\n\t\t\t\t\t\t\t<a class=\"e-gallery-item elementor-gallery-item elementor-animated-content\" href=\"https:\/\/zonafrancabarranquilla.com\/wp-content\/uploads\/2021\/05\/fotos-de-nuestra-barranquilla10.jpg\" data-elementor-open-lightbox=\"yes\" data-elementor-lightbox-slideshow=\"a28df49\" data-elementor-lightbox-title=\"fotos-de-nuestra-barranquilla10\" data-e-action-hash=\"#elementor-action%3Aaction%3Dlightbox%26settings%3DeyJpZCI6NDY3NCwidXJsIjoiaHR0cHM6XC9cL3pvbmFmcmFuY2FiYXJyYW5xdWlsbGEuY29tXC93cC1jb250ZW50XC91cGxvYWRzXC8yMDIxXC8wNVwvZm90b3MtZGUtbnVlc3RyYS1iYXJyYW5xdWlsbGExMC5qcGciLCJzbGlkZXNob3ciOiJhMjhkZjQ5In0%3D\">\n\t\t\t\t\t<div class=\"e-gallery-image elementor-gallery-item__image\" data-thumbnail=\"https:\/\/zonafrancabarranquilla.com\/wp-content\/uploads\/2021\/05\/fotos-de-nuestra-barranquilla10.jpg\" data-width=\"500\" data-height=\"346\" aria-label=\"\" role=\"img\" ><\/div>\n\t\t\t\t\t\t\t\t\t\t\t<div class=\"elementor-gallery-item__overlay\"><\/div>\n\t\t\t\t\t\t\t\t\t\t\t\t\t\t<\/a>\n\t\t\t\t\t<\/div>\n\t\t\t\t\t<\/div>\n\t\t\t\t<\/div>\n\t\t\t\t\t<\/div>\n\t\t<\/div>\n\t\t\t\t\t<\/div>\n\t\t<\/section>\n\t\t\t\t<\/div>","protected":false},"excerpt":{"rendered":"<p>Ubicaci\u00f3n Geogr\u00e1fica Barranquilla, ciudad imparable 2.6 millones de habitantes en el Departamento del Atl\u00e1ntico, que cuenta con 23 municipios. (Fuente: DANE). Barranquilla cuenta con 1,2 millones de habitantes, ubicada en el cuarto puesto en poblaci\u00f3n a nivel nacional. (Fuente: Revista Portafolio) En Colombia Un pa\u00eds con 44 millones de habitantes. Cuarta entre las ciudades colombianas, &#8230; <a title=\"Location\" class=\"read-more\" href=\"https:\/\/zonafrancabarranquilla.com\/en\/nosotros\/ubicacion\/\" aria-label=\"Read more about Ubicaci\u00f3n\">Read more<\/a><\/p>","protected":false},"author":1,"featured_media":0,"parent":299,"menu_order":0,"comment_status":"closed","ping_status":"closed","template":"elementor_header_footer","meta":{"_acf_changed":false,"footnotes":""},"class_list":["post-1387","page","type-page","status-publish"],"acf":[],"yoast_head":"<!-- This site is optimized with the Yoast SEO plugin v27.4 - https:\/\/yoast.com\/product\/yoast-seo-wordpress\/ -->\n<title>Ubicaci\u00f3n - Zona Franca de Barranquilla<\/title>\n<meta name=\"robots\" content=\"index, follow, max-snippet:-1, max-image-preview:large, max-video-preview:-1\" \/>\n<link rel=\"canonical\" href=\"https:\/\/zonafrancabarranquilla.com\/en\/nosotros\/ubicacion\/\" \/>\n<meta property=\"og:locale\" content=\"en_US\" \/>\n<meta property=\"og:type\" content=\"article\" \/>\n<meta property=\"og:title\" content=\"Ubicaci\u00f3n - Zona Franca de Barranquilla\" \/>\n<meta property=\"og:description\" content=\"Ubicaci\u00f3n Geogr\u00e1fica Barranquilla, ciudad imparable 2.6 millones de habitantes en el Departamento del Atl\u00e1ntico, que cuenta con 23 municipios. (Fuente: DANE). Barranquilla cuenta con 1,2 millones de habitantes, ubicada en el cuarto puesto en poblaci\u00f3n a nivel nacional. (Fuente: Revista Portafolio) En Colombia Un pa\u00eds con 44 millones de habitantes. Cuarta entre las ciudades colombianas, ... Read more\" \/>\n<meta property=\"og:url\" content=\"https:\/\/zonafrancabarranquilla.com\/en\/nosotros\/ubicacion\/\" \/>\n<meta property=\"og:site_name\" content=\"Zona Franca de Barranquilla\" \/>\n<meta property=\"article:modified_time\" content=\"2023-05-12T21:58:24+00:00\" \/>\n<meta property=\"og:image\" content=\"https:\/\/zonafrancabarranquilla.com\/wp-content\/uploads\/2021\/03\/sep-1-8.png\" \/>\n<meta name=\"twitter:card\" content=\"summary_large_image\" \/>\n<meta name=\"twitter:label1\" content=\"Est. reading time\" \/>\n\t<meta name=\"twitter:data1\" content=\"3 minutes\" \/>\n<script type=\"application\/ld+json\" class=\"yoast-schema-graph\">{\"@context\":\"https:\\\/\\\/schema.org\",\"@graph\":[{\"@type\":\"WebPage\",\"@id\":\"https:\\\/\\\/zonafrancabarranquilla.com\\\/nosotros\\\/ubicacion\\\/\",\"url\":\"https:\\\/\\\/zonafrancabarranquilla.com\\\/nosotros\\\/ubicacion\\\/\",\"name\":\"Ubicaci\u00f3n - Zona Franca de Barranquilla\",\"isPartOf\":{\"@id\":\"https:\\\/\\\/zonafrancabarranquilla.com\\\/#website\"},\"primaryImageOfPage\":{\"@id\":\"https:\\\/\\\/zonafrancabarranquilla.com\\\/nosotros\\\/ubicacion\\\/#primaryimage\"},\"image\":{\"@id\":\"https:\\\/\\\/zonafrancabarranquilla.com\\\/nosotros\\\/ubicacion\\\/#primaryimage\"},\"thumbnailUrl\":\"https:\\\/\\\/zonafrancabarranquilla.com\\\/wp-content\\\/uploads\\\/2021\\\/03\\\/sep-1-8.png\",\"datePublished\":\"2021-03-26T16:32:17+00:00\",\"dateModified\":\"2023-05-12T21:58:24+00:00\",\"breadcrumb\":{\"@id\":\"https:\\\/\\\/zonafrancabarranquilla.com\\\/nosotros\\\/ubicacion\\\/#breadcrumb\"},\"inLanguage\":\"en-US\",\"potentialAction\":[{\"@type\":\"ReadAction\",\"target\":[\"https:\\\/\\\/zonafrancabarranquilla.com\\\/nosotros\\\/ubicacion\\\/\"]}]},{\"@type\":\"ImageObject\",\"inLanguage\":\"en-US\",\"@id\":\"https:\\\/\\\/zonafrancabarranquilla.com\\\/nosotros\\\/ubicacion\\\/#primaryimage\",\"url\":\"https:\\\/\\\/zonafrancabarranquilla.com\\\/wp-content\\\/uploads\\\/2021\\\/03\\\/sep-1-8.png\",\"contentUrl\":\"https:\\\/\\\/zonafrancabarranquilla.com\\\/wp-content\\\/uploads\\\/2021\\\/03\\\/sep-1-8.png\"},{\"@type\":\"BreadcrumbList\",\"@id\":\"https:\\\/\\\/zonafrancabarranquilla.com\\\/nosotros\\\/ubicacion\\\/#breadcrumb\",\"itemListElement\":[{\"@type\":\"ListItem\",\"position\":1,\"name\":\"Portada\",\"item\":\"https:\\\/\\\/zonafrancabarranquilla.com\\\/\"},{\"@type\":\"ListItem\",\"position\":2,\"name\":\"Nosotros\",\"item\":\"https:\\\/\\\/zonafrancabarranquilla.com\\\/nosotros\\\/\"},{\"@type\":\"ListItem\",\"position\":3,\"name\":\"Ubicaci\u00f3n\"}]},{\"@type\":\"WebSite\",\"@id\":\"https:\\\/\\\/zonafrancabarranquilla.com\\\/#website\",\"url\":\"https:\\\/\\\/zonafrancabarranquilla.com\\\/\",\"name\":\"Zona Franca de Barranquilla\",\"description\":\"La Zona Franca de Barranquilla\",\"publisher\":{\"@id\":\"https:\\\/\\\/zonafrancabarranquilla.com\\\/#organization\"},\"potentialAction\":[{\"@type\":\"SearchAction\",\"target\":{\"@type\":\"EntryPoint\",\"urlTemplate\":\"https:\\\/\\\/zonafrancabarranquilla.com\\\/?s={search_term_string}\"},\"query-input\":{\"@type\":\"PropertyValueSpecification\",\"valueRequired\":true,\"valueName\":\"search_term_string\"}}],\"inLanguage\":\"en-US\"},{\"@type\":\"Organization\",\"@id\":\"https:\\\/\\\/zonafrancabarranquilla.com\\\/#organization\",\"name\":\"Zona Franca de Barranquilla\",\"url\":\"https:\\\/\\\/zonafrancabarranquilla.com\\\/\",\"logo\":{\"@type\":\"ImageObject\",\"inLanguage\":\"en-US\",\"@id\":\"https:\\\/\\\/zonafrancabarranquilla.com\\\/#\\\/schema\\\/logo\\\/image\\\/\",\"url\":\"https:\\\/\\\/zonafrancabarranquilla.com\\\/wp-content\\\/uploads\\\/2021\\\/03\\\/globologo-50.jpg\",\"contentUrl\":\"https:\\\/\\\/zonafrancabarranquilla.com\\\/wp-content\\\/uploads\\\/2021\\\/03\\\/globologo-50.jpg\",\"width\":604,\"height\":630,\"caption\":\"Zona Franca de Barranquilla\"},\"image\":{\"@id\":\"https:\\\/\\\/zonafrancabarranquilla.com\\\/#\\\/schema\\\/logo\\\/image\\\/\"}}]}<\/script>\n<!-- \/ Yoast SEO plugin. -->","yoast_head_json":{"title":"Ubicaci\u00f3n - Zona Franca de Barranquilla","robots":{"index":"index","follow":"follow","max-snippet":"max-snippet:-1","max-image-preview":"max-image-preview:large","max-video-preview":"max-video-preview:-1"},"canonical":"https:\/\/zonafrancabarranquilla.com\/en\/nosotros\/ubicacion\/","og_locale":"en_US","og_type":"article","og_title":"Ubicaci\u00f3n - Zona Franca de Barranquilla","og_description":"Ubicaci\u00f3n Geogr\u00e1fica Barranquilla, ciudad imparable 2.6 millones de habitantes en el Departamento del Atl\u00e1ntico, que cuenta con 23 municipios. (Fuente: DANE). Barranquilla cuenta con 1,2 millones de habitantes, ubicada en el cuarto puesto en poblaci\u00f3n a nivel nacional. (Fuente: Revista Portafolio) En Colombia Un pa\u00eds con 44 millones de habitantes. Cuarta entre las ciudades colombianas, ... Read more","og_url":"https:\/\/zonafrancabarranquilla.com\/en\/nosotros\/ubicacion\/","og_site_name":"Zona Franca de Barranquilla","article_modified_time":"2023-05-12T21:58:24+00:00","og_image":[{"url":"https:\/\/zonafrancabarranquilla.com\/wp-content\/uploads\/2021\/03\/sep-1-8.png","type":"","width":"","height":""}],"twitter_card":"summary_large_image","twitter_misc":{"Est. reading time":"3 minutes"},"schema":{"@context":"https:\/\/schema.org","@graph":[{"@type":"WebPage","@id":"https:\/\/zonafrancabarranquilla.com\/nosotros\/ubicacion\/","url":"https:\/\/zonafrancabarranquilla.com\/nosotros\/ubicacion\/","name":"Ubicaci\u00f3n - Zona Franca de Barranquilla","isPartOf":{"@id":"https:\/\/zonafrancabarranquilla.com\/#website"},"primaryImageOfPage":{"@id":"https:\/\/zonafrancabarranquilla.com\/nosotros\/ubicacion\/#primaryimage"},"image":{"@id":"https:\/\/zonafrancabarranquilla.com\/nosotros\/ubicacion\/#primaryimage"},"thumbnailUrl":"https:\/\/zonafrancabarranquilla.com\/wp-content\/uploads\/2021\/03\/sep-1-8.png","datePublished":"2021-03-26T16:32:17+00:00","dateModified":"2023-05-12T21:58:24+00:00","breadcrumb":{"@id":"https:\/\/zonafrancabarranquilla.com\/nosotros\/ubicacion\/#breadcrumb"},"inLanguage":"en-US","potentialAction":[{"@type":"ReadAction","target":["https:\/\/zonafrancabarranquilla.com\/nosotros\/ubicacion\/"]}]},{"@type":"ImageObject","inLanguage":"en-US","@id":"https:\/\/zonafrancabarranquilla.com\/nosotros\/ubicacion\/#primaryimage","url":"https:\/\/zonafrancabarranquilla.com\/wp-content\/uploads\/2021\/03\/sep-1-8.png","contentUrl":"https:\/\/zonafrancabarranquilla.com\/wp-content\/uploads\/2021\/03\/sep-1-8.png"},{"@type":"BreadcrumbList","@id":"https:\/\/zonafrancabarranquilla.com\/nosotros\/ubicacion\/#breadcrumb","itemListElement":[{"@type":"ListItem","position":1,"name":"Portada","item":"https:\/\/zonafrancabarranquilla.com\/"},{"@type":"ListItem","position":2,"name":"Nosotros","item":"https:\/\/zonafrancabarranquilla.com\/nosotros\/"},{"@type":"ListItem","position":3,"name":"Ubicaci\u00f3n"}]},{"@type":"WebSite","@id":"https:\/\/zonafrancabarranquilla.com\/#website","url":"https:\/\/zonafrancabarranquilla.com\/","name":"Barranquilla Free Trade Zone","description":"La Zona Franca de Barranquilla","publisher":{"@id":"https:\/\/zonafrancabarranquilla.com\/#organization"},"potentialAction":[{"@type":"SearchAction","target":{"@type":"EntryPoint","urlTemplate":"https:\/\/zonafrancabarranquilla.com\/?s={search_term_string}"},"query-input":{"@type":"PropertyValueSpecification","valueRequired":true,"valueName":"search_term_string"}}],"inLanguage":"en-US"},{"@type":"Organization","@id":"https:\/\/zonafrancabarranquilla.com\/#organization","name":"Barranquilla Free Trade Zone","url":"https:\/\/zonafrancabarranquilla.com\/","logo":{"@type":"ImageObject","inLanguage":"en-US","@id":"https:\/\/zonafrancabarranquilla.com\/#\/schema\/logo\/image\/","url":"https:\/\/zonafrancabarranquilla.com\/wp-content\/uploads\/2021\/03\/globologo-50.jpg","contentUrl":"https:\/\/zonafrancabarranquilla.com\/wp-content\/uploads\/2021\/03\/globologo-50.jpg","width":604,"height":630,"caption":"Zona Franca de Barranquilla"},"image":{"@id":"https:\/\/zonafrancabarranquilla.com\/#\/schema\/logo\/image\/"}}]}},"_links":{"self":[{"href":"https:\/\/zonafrancabarranquilla.com\/en\/wp-json\/wp\/v2\/pages\/1387","targetHints":{"allow":["GET"]}}],"collection":[{"href":"https:\/\/zonafrancabarranquilla.com\/en\/wp-json\/wp\/v2\/pages"}],"about":[{"href":"https:\/\/zonafrancabarranquilla.com\/en\/wp-json\/wp\/v2\/types\/page"}],"author":[{"embeddable":true,"href":"https:\/\/zonafrancabarranquilla.com\/en\/wp-json\/wp\/v2\/users\/1"}],"replies":[{"embeddable":true,"href":"https:\/\/zonafrancabarranquilla.com\/en\/wp-json\/wp\/v2\/comments?post=1387"}],"version-history":[{"count":1,"href":"https:\/\/zonafrancabarranquilla.com\/en\/wp-json\/wp\/v2\/pages\/1387\/revisions"}],"predecessor-version":[{"id":5698,"href":"https:\/\/zonafrancabarranquilla.com\/en\/wp-json\/wp\/v2\/pages\/1387\/revisions\/5698"}],"up":[{"embeddable":true,"href":"https:\/\/zonafrancabarranquilla.com\/en\/wp-json\/wp\/v2\/pages\/299"}],"wp:attachment":[{"href":"https:\/\/zonafrancabarranquilla.com\/en\/wp-json\/wp\/v2\/media?parent=1387"}],"curies":[{"name":"wp","href":"https:\/\/api.w.org\/{rel}","templated":true}]}}